{"id":18163,"date":"2022-10-10T08:58:23","date_gmt":"2022-10-10T15:58:23","guid":{"rendered":"https:\/\/egap.org\/?post_type=resource&#038;p=18163"},"modified":"2022-10-10T09:14:31","modified_gmt":"2022-10-10T16:14:31","slug":"mercury-project-spotlight-dr-yapo-felix-boa","status":"publish","type":"resource","link":"https:\/\/egap.org\/fr\/resource\/mercury-project-spotlight-dr-yapo-felix-boa\/","title":{"rendered":"Mercury Project Spotlight: Dr. Yapo F\u00e9lix Boa"},"content":{"rendered":"<section class=\"c-section o-wrapper-padding\">\n  \n<section class=\"c-section__column\">\n  \n<nav class=\"c-breadcrumbs u-fsz-smallest u-c-gray-dark\">\n      <span class=\"c-breadcrumbs__item\"><a href=\"https:\/\/egap.org\/resources\/\">Featured Resources<\/a><\/span>\n  <\/nav>\n\n\n\n\n\n<\/section>\n\n\n<section class=\"c-section__columns is-resource-row is-header-row\">\n  \n\n<div class=\"wp-block-column is-vertically-aligned-bottom is-layout-flow wp-block-column-is-layout-flow\"><h1 class=\"c-page-title is-style-smaller o-h2\">\n  Le Projet Mercury Spot en Ligne: Dr. Yapo F\u00e9lix Boa\n<\/h1>\n<\/div>\n\n\n\n<div class=\"wp-block-column is-vertically-aligned-bottom is-layout-flow wp-block-column-is-layout-flow\"><\/div>\n\n\n<\/section>\n\n\n<section class=\"c-section__columns\">\n  \n\n<div class=\"wp-block-column is-layout-flow wp-block-column-is-layout-flow\">\n<figure class=\"wp-block-image size-large is-resized\"><img loading=\"lazy\" decoding=\"async\" src=\"https:\/\/egap.org\/wp-content\/uploads\/2022\/09\/felixboa-1.jpg\" alt=\"\" class=\"wp-image-18021\" width=\"274\" height=\"274\" srcset=\"https:\/\/egap.org\/wp-content\/uploads\/2022\/09\/felixboa-1.jpg 350w, https:\/\/egap.org\/wp-content\/uploads\/2022\/09\/felixboa-1-150x150.jpg 150w, https:\/\/egap.org\/wp-content\/uploads\/2022\/09\/felixboa-1-142x142.jpg 142w, https:\/\/egap.org\/wp-content\/uploads\/2022\/09\/felixboa-1-284x284.jpg 284w, https:\/\/egap.org\/wp-content\/uploads\/2022\/09\/felixboa-1-40x40.jpg 40w, https:\/\/egap.org\/wp-content\/uploads\/2022\/09\/felixboa-1-80x80.jpg 80w\" sizes=\"auto, (max-width: 274px) 100vw, 274px\" \/><figcaption>Dr. Yapo F\u00e9lix Boa&nbsp;<\/figcaption><\/figure>\n<\/div>\n\n\n\n<div class=\"wp-block-column is-layout-flow wp-block-column-is-layout-flow\"><time class=\"c-page-date u-fw-700 u-c-heading u-uppercase\">\n  October 10, 2022\n<\/time>\n\n\n\n<p class=\"o-generic-links\">Dans ce spot en ligne, nous pr\u00e9sentons le Dr Yapo F\u00e9lix Boa, responsable scientifique de l\u2019\u00e9quipe nationale de C\u00f4te d\u2019Ivoire. Le Dr Boa collaborera avec le partenaire du consortium bas\u00e9 \u00e0 Abidjan, <a href=\"https:\/\/egap.org\/member\/centre-de-recherche-et-daction-pour-la-paix-cerap\/\">le Centre de Recherche et d\u2019Action pour la Paix<\/a> (CERAP), et le Dr Ars\u00e8ne Brice Bado, co-responsable scientifique de l\u2019\u00e9quipe de recherche de C\u00f4te d\u2019Ivoire.<\/p>\n\n\n\n<p class=\"o-generic-links\">En mi-mars 2021, la C\u00f4te d\u2019Ivoire a enregistr\u00e9 le premier cas de COVID-19. Pour contenir la propagation du virus, le gouvernement ivoirien, d\u00e8s le d\u00e9but de la pand\u00e9mie a mis en place diverses mesures restrictives incluant les couvre-feux, la fermeture temporaire des fronti\u00e8res internationales et des \u00e9coles. Malgr\u00e9 ces diff\u00e9rentes mesures, en septembre 2022, la C\u00f4te d\u2019Ivoire a enregistr\u00e9&nbsp;<a href=\"https:\/\/covid19.who.int\/region\/afro\/country\/ci\" target=\"_blank\" rel=\"noreferrer noopener\">87,159 cas confirm\u00e9s et 824 d\u00e9c\u00e8s<\/a>&nbsp;due \u00e0 la COVID-19. Dans le m\u00eame temps, une \u00e9tude de&nbsp;<a href=\"https:\/\/www.afro.who.int\/news\/six-seven-covid-19-infections-go-undetected-africa\" target=\"_blank\" rel=\"noreferrer noopener\">l\u2019Organisation Mondiale de la Sant\u00e9 (OMS)<\/a>&nbsp;indique que ces chiffres sont largement sous-estim\u00e9s.<\/p>\n\n\n\n<p class=\"o-generic-links\">La C\u00f4te d\u2019Ivoire a \u00e9t\u00e9 le deuxi\u00e8me pays en Afrique subsaharienne \u00e0 recevoir les vaccins COVID-19. En septembre 2022, la C\u00f4te d\u2019Ivoire a administr\u00e9 un total de&nbsp;<a rel=\"noreferrer noopener\" href=\"https:\/\/covid19.who.int\/region\/afro\/country\/ci\" target=\"_blank\">18,547,812 doses de vaccins<\/a>. Avec seulement&nbsp;<a rel=\"noreferrer noopener\" href=\"https:\/\/ourworldindata.org\/grapher\/share-people-fully-vaccinated-covid?country=~CIV\" target=\"_blank\">32% de la population<\/a>&nbsp;vaccin\u00e9e, la C\u00f4te d\u2019Ivoire reste en de\u00e7\u00e0 de l\u2019objectif de vaccination mondiale de 70% fix\u00e9 par l\u2019OMS pour juin 2022. Dans un contexte o\u00f9 l\u2019offre de vaccin devient de plus en plus disponible,&nbsp;<a rel=\"noreferrer noopener\" href=\"https:\/\/egap.org\/healthambassadors\/\" target=\"_blank\">le projet Mercury: Health Ambassadors<\/a>&nbsp;vise \u00e0 adresser la question relative \u00e0 l\u2019h\u00e9sitation vaccinale contre la COVID-19 en C\u00f4te d\u2019Ivoire par le biais d\u2019une intervention, dans laquelle les \u201cambassadeurs de la sant\u00e9\u201d s\u2019engageront de mani\u00e8re proactive aupr\u00e8s des m\u00e9nages en leur offrant l\u2019opportunit\u00e9 de discuter des pr\u00e9occupations concernant le vaccin COVID-19.<\/p>\n\n\n\n<p class=\"o-generic-links\">Dr Boa est professeur \u00e9m\u00e9rite de m\u00e9decine sp\u00e9cialis\u00e9 en neurologie \u00e0 l\u2019Universit\u00e9 F\u00e9lix Houphou\u00ebt Boigny. Auparavant, il a \u00e9t\u00e9 directeur g\u00e9n\u00e9ral du centre hospitalier universitaire (CHU) de Bouak\u00e9, en C\u00f4te d\u2019Ivoire, et directeur g\u00e9n\u00e9ral du minist\u00e8re de la Sant\u00e9. Nous nous sommes entretenus avec lui pour en savoir davantage sur sa vaste exp\u00e9rience professionnelle dans le secteur de la sant\u00e9 en C\u00f4te d\u2019Ivoire. Nous l\u2019avons interrog\u00e9 sur les facteurs socioculturels tels que les croyances en l\u2019efficacit\u00e9 et l\u2019innocuit\u00e9 du vaccin qui pourraient affecter l\u2019adoption du vaccin contre la COVID-19 en C\u00f4te d\u2019Ivoire. Enfin, le Dr Boa a eu l\u2019opportunit\u00e9 de nous expliquer pourquoi il pense que la strat\u00e9gie des ambassadeurs de la sant\u00e9 peut \u00eatre un mod\u00e8le prometteur pour augmenter l\u2019adoption du vaccin.<\/p>\n\n\n\n<hr class=\"wp-block-separator\"\/>\n\n\n\n<p class=\"o-generic-links\"><strong>Quel est votre r\u00f4le actuel et quelles exp\u00e9riences votre organisation a-t-elle eues qui peuvent contribuer \u00e0 la conception de l&#8217;intervention?<\/strong><\/p>\n\n\n\n<p class=\"o-generic-links\">Je suis un enseignant-chercheur, professeur \u00e9m\u00e9rite de m\u00e9decine sp\u00e9cialit\u00e9 neurologie. Tr\u00e8s t\u00f4t (1982) j\u2019ai dirig\u00e9 un projet de recherche sur la maladie du sommeil \u00e0 l\u2019int\u00e9rieur du pays (Daloa). J\u2019ai ensuite occup\u00e9 les fonctions de chef de service de neurologie du CHU de Yopougon, directeur des \u00e9tablissements et professions sanitaires, directeur du CHU de Bouak\u00e9 et directeur g\u00e9n\u00e9rale de la sant\u00e9.<\/p>\n\n\n\n<p class=\"o-generic-links\">Durant ce parcours j\u2019ai effectu\u00e9 beaucoup de travaux de recherche qui ont \u00e9t\u00e9 publi\u00e9 dans plusieurs journaux scientifiques qui ont permis d\u2019\u00eatre agr\u00e9g\u00e9(1990) puis professeur titulaire de neurologie(2016). Ce parcours m\u2019a aussi permis de connaitre et d\u2019\u00eatre connu par tous les acteurs de la sant\u00e9 de mon pays, aussi bien ceux qui animent les directions centrales que ceux qui sont au niveau op\u00e9rationnel.<\/p>\n\n\n\n<p class=\"o-generic-links\">Concomitamment, j\u2019occupe depuis 2002 jusqu\u2019\u00e0 ce jour le poste de pr\u00e9sident du Comit\u00e9 National des Experts pour l\u2019\u00e9radication de la&nbsp; poliomy\u00e9lite. A ce titre je suis partie prenante de toutes les r\u00e9unions d\u2019analyse des donn\u00e9es de vaccination des enfants et participe \u00e0 toutes les campagnes de vaccination contre la poliomy\u00e9lite sur le terrain. C\u2019est toute cette exp\u00e9rience et cette connaissance du terrain que je mets \u00e0 la disposition du CERAP o\u00f9 j\u2019enseigne l\u2019organisation des institutions sanitaires depuis quatre ans.<\/p>\n\n\n\n<p class=\"o-generic-links\"><strong>\u00c0 votre avis, quels sont les potentiels facteurs contextuels \u00e0 prendre en consid\u00e9ration pour faire face \u00e0 la&nbsp;probl\u00e9matique&nbsp;relative \u00e0 l&#8217;h\u00e9sitation des populations \u00e0 la prise du vaccin contre la&nbsp;COVID-19<\/strong><\/p>\n\n\n\n<p class=\"o-generic-links\">Les lobbys anti-vaccins sont tr\u00e8s actifs sur les r\u00e9seaux sociaux. Malheureusement dans l\u2019Afrique d\u2019aujourd\u2019hui les citoyens n\u2019ont pas une grande confiance en leurs gouvernants. Donc les informations officielles sont prises avec beaucoup de r\u00e9serves.<\/p>\n\n\n\n<p class=\"o-generic-links\">Les personnes qui doivent aller sur le terrain (ambassadeurs) doivent maitriser les fondamentaux de la COVID 19, de la vaccination, les composants et le fonctionnement des communaut\u00e9s o\u00f9 ils vont exercer. Ils doivent avoir une grande complicit\u00e9 avec les agents de la sant\u00e9 du milieu o\u00f9 ils vont exercer. Leur dur\u00e9e dans ce milieu doit \u00eatre suffisante pour conqu\u00e9rir la confiance de tous.<\/p>\n\n\n\n<p class=\"o-generic-links\"><strong>Dites-nous pourquoi vous pensez que les ambassadeurs de la sant\u00e9 peuvent \u00eatre un mod\u00e8le prometteur pour d\u00e9livrer des informations sur la vaccination.<\/strong><\/p>\n\n\n\n<p class=\"o-generic-links\">Je r\u00e9affirme qu\u2019il s\u2019agit ici de combattre des fausses rumeurs qui sont ancr\u00e9es dans l\u2019opinion des populations, m\u00eame accept\u00e9es par certains agents de sant\u00e9. Je suis convaincu que des ambassadeurs bien form\u00e9s peuvent d\u00e9truire les rumeurs v\u00e9hicul\u00e9es par les r\u00e9seaux sociaux et favoriser l&#8217;acceptation du vaccin COVID-19. <\/p>\n\n\n\n<p class=\"o-generic-links\">Depuis que je suis dans les activit\u00e9s de vaccination en ma qualit\u00e9 de pr\u00e9sident du comit\u00e9 des experts pour l&#8217;\u00e9radication de la poliomy\u00e9lite, nous rencontrons \u00e0 chaque campagne des r\u00e9sistances que nous arrivons \u00e0 vaincre quand nous prenons le temps de bien parler aux responsables des familles.&nbsp;<\/p>\n\n\n\n<p class=\"o-generic-links\"><strong>Quels sont certains des r\u00e9sultats que vous esp\u00e9rez que la collaboration de recherche produise?<\/strong><\/p>\n\n\n\n<p class=\"o-generic-links\">Je rappelle qu\u2019il s\u2019agit d\u2019une recherche scientifique donc les r\u00e9sultats doivent \u00eatre probants, indiscutables. Mon souhait est qu\u2019elle aboutisse \u00e0 un renforcement de notre communication en mati\u00e8re de sant\u00e9 avec la population. Au-del\u00e0 qu\u2019elle cr\u00e9\u00e9e une \u00e9quipe exp\u00e9riment\u00e9e sur les questions d\u2019approche anthropo-sociologiques du domaine de la sant\u00e9 et favorise des liens de convivialit\u00e9 entre les chercheurs.<\/p>\n<\/div>\n\n\n<\/section>\n\n\n<\/section>\n","protected":false},"featured_media":18212,"comment_status":"closed","ping_status":"closed","template":"","thematic-area":[],"research-region":[7],"resource-type":[176,218],"country":[],"class_list":["post-18163","resource","type-resource","status-publish","has-post-thumbnail","hentry","research-region-africa","resource-type-blog","resource-type-mercury-project"],"acf":[],"_links":{"self":[{"href":"https:\/\/egap.org\/fr\/wp-json\/wp\/v2\/resource\/18163","targetHints":{"allow":["GET"]}}],"collection":[{"href":"https:\/\/egap.org\/fr\/wp-json\/wp\/v2\/resource"}],"about":[{"href":"https:\/\/egap.org\/fr\/wp-json\/wp\/v2\/types\/resource"}],"replies":[{"embeddable":true,"href":"https:\/\/egap.org\/fr\/wp-json\/wp\/v2\/comments?post=18163"}],"version-history":[{"count":13,"href":"https:\/\/egap.org\/fr\/wp-json\/wp\/v2\/resource\/18163\/revisions"}],"predecessor-version":[{"id":18216,"href":"https:\/\/egap.org\/fr\/wp-json\/wp\/v2\/resource\/18163\/revisions\/18216"}],"wp:featuredmedia":[{"embeddable":true,"href":"https:\/\/egap.org\/fr\/wp-json\/wp\/v2\/media\/18212"}],"wp:attachment":[{"href":"https:\/\/egap.org\/fr\/wp-json\/wp\/v2\/media?parent=18163"}],"wp:term":[{"taxonomy":"thematic-area","embeddable":true,"href":"https:\/\/egap.org\/fr\/wp-json\/wp\/v2\/thematic-area?post=18163"},{"taxonomy":"research-region","embeddable":true,"href":"https:\/\/egap.org\/fr\/wp-json\/wp\/v2\/research-region?post=18163"},{"taxonomy":"resource-type","embeddable":true,"href":"https:\/\/egap.org\/fr\/wp-json\/wp\/v2\/resource-type?post=18163"},{"taxonomy":"country","embeddable":true,"href":"https:\/\/egap.org\/fr\/wp-json\/wp\/v2\/country?post=18163"}],"curies":[{"name":"wp","href":"https:\/\/api.w.org\/{rel}","templated":true}]}}