{"id":25481,"date":"2026-01-12T07:01:02","date_gmt":"2026-01-12T15:01:02","guid":{"rendered":"https:\/\/egap.org\/?post_type=project&#038;p=25481"},"modified":"2026-01-13T12:53:52","modified_gmt":"2026-01-13T20:53:52","slug":"ateliers-de-formation-18-hub-regional-de-egap-pour-lafrique-ateliers-learning-days-2026","status":"publish","type":"project","link":"https:\/\/egap.org\/fr\/project\/ateliers-de-formation-18-hub-regional-de-egap-pour-lafrique-ateliers-learning-days-2026\/","title":{"rendered":"Ateliers de Formation 18: Hub r\u00e9gional de EGAP pour l&#8217;Afrique Ateliers &#8220;Learning Days&#8221; 2026"},"content":{"rendered":"<section class=\"c-section o-wrapper-padding\">\n  \n<section class=\"c-section__column\">\n  \n<nav class=\"c-breadcrumbs u-fsz-smallest u-c-gray-dark\">\n  <\/nav>\n\n\n\n<\/section>\n\n\n<section class=\"c-section__columns is-resource-row is-header-row\">\n  \n\n<div class=\"wp-block-column is-vertically-aligned-bottom is-layout-flow wp-block-column-is-layout-flow\"><h1 class=\"c-page-title is-style-smaller o-h2\">\n  Ateliers de Formation 18: Hub r\u00e9gional de EGAP pour l&#8217;Afrique Ateliers &#8220;Learning Days&#8221; 2026\n<\/h1>\n<\/div>\n\n\n\n<div class=\"wp-block-column is-vertically-aligned-bottom is-layout-flow wp-block-column-is-layout-flow\"><\/div>\n\n\n<\/section>\n\n\n<section class=\"c-section__column\">\n  \n\n<p class=\"o-generic-links\"><a href=\"https:\/\/egap.org\/project\/learning-days-18-egap-west-africa-regional-hub-learning-days-workshop-2026\/\" data-type=\"link\" data-id=\"https:\/\/egap.org\/project\/learning-days-18-egap-west-africa-regional-hub-learning-days-workshop-2026\/\">In English<\/a><\/p>\n\n\n\n\n<\/section>\n\n\n<section class=\"c-section__columns\">\n  \n\n<div class=\"wp-block-column is-layout-flow wp-block-column-is-layout-flow\"><div class=\"c-buttons\">\n  \n<a class=\"c-buttons__item o-btn is-style-outline\" href=\"https:\/\/egap.org\/learning-days\/\" target=\"\" rel=\"\">\n  View All Learning Days Workshops\n<\/a>\n\n\n<\/div>\n<\/div>\n\n\n\n<div class=\"wp-block-column is-layout-flow wp-block-column-is-layout-flow\">\n<p class=\"has-text-align-center o-generic-links\">Organis\u00e9 par le Centre de Recherche et d\u2019Action pour la Paix (CERAP),<br>si\u00e8ge du p\u00f4le r\u00e9gional de l\u2019Afrique pour Evidence in Governance and Politics (EGAP)<br><br>Du 08 au 12 Juin 2026<br><br>Abidjan-Cocody, C\u00f4te d\u2019Ivoire<\/p>\n\n\n\n<figure class=\"wp-block-image size-full is-resized\"><img loading=\"lazy\" decoding=\"async\" width=\"1620\" height=\"1080\" src=\"https:\/\/egap.org\/wp-content\/uploads\/2026\/01\/img_2377.jpg\" alt=\"\" class=\"wp-image-25472\" style=\"width:795px;height:auto\" srcset=\"https:\/\/egap.org\/wp-content\/uploads\/2026\/01\/img_2377.jpg 1620w, https:\/\/egap.org\/wp-content\/uploads\/2026\/01\/img_2377-480x320.jpg 480w, https:\/\/egap.org\/wp-content\/uploads\/2026\/01\/img_2377-1024x683.jpg 1024w, https:\/\/egap.org\/wp-content\/uploads\/2026\/01\/img_2377-768x512.jpg 768w, https:\/\/egap.org\/wp-content\/uploads\/2026\/01\/img_2377-1536x1024.jpg 1536w, https:\/\/egap.org\/wp-content\/uploads\/2026\/01\/img_2377-1366x911.jpg 1366w\" sizes=\"auto, (max-width: 1620px) 100vw, 1620px\" \/><\/figure>\n\n\n\n<p class=\"o-generic-links\">Le <a href=\"https:\/\/cerap-inades.org\/\" target=\"_blank\" rel=\"noreferrer noopener\">Centre de Recherche et d\u2019Action pour la Paix<\/a> (CERAP), qui abrite le Hub Afrique de EGAP organise un atelier de 5 jours en C\u00f4te d\u2019Ivoire: 5 jours intensifs visant \u00e0 introduire et \u00e0 d\u00e9velopper la familiarit\u00e9 avec l&#8217;inf\u00e9rence causale dans les \u00e9valuations d&#8217;impact pour les chercheurs et les \u00e9valuateurs de programmes dans les pays du Sud, et un jour pour les \u201cpolicy event\u201d. L&#8217;atelier aura lieu \u00e0 Abidjan, en C\u00f4te d&#8217;Ivoire du 08 au 12 juin 2026.<\/p>\n\n\n\n<p class=\"o-generic-links\">L\u2019atelier s\u2019adresse aux chercheurs et professionnels de l\u2019\u00e9valuation bas\u00e9s en Afrique francophone et anglophone, travaillant dans les organisations universitaires, non gouvernementales et gouvernementales qui effectuent des analyses li\u00e9es \u00e0 la gouvernance et au d\u00e9veloppement.<\/p>\n\n\n\n<p class=\"o-generic-links\"><strong><em>Nous encourageons fortement les candidatures de chercheurs ayant une formation en sciences sociales (sciences politique, administration publique, \u00e9tudes du d\u00e9veloppement, \u00e9tude des conflits, \u00e9conomie et autres disciplines connexes) qui utilisent principalement des m\u00e9thodes qualitatives, mais qui ont une certaine familiarit\u00e9 avec la recherche quantitative.<\/em><\/strong><\/p>\n\n\n\n<p class=\"o-generic-links\">Les principaux sujets abord\u00e9s comprennent la conception de la recherche, l&#8217;inf\u00e9rence causale, la randomisation, l&#8217;estimation et les tests d&#8217;hypoth\u00e8se. La semaine comprendra des s\u00e9ances de r\u00e9troaction individuelle sur les devis de recherche ainsi que des exercices statistiques. Les candidats accept\u00e9s devront effectuer un exercice pr\u00e9paratoire avant le d\u00e9but de l\u2019atelier m\u00e9thodologique.<\/p>\n\n\n\n<p class=\"o-generic-links\">Toutes les conf\u00e9rences se d\u00e9rouleront en anglais et en fran\u00e7ais.<br>Le mat\u00e9riel sera disponible en fran\u00e7ais et en anglais, et plusieurs instructeurs parlent fran\u00e7ais.<\/p>\n\n\n\n<p class=\"o-generic-links\">Pour \u00eatre admissible \u00e0 l&#8217;atelier, les candidats doivent:&nbsp;<\/p>\n\n\n\n<ul class=\"wp-block-list o-generic-links\">\n<li>\u00catre actuellement bas\u00e9 en Afrique dans une universit\u00e9, un gouvernement ou une organisation de la soci\u00e9t\u00e9 civile<\/li>\n<\/ul>\n\n\n\n<ul class=\"wp-block-list o-generic-links\">\n<li>\u00catre capable de suivre un cours avec des notions de base en anglais<br><\/li>\n\n\n\n<li>Avoir des connaissances de base en statistiques<\/li>\n<\/ul>\n\n\n\n<ul class=\"wp-block-list o-generic-links\">\n<li>Avoir une formation en sciences sociales, avec au moins une partie de leurs \u00e9tudes sup\u00e9rieures dans une institution africaine.<\/li>\n<\/ul>\n\n\n\n<p class=\"o-generic-links\"><strong>NB:<\/strong> Nous n\u2019examinons pas les candidatures de chercheurs qui ont une formation exclusivement issue d\u2019institutions non africaines. Si vous n\u2019\u00eates pas \u00e9ligible pour cette raison, mais que vous souhaitez tout de m\u00eame vous connecter au Hub EGAP Afrique de l\u2019Ouest au CERAP, veuillez remplir <a href=\"https:\/\/forms.gle\/TDxZ9EbBLn4DZVE29\" data-type=\"link\" data-id=\"https:\/\/forms.gle\/TDxZ9EbBLn4DZVE29\">ce formulaire<\/a>.<\/p>\n\n\n\n<p class=\"o-generic-links\">Les participants doivent \u00eatre en mesure d\u2019atteindre un a\u00e9roport international dans leur pays (a\u00e9roport de d\u00e9part) par leur propre moyens, car le transport local n\u2019est pas inclus. Le CERAP couvrira les co\u00fbts du vol vers la C\u00f4te d\u2019Ivoire (\u00e0 partir des a\u00e9roports internationaux), l\u2019h\u00e9bergement, la nourriture et les collations pendant la semaine de formation ; ainsi que les co\u00fbts du vol retour de la C\u00f4te d\u2019Ivoire vers l\u2019a\u00e9roport international.<\/p>\n\n\n\n<p class=\"o-generic-links\">S\u2019ils sont s\u00e9lectionn\u00e9s pour assister \u00e0 l\u2019atelier, les participants doivent arriver avant le matin du Lundi 08 Juin (l&#8217;apr\u00e8s-midi ou la nuit du 07 juin) et \u00eatre pr\u00e9sents chaque jour jusqu&#8217;au soir du vendredi 12 juin.<\/p>\n\n\n\n<p class=\"o-generic-links\">Les participants doivent signer une d\u00e9charge de responsabilit\u00e9.<\/p>\n\n\n\n<p class=\"o-generic-links\"><strong><span style=\"text-decoration: underline;\">Les candidatures sont actuellement ouvertes. Pour postuler, veuillez <a href=\"https:\/\/docs.google.com\/forms\/d\/e\/1FAIpQLSeImYFupfNrWlFApQpOod1IgtuXKso1PSLoZSWYtBeoy2dg6w\/viewform\" data-type=\"link\" data-id=\"https:\/\/docs.google.com\/forms\/d\/e\/1FAIpQLSeImYFupfNrWlFApQpOod1IgtuXKso1PSLoZSWYtBeoy2dg6w\/viewform\">visiter cette page<\/a>, remplir le formulaire qui s\u2019y trouve et t\u00e9l\u00e9charger votre CV.<\/span><\/strong><\/p>\n\n\n\n<p class=\"o-generic-links\">Veuillez noter que les candidatures ne seront pas consid\u00e9r\u00e9es comme compl\u00e8tes sans un CV joint.<\/p>\n\n\n\n<p class=\"o-generic-links\"><strong>Veillez \u00e0 soumettre votre CV au format PDF.<\/strong> Votre CV doit \u00eatre renomm\u00e9 avec votre nom suivi de la mention CV. Example: Kelly James CV<\/p>\n\n\n\n<p class=\"o-generic-links\"><strong>Les candidatures doivent \u00eatre envoy\u00e9es au plus tard le vendredi 27 f\u00e9vrier 2026 \u00e0 23h59 GMT.<\/strong><\/p>\n\n\n\n\n\n<div class=\"wp-block-columns is-layout-flex wp-container-core-columns-is-layout-9d6595d7 wp-block-columns-is-layout-flex\">\n<div class=\"wp-block-column is-layout-flow wp-block-column-is-layout-flow\" style=\"flex-basis:33.33%\"><\/div>\n\n\n\n<div class=\"wp-block-column is-layout-flow wp-block-column-is-layout-flow\" style=\"flex-basis:66.66%\"><\/div>\n<\/div>\n\n\n\n<p class=\"o-generic-links\"><strong>\u00c0 propos du CERAP<\/strong><\/p>\n\n\n\n<p class=\"o-generic-links\">Le <a href=\"https:\/\/cerap-inades.org\/\" target=\"_blank\" rel=\"noreferrer noopener\">Centre de Recherche et d\u2019Action pour la Paix<\/a> (CERAP) est un centre de recherche et un \u00e9tablissement d&#8217;enseignement sup\u00e9rieur en C\u00f4te d&#8217;Ivoire. Il a \u00e9t\u00e9 cr\u00e9\u00e9 en 1962. La mission du CERAP est de contribuer \u00e0 la construction d&#8217;un monde de justice et de paix par l&#8217;\u00e9ducation et la sensibilisation des communaut\u00e9s. Il offre des programmes universitaires de premier et de deuxi\u00e8me cycle. Le CERAP a mis en \u0153uvre des projets de r\u00e9conciliation et d&#8217;att\u00e9nuation de la violence depuis la crise politique ivoirienne. Le CERAP abrite \u00e9galement une maison d&#8217;\u00e9dition, les Editions du CERAP, qui contribue \u00e0 la promotion des \u00e9crivains africains.<\/p>\n\n\n\n<p class=\"o-generic-links\"><strong>\u00c0 propos de l\u2019EGAP<\/strong><\/p>\n\n\n\n<p class=\"o-generic-links\"><a href=\"https:\/\/egap.org\/\" target=\"_blank\" rel=\"noreferrer noopener\">Evidence in Governance and Politics<\/a> (EGAP) est un r\u00e9seau de recherche, d&#8217;\u00e9valuation et d&#8217;apprentissage d&#8217;envergure mondiale qui promeut l&#8217;accumulation rigoureuse de connaissances, l&#8217;innovation et des politiques fond\u00e9es sur des donn\u00e9es probantes dans divers domaines de la gouvernance, notamment la responsabilit\u00e9, la participation politique, l&#8217;att\u00e9nuation des conflits soci\u00e9taux et la r\u00e9duction des in\u00e9galit\u00e9s. Pour ce faire, il favorise les collaborations entre universitaires et praticiens, d\u00e9veloppe des outils et des m\u00e9thodes de rigueur analytique et forme des universitaires et des praticiens, en mettant l&#8217;accent sur les pays du Sud.<\/p>\n\n\n\n<p class=\"o-generic-links\"><strong>A propos du Hub R\u00e9gional EGAP Afrique de l\u2019Ouest au CERAP<\/strong><\/p>\n\n\n\n<p class=\"o-generic-links\">Le centre r\u00e9gional de <a href=\"https:\/\/egap.org\/west-africa-regional-hub\/\" data-type=\"link\" data-id=\"https:\/\/egap.org\/west-africa-regional-hub\/\">l\u2019EGAP pour l&#8217;Afrique<\/a> au CERAP a \u00e9t\u00e9 cr\u00e9\u00e9 pour aider les chercheurs et les praticiens bas\u00e9s dans la r\u00e9gion \u00e0 se connecter \u00e0 une communaut\u00e9 d\u2019apprentissage mondiale. Les chercheurs bas\u00e9s en Afrique de l\u2019ouest identifient les priorit\u00e9s du hub, d\u00e9finissent l\u2019agenda de recherche, partagent les connaissances et encouragent la collaboration avec les chercheurs du monde. L\u2019une de ces priorit\u00e9s est de renforcer la capacit\u00e9 des chercheurs locaux \u00e0 mener des \u00e9valuations d\u2019impact quantitatives rigoureuses.<\/p>\n\n\n\n<p class=\"o-generic-links\">L&#8217;EGAP est un r\u00e9seau de recherche institutionnellement bas\u00e9 \u00e0 University of Toronto (UofT).<\/p>\n\n\n<\/div>\n\n\n<\/section>\n\n\n<\/section>\n","protected":false},"featured_media":25472,"comment_status":"closed","ping_status":"closed","template":"","country":[235],"class_list":["post-25481","project","type-project","status-publish","has-post-thumbnail","hentry","country-cote-divoire-4"],"acf":[],"_links":{"self":[{"href":"https:\/\/egap.org\/fr\/wp-json\/wp\/v2\/project\/25481","targetHints":{"allow":["GET"]}}],"collection":[{"href":"https:\/\/egap.org\/fr\/wp-json\/wp\/v2\/project"}],"about":[{"href":"https:\/\/egap.org\/fr\/wp-json\/wp\/v2\/types\/project"}],"replies":[{"embeddable":true,"href":"https:\/\/egap.org\/fr\/wp-json\/wp\/v2\/comments?post=25481"}],"version-history":[{"count":4,"href":"https:\/\/egap.org\/fr\/wp-json\/wp\/v2\/project\/25481\/revisions"}],"predecessor-version":[{"id":25488,"href":"https:\/\/egap.org\/fr\/wp-json\/wp\/v2\/project\/25481\/revisions\/25488"}],"wp:featuredmedia":[{"embeddable":true,"href":"https:\/\/egap.org\/fr\/wp-json\/wp\/v2\/media\/25472"}],"wp:attachment":[{"href":"https:\/\/egap.org\/fr\/wp-json\/wp\/v2\/media?parent=25481"}],"wp:term":[{"taxonomy":"country","embeddable":true,"href":"https:\/\/egap.org\/fr\/wp-json\/wp\/v2\/country?post=25481"}],"curies":[{"name":"wp","href":"https:\/\/api.w.org\/{rel}","templated":true}]}}