{"id":23260,"date":"2025-01-31T10:16:53","date_gmt":"2025-01-31T18:16:53","guid":{"rendered":"https:\/\/egap.org\/?post_type=project&#038;p=23260"},"modified":"2025-04-01T10:25:21","modified_gmt":"2025-04-01T17:25:21","slug":"ateliers-de-formation-16-hub-regional-de-egap-pour-lafrique-ateliers-learning-days-2025","status":"publish","type":"project","link":"https:\/\/egap.org\/fr\/project\/ateliers-de-formation-16-hub-regional-de-egap-pour-lafrique-ateliers-learning-days-2025\/","title":{"rendered":"Ateliers de Formation 16: Hub r\u00e9gional de EGAP pour l&#8217;Afrique Ateliers &#8220;Learning Days&#8221; 2025"},"content":{"rendered":"<section class=\"c-section o-wrapper-padding\">\n  \n<section class=\"c-section__column\">\n  \n<nav class=\"c-breadcrumbs u-fsz-smallest u-c-gray-dark\">\n  <\/nav>\n\n\n\n<\/section>\n\n\n<section class=\"c-section__columns is-resource-row is-header-row\">\n  \n\n<div class=\"wp-block-column is-vertically-aligned-bottom is-layout-flow wp-block-column-is-layout-flow\"><h1 class=\"c-page-title is-style-smaller o-h2\">\n  Ateliers de Formation 16: Hub r\u00e9gional de EGAP pour l&#8217;Afrique Ateliers &#8220;Learning Days&#8221; 2025\n<\/h1>\n<\/div>\n\n\n\n<div class=\"wp-block-column is-vertically-aligned-bottom is-layout-flow wp-block-column-is-layout-flow\"><\/div>\n\n\n<\/section>\n\n\n<section class=\"c-section__column\">\n  \n\n<p class=\"o-generic-links\"><a href=\"https:\/\/egap.org\/project\/learning-days-16-egap-west-africa-regional-hub-learning-days-workshop-2025\/\">In English<\/a><\/p>\n\n\n\n\n<\/section>\n\n\n<section class=\"c-section__columns\">\n  \n\n<div class=\"wp-block-column is-layout-flow wp-block-column-is-layout-flow\"><div class=\"c-buttons\">\n  \n<a class=\"c-buttons__item o-btn is-style-outline\" href=\"https:\/\/egap.org\/learning-days\/\" target=\"\" rel=\"\">\n  View All Learning Days Workshops\n<\/a>\n\n\n<\/div>\n<\/div>\n\n\n\n<div class=\"wp-block-column is-layout-flow wp-block-column-is-layout-flow\">\n<p class=\"has-text-align-center o-generic-links\">Organis\u00e9 par le Centre de Recherche et d\u2019Action pour la Paix (CERAP),<br>si\u00e8ge du p\u00f4le r\u00e9gional de l\u2019Afrique pour Evidence in Governance and Politics (EGAP)<br><br>Du 19 au 23 Mai 2025<br><br>Abidjan-Cocody, C\u00f4te d\u2019Ivoire<\/p>\n\n\n\n<figure class=\"wp-block-image size-full is-resized\"><img loading=\"lazy\" decoding=\"async\" width=\"936\" height=\"418\" src=\"https:\/\/egap.org\/wp-content\/uploads\/2025\/01\/ld2024-1.jpg\" alt=\"\" class=\"wp-image-23249\" style=\"width:795px;height:auto\" srcset=\"https:\/\/egap.org\/wp-content\/uploads\/2025\/01\/ld2024-1.jpg 936w, https:\/\/egap.org\/wp-content\/uploads\/2025\/01\/ld2024-1-480x214.jpg 480w, https:\/\/egap.org\/wp-content\/uploads\/2025\/01\/ld2024-1-768x343.jpg 768w\" sizes=\"auto, (max-width: 936px) 100vw, 936px\" \/><\/figure>\n\n\n\n<p class=\"o-generic-links\">Le <a href=\"https:\/\/cerap-inades.org\/\" target=\"_blank\" rel=\"noreferrer noopener\">Centre de Recherche et d\u2019Action pour la Paix<\/a> (CERAP), qui abrite le Hub Afrique de EGAP organise un atelier de 5 jours en C\u00f4te d\u2019Ivoire: 5 jours intensifs visant \u00e0 introduire et \u00e0 d\u00e9velopper la familiarit\u00e9 avec l&#8217;inf\u00e9rence causale dans les \u00e9valuations d&#8217;impact pour les chercheurs et les \u00e9valuateurs de programmes dans les pays du Sud, et un jour pour les \u201cpolicy event\u201d. L&#8217;atelier aura lieu \u00e0 Abidjan, en C\u00f4te d&#8217;Ivoire du 19 au 23 mai 2025.<\/p>\n\n\n\n<p class=\"o-generic-links\">L\u2019atelier s\u2019adresse aux chercheurs et professionnels de l\u2019\u00e9valuation bas\u00e9s en Afrique francophone et anglophone, travaillant dans les organisations universitaires, non gouvernementales et gouvernementales qui effectuent des analyses li\u00e9es \u00e0 la gouvernance et au d\u00e9veloppement.<\/p>\n\n\n\n<p class=\"o-generic-links\"><strong><em>Nous encourageons fortement les candidatures de chercheurs ayant une formation en sciences sociales (sciences politique, administration publique, \u00e9tudes du d\u00e9veloppement, \u00e9tude des conflits, \u00e9conomie et autres disciplines connexes) qui utilisent principalement des m\u00e9thodes qualitatives, mais qui ont une certaine familiarit\u00e9 avec la recherche quantitative.<\/em><\/strong><\/p>\n\n\n\n<p class=\"o-generic-links\">Les principaux sujets abord\u00e9s comprennent la conception de la recherche, l&#8217;inf\u00e9rence causale, la randomisation, l&#8217;estimation et les tests d&#8217;hypoth\u00e8se. La semaine comprendra des s\u00e9ances de r\u00e9troaction individuelle sur les devis de recherche ainsi que des exercices statistiques. Les candidats accept\u00e9s devront effectuer un exercice pr\u00e9paratoire avant le d\u00e9but de l\u2019atelier m\u00e9thodologique..<\/p>\n\n\n\n<p class=\"o-generic-links\">Toutes les conf\u00e9rences se d\u00e9rouleront en anglais et en fran\u00e7ais.<br>Le mat\u00e9riel sera disponible en fran\u00e7ais et en anglais, et plusieurs instructeurs parlent fran\u00e7ais.<\/p>\n\n\n\n<p class=\"o-generic-links\">Pour \u00eatre admissible \u00e0 l&#8217;atelier, les candidats doivent:&nbsp;<\/p>\n\n\n\n<ul class=\"wp-block-list o-generic-links\">\n<li>\u00catre actuellement bas\u00e9 en Afrique dans une universit\u00e9, un gouvernement ou une organisation de la soci\u00e9t\u00e9 civile<\/li>\n<\/ul>\n\n\n\n<ul class=\"wp-block-list o-generic-links\">\n<li>\u00catre capable de suivre un cours avec des notions de base en anglais<br><\/li>\n\n\n\n<li>Avoir des connaissances de base en statistiques<\/li>\n<\/ul>\n\n\n\n<ul class=\"wp-block-list o-generic-links\">\n<li>Avoir une formation en sciences sociales, avec au moins une partie de leurs \u00e9tudes sup\u00e9rieures dans une institution africaine.<\/li>\n<\/ul>\n\n\n\n<p class=\"o-generic-links\"><strong>NB:<\/strong> Nous n\u2019examinons pas les candidatures de chercheurs qui ont une formation exclusivement issue d\u2019institutions non africaines. Si vous n\u2019\u00eates pas \u00e9ligible pour cette raison, mais que vous souhaitez tout de m\u00eame vous connecter au Hub EGAP Afrique de l\u2019Ouest au CERAP, veuillez remplir <a href=\"https:\/\/forms.gle\/TDxZ9EbBLn4DZVE29\" data-type=\"link\" data-id=\"https:\/\/forms.gle\/TDxZ9EbBLn4DZVE29\">ce formulaire<\/a>. <\/p>\n\n\n\n<p class=\"o-generic-links\">Les participants doivent \u00eatre en mesure d\u2019atteindre un a\u00e9roport international dans leur pays (a\u00e9roport de d\u00e9part) par leur propre moyens, car le transport local n\u2019est pas inclus. Le CERAP couvrira les co\u00fbts du vol vers la C\u00f4te d\u2019Ivoire (\u00e0 partir des a\u00e9roports internationaux), l\u2019h\u00e9bergement, la nourriture et les collations pendant la semaine de formation ; ainsi que les co\u00fbts du vol retour de la C\u00f4te d\u2019Ivoire vers l\u2019a\u00e9roport international.<\/p>\n\n\n\n<p class=\"o-generic-links\">S\u2019ils sont s\u00e9lectionn\u00e9s pour assister \u00e0 l\u2019atelier, les participants doivent arriver avant le matin du lundi 19 mai (l&#8217;apr\u00e8s-midi ou la nuit du 18 mai) et \u00eatre pr\u00e9sents chaque jour jusqu&#8217;au soir du vendredi 23 mai.<\/p>\n\n\n\n<p class=\"o-generic-links\">Les participants doivent signer une d\u00e9charge de responsabilit\u00e9.<\/p>\n\n\n\n<p class=\"o-generic-links\">Les candidatures sont actuellement ouvertes. Pour postuler, veuillez visiter cette page, remplir le formulaire qui s\u2019y trouve et t\u00e9l\u00e9charger votre CV.<\/p>\n\n\n\n<p class=\"o-generic-links\">Veuillez noter que les candidatures ne seront pas consid\u00e9r\u00e9es comme compl\u00e8tes sans un CV joint.<\/p>\n\n\n\n<p class=\"o-generic-links\"><strong>Veillez \u00e0 soumettre votre CV au format PDF.<\/strong><\/p>\n\n\n\n<p class=\"o-generic-links\"><strong>Les candidatures doivent \u00eatre envoy\u00e9es au plus tard le vendredi 28 f\u00e9vrier 2025 \u00e0 23h59 GMT.<\/strong><\/p>\n\n\n\n<p class=\"o-generic-links\"><strong>\u00c0 propos des instructeurs<\/strong><\/p>\n\n\n\n<div class=\"wp-block-columns is-layout-flex wp-container-core-columns-is-layout-9d6595d7 wp-block-columns-is-layout-flex\">\n<div class=\"wp-block-column is-layout-flow wp-block-column-is-layout-flow\" style=\"flex-basis:33.33%\">\n<figure class=\"wp-block-image size-full\"><img loading=\"lazy\" decoding=\"async\" width=\"400\" height=\"400\" src=\"https:\/\/egap.org\/wp-content\/uploads\/2025\/01\/adikath-abiola.png\" alt=\"\" class=\"wp-image-23701\" srcset=\"https:\/\/egap.org\/wp-content\/uploads\/2025\/01\/adikath-abiola.png 400w, https:\/\/egap.org\/wp-content\/uploads\/2025\/01\/adikath-abiola-150x150.png 150w, https:\/\/egap.org\/wp-content\/uploads\/2025\/01\/adikath-abiola-142x142.png 142w, https:\/\/egap.org\/wp-content\/uploads\/2025\/01\/adikath-abiola-284x284.png 284w, https:\/\/egap.org\/wp-content\/uploads\/2025\/01\/adikath-abiola-40x40.png 40w, https:\/\/egap.org\/wp-content\/uploads\/2025\/01\/adikath-abiola-80x80.png 80w\" sizes=\"auto, (max-width: 400px) 100vw, 400px\" \/><figcaption class=\"wp-element-caption\">Adikath Abiola<\/figcaption><\/figure>\n<\/div>\n\n\n\n<div class=\"wp-block-column is-layout-flow wp-block-column-is-layout-flow\" style=\"flex-basis:66.66%\">\n<p class=\"o-generic-links\">Adikath ABIOLA (PhD) est agro\u00e9conomiste, passionn\u00e9e par la recherche pour le d\u00e9veloppement et l&#8217;\u00e9conomie comportementale et exp\u00e9rimentale. Consultante au Global Research and Consulting Centre (GR2C), elle travaille sur les cha\u00eenes de valeur agricoles, l&#8217;entrepreneuriat agricole et l&#8217;inclusion du genre dans les projets agricoles. Ses int\u00e9r\u00eats de recherche portent sur la gestion des risques agricoles avec un accent particulier sur l\u2019\u00e9quilibre profit-risque dans les syst\u00e8mes de production, les organisations professionnelles agricoles et les entreprises agricoles.<br><br><\/p>\n<\/div>\n<\/div>\n\n\n\n<div class=\"wp-block-columns is-layout-flex wp-container-core-columns-is-layout-9d6595d7 wp-block-columns-is-layout-flex\">\n<div class=\"wp-block-column is-layout-flow wp-block-column-is-layout-flow\" style=\"flex-basis:33.33%\">\n<figure class=\"wp-block-image size-full\"><img loading=\"lazy\" decoding=\"async\" width=\"400\" height=\"400\" src=\"https:\/\/egap.org\/wp-content\/uploads\/2020\/05\/ka-bio-image.jpg\" alt=\"\" class=\"wp-image-22998\" srcset=\"https:\/\/egap.org\/wp-content\/uploads\/2020\/05\/ka-bio-image.jpg 400w, https:\/\/egap.org\/wp-content\/uploads\/2020\/05\/ka-bio-image-150x150.jpg 150w, https:\/\/egap.org\/wp-content\/uploads\/2020\/05\/ka-bio-image-142x142.jpg 142w, https:\/\/egap.org\/wp-content\/uploads\/2020\/05\/ka-bio-image-284x284.jpg 284w, https:\/\/egap.org\/wp-content\/uploads\/2020\/05\/ka-bio-image-40x40.jpg 40w, https:\/\/egap.org\/wp-content\/uploads\/2020\/05\/ka-bio-image-80x80.jpg 80w\" sizes=\"auto, (max-width: 400px) 100vw, 400px\" \/><figcaption class=\"wp-element-caption\">Kevin (Vin) Arcenaux<\/figcaption><\/figure>\n<\/div>\n\n\n\n<div class=\"wp-block-column is-layout-flow wp-block-column-is-layout-flow\" style=\"flex-basis:66.66%\">\n<p class=\"o-generic-links\">Kevin (Vin) Arceneaux est directeur du CEVIPOF et professeur de sciences politiques. Il \u00e9tudie la mani\u00e8re dont les individus forment leurs syst\u00e8mes de croyances et leurs attitudes \u00e0 l\u2019\u00e9gard de la politique et dont ils font leurs choix. Ses recherches se concentrent sur la mani\u00e8re dont les facteurs socio-psychologiques influencent la consommation (ou la non-consommation) de diff\u00e9rents types de m\u00e9dias pour s\u2019informer, les incitent \u00e0 d\u00e9fendre (ou \u00e0 ne pas d\u00e9fendre) des opinions, \u00e0 adopter (ou \u00e0 ne pas adopter) certains comportements.<\/p>\n<\/div>\n<\/div>\n\n\n\n<div class=\"wp-block-columns is-layout-flex wp-container-core-columns-is-layout-9d6595d7 wp-block-columns-is-layout-flex\">\n<div class=\"wp-block-column is-layout-flow wp-block-column-is-layout-flow\" style=\"flex-basis:33.33%\">\n<figure class=\"wp-block-image size-full\"><img loading=\"lazy\" decoding=\"async\" width=\"350\" height=\"350\" src=\"https:\/\/egap.org\/wp-content\/uploads\/2024\/06\/brice.jpeg\" alt=\"\" class=\"wp-image-21744\" srcset=\"https:\/\/egap.org\/wp-content\/uploads\/2024\/06\/brice.jpeg 350w, https:\/\/egap.org\/wp-content\/uploads\/2024\/06\/brice-150x150.jpeg 150w, https:\/\/egap.org\/wp-content\/uploads\/2024\/06\/brice-142x142.jpeg 142w, https:\/\/egap.org\/wp-content\/uploads\/2024\/06\/brice-284x284.jpeg 284w, https:\/\/egap.org\/wp-content\/uploads\/2024\/06\/brice-40x40.jpeg 40w, https:\/\/egap.org\/wp-content\/uploads\/2024\/06\/brice-80x80.jpeg 80w\" sizes=\"auto, (max-width: 350px) 100vw, 350px\" \/><figcaption class=\"wp-element-caption\">Arsene Brice Bado<\/figcaption><\/figure>\n<\/div>\n\n\n\n<div class=\"wp-block-column is-layout-flow wp-block-column-is-layout-flow\" style=\"flex-basis:66.66%\">\n<p class=\"o-generic-links\">Ars\u00e8ne Brice Bado est enseignant de sciences politiques et directeur de recherche au CERAP, \u00e0 l&#8217;Universit\u00e9 J\u00e9suite d&#8217;Abidjan, C\u00f4te d&#8217;Ivoire. Il est le responsable du p\u00f4le r\u00e9gional EGAP pour l&#8217;Afrique de l&#8217;Ouest pour les activit\u00e9s li\u00e9es \u00e0 la d\u00e9mocratie et aux conflits en Afrique de l&#8217;Ouest ainsi que pour la formation aux m\u00e9thodes pour les chercheurs francophones d&#8217;Afrique de l&#8217;Ouest. Ses recherches portent sur la d\u00e9mocratie, le pluralisme ethnique, les processus \u00e9lectoraux dans les soci\u00e9t\u00e9s d\u00e9chir\u00e9es par des conflits et l&#8217;aide \u00e9trang\u00e8re en Afrique.<\/p>\n<\/div>\n<\/div>\n\n\n\n<div class=\"wp-block-columns is-layout-flex wp-container-core-columns-is-layout-9d6595d7 wp-block-columns-is-layout-flex\">\n<div class=\"wp-block-column is-layout-flow wp-block-column-is-layout-flow\" style=\"flex-basis:33.33%\">\n<figure class=\"wp-block-image size-full\"><img loading=\"lazy\" decoding=\"async\" width=\"400\" height=\"400\" src=\"https:\/\/egap.org\/wp-content\/uploads\/2025\/03\/isabelle-becho.png\" alt=\"\" class=\"wp-image-23620\" srcset=\"https:\/\/egap.org\/wp-content\/uploads\/2025\/03\/isabelle-becho.png 400w, https:\/\/egap.org\/wp-content\/uploads\/2025\/03\/isabelle-becho-150x150.png 150w, https:\/\/egap.org\/wp-content\/uploads\/2025\/03\/isabelle-becho-142x142.png 142w, https:\/\/egap.org\/wp-content\/uploads\/2025\/03\/isabelle-becho-284x284.png 284w, https:\/\/egap.org\/wp-content\/uploads\/2025\/03\/isabelle-becho-40x40.png 40w, https:\/\/egap.org\/wp-content\/uploads\/2025\/03\/isabelle-becho-80x80.png 80w\" sizes=\"auto, (max-width: 400px) 100vw, 400px\" \/><figcaption class=\"wp-element-caption\">Isabelle BECHO-N\u2019DRI<\/figcaption><\/figure>\n<\/div>\n\n\n\n<div class=\"wp-block-column is-layout-flow wp-block-column-is-layout-flow\" style=\"flex-basis:66.66%\">\n<p class=\"o-generic-links\">Isabelle BECHO-N\u2019DRI est \u00e9conomiste, titulaire d\u2019un doctorat en \u00e9conomie de l\u2019Universit\u00e9 F\u00e9lix Houphou\u00ebt-Boigny et d\u2019un dipl\u00f4me de Microprogramme in Applied Development Economics de l\u2019Universit\u00e9 Laval. Enseignante-Chercheure \u00e0 l\u2019Universit\u00e9 Virtuelle de C\u00f4te d\u2019Ivoire (UVCI) et chercheuse \u00e0 la Cellule d\u2019Analyse de politique economique du CIRES (CAPEC), elle sp\u00e9cialiste en \u00e9valuation d\u2019impact des politiques publiques, analyse de genre, pauvret\u00e9, vuln\u00e9rabilit\u00e9, et finance inclusive. Elle a collabor\u00e9 avec les institutions internationales telles que ONUFEMMES, USAID, le CRDI, le PEP sur des projets li\u00e9s \u00e0 l\u2019autonomisation des femmes, la COVID-19 et la r\u00e9duction de l\u2019extr\u00e9misme violent. Isabelle enseigne \u00e9galement la micro\u00e9conomie, l\u2019analyse des donn\u00e9es et les m\u00e9thodologies de recherche \u00e0 divers niveaux<\/p>\n<\/div>\n<\/div>\n\n\n\n<div class=\"wp-block-columns is-layout-flex wp-container-core-columns-is-layout-9d6595d7 wp-block-columns-is-layout-flex\">\n<div class=\"wp-block-column is-layout-flow wp-block-column-is-layout-flow\" style=\"flex-basis:33.33%\">\n<figure class=\"wp-block-image size-full\"><img loading=\"lazy\" decoding=\"async\" width=\"829\" height=\"822\" src=\"https:\/\/egap.org\/wp-content\/uploads\/2022\/12\/heinze_photo-alyssa-heinze.jpg\" alt=\"\" class=\"wp-image-19043\" srcset=\"https:\/\/egap.org\/wp-content\/uploads\/2022\/12\/heinze_photo-alyssa-heinze.jpg 829w, https:\/\/egap.org\/wp-content\/uploads\/2022\/12\/heinze_photo-alyssa-heinze-480x476.jpg 480w, https:\/\/egap.org\/wp-content\/uploads\/2022\/12\/heinze_photo-alyssa-heinze-150x150.jpg 150w, https:\/\/egap.org\/wp-content\/uploads\/2022\/12\/heinze_photo-alyssa-heinze-768x762.jpg 768w, https:\/\/egap.org\/wp-content\/uploads\/2022\/12\/heinze_photo-alyssa-heinze-142x142.jpg 142w, https:\/\/egap.org\/wp-content\/uploads\/2022\/12\/heinze_photo-alyssa-heinze-40x40.jpg 40w, https:\/\/egap.org\/wp-content\/uploads\/2022\/12\/heinze_photo-alyssa-heinze-80x80.jpg 80w\" sizes=\"auto, (max-width: 829px) 100vw, 829px\" \/><figcaption class=\"wp-element-caption\">Alyssa Heinze<\/figcaption><\/figure>\n<\/div>\n\n\n\n<div class=\"wp-block-column is-layout-flow wp-block-column-is-layout-flow\" style=\"flex-basis:66.66%\">\n<p class=\"o-generic-links\">Alyssa Ren\u00e9 Heinze est doctorante en sciences politiques \u00e0 l&#8217;Universit\u00e9 de Californie, Berkeley. Ses recherches portent sur l&#8217;importance du genre \u00e0 travers l&#8217;\u00e9conomie politique du d\u00e9veloppement local, les in\u00e9galit\u00e9s politiques et les effets du changement climatique. Sa th\u00e8se examine la gestion des ressources naturelles et son impact sur les relations de genre. Elle se concentre principalement sur le Sud global, en particulier l&#8217;Inde.<\/p>\n<\/div>\n<\/div>\n\n\n\n<div class=\"wp-block-columns is-layout-flex wp-container-core-columns-is-layout-9d6595d7 wp-block-columns-is-layout-flex\">\n<div class=\"wp-block-column is-layout-flow wp-block-column-is-layout-flow\" style=\"flex-basis:33.33%\">\n<figure class=\"wp-block-image size-full\"><img loading=\"lazy\" decoding=\"async\" width=\"350\" height=\"314\" src=\"https:\/\/egap.org\/wp-content\/uploads\/2020\/05\/image-24.png\" alt=\"Nahomi Ichino\" class=\"wp-image-5030\"\/><figcaption class=\"wp-element-caption\">Nahomi Ichino<\/figcaption><\/figure>\n<\/div>\n\n\n\n<div class=\"wp-block-column is-layout-flow wp-block-column-is-layout-flow\" style=\"flex-basis:66.66%\">\n<p class=\"o-generic-links\">Nahomi Ichino (PhD, Stanford University) est professeur associ\u00e9 au D\u00e9partement de Sciences Politiques de l&#8217;Universit\u00e9 Emory. Elle est Codirectrice des M\u00e9thodes et des Formations pour EGAP et dirige les ateliers des Learning Days. Ses recherches portent principalement sur les politiques ethniques, le comportement des \u00e9lecteurs et les partis politiques dans les d\u00e9mocraties en d\u00e9veloppement, avec une sp\u00e9cialisation r\u00e9gionale en Afrique subsaharienne. Elle m\u00e8ne \u00e9galement des recherches sur la m\u00e9thodologie de la politique compar\u00e9e. Ses travaux ont \u00e9t\u00e9 publi\u00e9s dans <em>American Political Science Review<\/em>, <em>American Journal of Political Science<\/em> et d&#8217;autres publications.<\/p>\n<\/div>\n<\/div>\n\n\n\n<div class=\"wp-block-columns is-layout-flex wp-container-core-columns-is-layout-9d6595d7 wp-block-columns-is-layout-flex\">\n<div class=\"wp-block-column is-layout-flow wp-block-column-is-layout-flow\" style=\"flex-basis:33.33%\">\n<figure class=\"wp-block-image size-full\"><img loading=\"lazy\" decoding=\"async\" width=\"400\" height=\"400\" src=\"https:\/\/egap.org\/wp-content\/uploads\/2025\/01\/yannick-brice-kouogueng_ld.png\" alt=\"\" class=\"wp-image-23625\" srcset=\"https:\/\/egap.org\/wp-content\/uploads\/2025\/01\/yannick-brice-kouogueng_ld.png 400w, https:\/\/egap.org\/wp-content\/uploads\/2025\/01\/yannick-brice-kouogueng_ld-150x150.png 150w, https:\/\/egap.org\/wp-content\/uploads\/2025\/01\/yannick-brice-kouogueng_ld-142x142.png 142w, https:\/\/egap.org\/wp-content\/uploads\/2025\/01\/yannick-brice-kouogueng_ld-284x284.png 284w, https:\/\/egap.org\/wp-content\/uploads\/2025\/01\/yannick-brice-kouogueng_ld-40x40.png 40w, https:\/\/egap.org\/wp-content\/uploads\/2025\/01\/yannick-brice-kouogueng_ld-80x80.png 80w\" sizes=\"auto, (max-width: 400px) 100vw, 400px\" \/><figcaption class=\"wp-element-caption\">Yannick Brice Kouogueng Y.<\/figcaption><\/figure>\n<\/div>\n\n\n\n<div class=\"wp-block-column is-layout-flow wp-block-column-is-layout-flow\" style=\"flex-basis:66.66%\">\n<p class=\"o-generic-links\">Yannick Brice Kouogueng Y. est \u00e9conomiste principal qui a d\u00e9but\u00e9 sa carri\u00e8re au minist\u00e8re de l&#8217;\u00c9conomie et de la Planification en 2014 apr\u00e8s avoir obtenu une Matrise en \u00e9conomie en 2010 et un Master en d\u00e9mographie en 2014. Il a travaill\u00e9 en particulier sur l&#8217;\u00e9laboration et l&#8217;\u00e9valuation des politiques de d\u00e9veloppement \u00e9conomique. Ses principales r\u00e9alisations comprennent une contribution majeure \u00e0 l&#8217;\u00e9valuation de la Strat\u00e9gie pour la Croissance et l&#8217;Emploi du Cameroun en 2018 et un r\u00f4le cl\u00e9 dans l&#8217;\u00e9laboration de la Strat\u00e9gie Nationale de D\u00e9veloppement du Cameroun pour 2019 et 2020. Les t\u00e2ches quotidiennes de Yannick comprennent l&#8217;analyse des donn\u00e9es macro et micro\u00e9conomiques visant \u00e0 \u00e9valuer les \u00e9carts entre les objectifs et les r\u00e9alisations dans diff\u00e9rents secteurs (gouvernance, infrastructure, industrie, \u00e9ducation, etc). Depuis l&#8217;obtention r\u00e9cente d&#8217;un Master en Politique Economique au Center for Development Economics de Williams College dans le Massachusetts en 2023, Yannick est un membre actif du Laboratoire d&#8217;Econom\u00e9trie et d&#8217;Economie Appliqu\u00e9e de l&#8217;Universit\u00e9 de Yaound\u00e9 II au Cameroun, en plus de ses occupations au Minist\u00e8re de l&#8217;Economie. Il est impliqu\u00e9 dans plusieurs projets de recherche men\u00e9s par ce laboratoire. Son r\u00f4le dans ces projets consiste principalement \u00e0 concevoir les m\u00e9thodologies et estimer les mod\u00e8les \u00e9conom\u00e9triques. En outre, sa responsabilit\u00e9 au sein du Laboratoire est de formuler des recommandations de politique \u00e9conomique exploitables \u00e0 partir des r\u00e9sultats de la recherche, et d&#8217;am\u00e9liorer l&#8217;ad\u00e9quation entre les questions de recherche et la pratique de la politique \u00e9conomique.<\/p>\n<\/div>\n<\/div>\n\n\n\n<div class=\"wp-block-columns is-layout-flex wp-container-core-columns-is-layout-9d6595d7 wp-block-columns-is-layout-flex\">\n<div class=\"wp-block-column is-layout-flow wp-block-column-is-layout-flow\" style=\"flex-basis:33.33%\">\n<figure class=\"wp-block-image size-full\"><img loading=\"lazy\" decoding=\"async\" width=\"400\" height=\"400\" src=\"https:\/\/egap.org\/wp-content\/uploads\/2020\/04\/gareth-nellis.png\" alt=\"\" class=\"wp-image-15049\" srcset=\"https:\/\/egap.org\/wp-content\/uploads\/2020\/04\/gareth-nellis.png 400w, https:\/\/egap.org\/wp-content\/uploads\/2020\/04\/gareth-nellis-150x150.png 150w, https:\/\/egap.org\/wp-content\/uploads\/2020\/04\/gareth-nellis-142x142.png 142w, https:\/\/egap.org\/wp-content\/uploads\/2020\/04\/gareth-nellis-284x284.png 284w, https:\/\/egap.org\/wp-content\/uploads\/2020\/04\/gareth-nellis-40x40.png 40w, https:\/\/egap.org\/wp-content\/uploads\/2020\/04\/gareth-nellis-80x80.png 80w\" sizes=\"auto, (max-width: 400px) 100vw, 400px\" \/><figcaption class=\"wp-element-caption\">Gareth Nellis<\/figcaption><\/figure>\n<\/div>\n\n\n\n<div class=\"wp-block-column is-layout-flow wp-block-column-is-layout-flow\" style=\"flex-basis:66.66%\">\n<p class=\"o-generic-links\">Gareth Nellis est professeur assistant de sciences politiques \u00e0 l&#8217;Universit\u00e9 de Californie \u00e0 San Diego, o\u00f9 il se sp\u00e9cialise en politique compar\u00e9e, en Asie du Sud et en relations intergroupes. L&#8217;un de ses axes de recherche porte sur la mont\u00e9e du nationalisme religieux ; l&#8217;autre examine la marginalisation politique des migrants internes. Son programme de recherche actuel s&#8217;int\u00e9resse aux moyens de structurer les interactions intergroupes afin de cr\u00e9er un capital social \u00ab de liaison \u00bb.<\/p>\n<\/div>\n<\/div>\n\n\n\n<div class=\"wp-block-columns is-layout-flex wp-container-core-columns-is-layout-9d6595d7 wp-block-columns-is-layout-flex\">\n<div class=\"wp-block-column is-layout-flow wp-block-column-is-layout-flow\" style=\"flex-basis:33.33%\"><\/div>\n\n\n\n<div class=\"wp-block-column is-layout-flow wp-block-column-is-layout-flow\" style=\"flex-basis:66.66%\"><\/div>\n<\/div>\n\n\n\n<p class=\"o-generic-links\"><strong>\u00c0 propos du CERAP<\/strong><\/p>\n\n\n\n<p class=\"o-generic-links\">Le <a href=\"https:\/\/cerap-inades.org\/\" target=\"_blank\" rel=\"noreferrer noopener\">Centre de Recherche et d\u2019Action pour la Paix<\/a> (CERAP) est un centre de recherche et un \u00e9tablissement d&#8217;enseignement sup\u00e9rieur en C\u00f4te d&#8217;Ivoire. Il a \u00e9t\u00e9 cr\u00e9\u00e9 en 1962. La mission du CERAP est de contribuer \u00e0 la construction d&#8217;un monde de justice et de paix par l&#8217;\u00e9ducation et la sensibilisation des communaut\u00e9s. Il offre des programmes universitaires de premier et de deuxi\u00e8me cycle. Le CERAP a mis en \u0153uvre des projets de r\u00e9conciliation et d&#8217;att\u00e9nuation de la violence depuis la crise politique ivoirienne. Le CERAP abrite \u00e9galement une maison d&#8217;\u00e9dition, les Editions du CERAP, qui contribue \u00e0 la promotion des \u00e9crivains africains<\/p>\n\n\n\n<p class=\"o-generic-links\"><strong>\u00c0 propos de l\u2019EGAP<\/strong><\/p>\n\n\n\n<p class=\"o-generic-links\"><a href=\"https:\/\/egap.org\/\" target=\"_blank\" rel=\"noreferrer noopener\">Evidence in Governance and Politics<\/a> (EGAP) est un r\u00e9seau de recherche, d&#8217;\u00e9valuation et d&#8217;apprentissage d&#8217;envergure mondiale qui promeut l&#8217;accumulation rigoureuse de connaissances, l&#8217;innovation et des politiques fond\u00e9es sur des donn\u00e9es probantes dans divers domaines de la gouvernance, notamment la responsabilit\u00e9, la participation politique, l&#8217;att\u00e9nuation des conflits soci\u00e9taux et la r\u00e9duction des in\u00e9galit\u00e9s. Pour ce faire, il favorise les collaborations entre universitaires et praticiens, d\u00e9veloppe des outils et des m\u00e9thodes de rigueur analytique et forme des universitaires et des praticiens, en mettant l&#8217;accent sur les pays du Sud.<\/p>\n\n\n\n<p class=\"o-generic-links\"><strong>A propos du Hub R\u00e9gional EGAP Afrique de l\u2019Ouest au CERAP<\/strong><\/p>\n\n\n\n<p class=\"o-generic-links\">Le centre r\u00e9gional de <a href=\"https:\/\/egap.org\/west-africa-regional-hub\/\" data-type=\"link\" data-id=\"https:\/\/egap.org\/west-africa-regional-hub\/\">l\u2019EGAP pour l&#8217;Afrique<\/a> au CERAP a \u00e9t\u00e9 cr\u00e9\u00e9 pour aider les chercheurs et les praticiens bas\u00e9s dans la r\u00e9gion \u00e0 se connecter \u00e0 une communaut\u00e9 d\u2019apprentissage mondiale. Les chercheurs bas\u00e9s en Afrique de l\u2019ouest identifient les priorit\u00e9s du hub, d\u00e9finissent l\u2019agenda de recherche, partagent les connaissances et encouragent la collaboration avec les chercheurs du monde. L\u2019une de ces priorit\u00e9s est de renforcer la capacit\u00e9 des chercheurs locaux \u00e0 mener des \u00e9valuations d\u2019impact quantitatives rigoureuses.<\/p>\n\n\n\n<p class=\"o-generic-links\">L&#8217;EGAP est un r\u00e9seau de recherche institutionnellement bas\u00e9 \u00e0 l&#8217;Universit\u00e9 M\u00e9tropolitaine de Toronto (TMU). En tant qu&#8217;\u00e9v\u00e9nement parrain\u00e9 par TMU, la participation est volontaire et la signature de la d\u00e9charge de responsabilit\u00e9 de TMU sera requise.<\/p>\n\n\n<\/div>\n\n\n<\/section>\n\n\n<\/section>\n","protected":false},"featured_media":23249,"comment_status":"closed","ping_status":"closed","template":"","country":[235],"class_list":["post-23260","project","type-project","status-publish","has-post-thumbnail","hentry","country-cote-divoire-4"],"acf":[],"_links":{"self":[{"href":"https:\/\/egap.org\/fr\/wp-json\/wp\/v2\/project\/23260","targetHints":{"allow":["GET"]}}],"collection":[{"href":"https:\/\/egap.org\/fr\/wp-json\/wp\/v2\/project"}],"about":[{"href":"https:\/\/egap.org\/fr\/wp-json\/wp\/v2\/types\/project"}],"replies":[{"embeddable":true,"href":"https:\/\/egap.org\/fr\/wp-json\/wp\/v2\/comments?post=23260"}],"version-history":[{"count":15,"href":"https:\/\/egap.org\/fr\/wp-json\/wp\/v2\/project\/23260\/revisions"}],"predecessor-version":[{"id":23707,"href":"https:\/\/egap.org\/fr\/wp-json\/wp\/v2\/project\/23260\/revisions\/23707"}],"wp:featuredmedia":[{"embeddable":true,"href":"https:\/\/egap.org\/fr\/wp-json\/wp\/v2\/media\/23249"}],"wp:attachment":[{"href":"https:\/\/egap.org\/fr\/wp-json\/wp\/v2\/media?parent=23260"}],"wp:term":[{"taxonomy":"country","embeddable":true,"href":"https:\/\/egap.org\/fr\/wp-json\/wp\/v2\/country?post=23260"}],"curies":[{"name":"wp","href":"https:\/\/api.w.org\/{rel}","templated":true}]}}