{"id":17479,"date":"2022-08-23T12:24:50","date_gmt":"2022-08-23T19:24:50","guid":{"rendered":"https:\/\/egap.org\/?page_id=17479"},"modified":"2023-08-04T18:09:01","modified_gmt":"2023-08-05T01:09:01","slug":"mercury-project-health-ambassadors","status":"publish","type":"page","link":"https:\/\/egap.org\/fr\/mercury-project-health-ambassadors\/","title":{"rendered":"Mercury Project: Health Ambassadors"},"content":{"rendered":"<section class=\"c-section o-wrapper-padding\">\n  \n<section class=\"c-section__column\">\n  \n<nav class=\"c-breadcrumbs u-fsz-smallest u-c-gray-dark\">\n  <\/nav>\n\n\n\n\n\n<\/section>\n\n\n<section class=\"c-section__columns\">\n  \n\n<div class=\"wp-block-column is-layout-flow wp-block-column-is-layout-flow\"><h1 class=\"c-page-title is-style-default o-h1\">\n  Mercury Project\n<\/h1>\n\n\n<\/div>\n\n\n\n<div class=\"wp-block-column is-vertically-aligned-bottom is-layout-flow wp-block-column-is-layout-flow\">\n<div style=\"height:20px\" aria-hidden=\"true\" class=\"wp-block-spacer has-hide-on-xlarge has-hide-on-small\"><\/div>\n\n\n<div class=\"c-submenu u-no-scroll-bar  has-hide-on-small c-submenu--many\">\n  <div class=\"c-submenu__items\">\n    \n<a class=\"c-submenu__item\" href=\"#apercu\" target=\"\" rel=\"\">\n  Aper\u00e7u\n<\/a>\n\n\n<a class=\"c-submenu__item\" href=\"#partenaires\" target=\"\" rel=\"\">\n  Partenaires <br>du consortium\n<\/a>\n\n\n<a class=\"c-submenu__item\" href=\"#objectifs\" target=\"\" rel=\"\">\n  Objectifs<br>et R\u00e9sultats\n<\/a>\n\n\n<a class=\"c-submenu__item\" href=\"#selection\" target=\"\" rel=\"\">\n  S\u00e9lection<br>de cas\/pays\n<\/a>\n\n\n<a class=\"c-submenu__item\" href=\"#recherche\" target=\"\" rel=\"\">\n  \u00c9quipe de recherche\n<\/a>\n\n\n<a class=\"c-submenu__item\" href=\"#ressources\" target=\"\" rel=\"\">\n  Ressources\n<\/a>\n\n\n  <\/div>\n<\/div>\n\n\n<\/div>\n\n\n<\/section>\n\n\n<section class=\"c-section__column\">\n  \n\n<div style=\"height:60px\" aria-hidden=\"true\" class=\"wp-block-spacer\"><\/div>\n\n\n\n\n<\/section>\n\n\n<section class=\"c-section__columns\">\n  \n\n<div class=\"wp-block-column is-layout-flow wp-block-column-is-layout-flow\"><div class=\"o-anchor\" aria-hidden=\"true\">\n  <div class=\"o-anchor__link\" id=\"Apercu\"><\/div>\n<\/div>\n\n<h4 class=\"wp-block-heading\" ><strong>Aper\u00e7u<\/strong><\/h4>\n\n\n\n<div style=\"height:515px\" aria-hidden=\"true\" class=\"wp-block-spacer\"><\/div>\n\n\n<div class=\"o-anchor\" aria-hidden=\"true\">\n  <div class=\"o-anchor__link\" id=\"partenaries\"><\/div>\n<\/div>\n\n<h4 class=\"wp-block-heading\" ><strong>Partenaires du consortium<\/strong><\/h4>\n\n\n\n<div style=\"height:883px\" aria-hidden=\"true\" class=\"wp-block-spacer\"><\/div>\n\n\n<\/div>\n\n\n\n<div class=\"wp-block-column is-layout-flow wp-block-column-is-layout-flow\">\n<p class=\"o-generic-links\"><strong>Le projet Mercury : Ambassadeurs de la sant\u00e9 en Afrique subsaharienne<\/strong> est une collaboration de recherche entre Evidence in Governance and Politics (EGAP), \u00e0 l&#8217;Universit\u00e9 de Californie, Berkeley, <a href=\"https:\/\/egap.org\/member\/partnership-for-african-social-and-governance-research-pasgr\/\">Partnership for African Social and Governance Research<\/a> (PASGR) \u00e0 Nairobi, et le <a href=\"https:\/\/egap.org\/member\/centre-de-recherche-et-daction-pour-la-paix-cerap\/\">Centre de Recherche et d&#8217;Action pour la Paix<\/a> (CERAP) \u00e0 Abidjan.<\/p>\n\n\n\n<p class=\"o-generic-links\">Le projet \u00e9tudie des strat\u00e9gies pour accro\u00eetre la fluidit\u00e9 et la confiance du public dans des informations scientifiques fiables sur le COVID-19 et l&#8217;adoption du vaccin COVID gr\u00e2ce \u00e0 une initiative de sensibilisation des \u00ab ambassadeurs de la sant\u00e9 \u00bb. L&#8217;intervention consiste en un programme \u00ab d&#8217;ambassadeurs de la sant\u00e9 \u00bb dans lequel les ambassadeurs sont form\u00e9s pour engager les individus sur les risques et les avantages des vaccins et engageront de mani\u00e8re proactive les m\u00e9nages et offriront une occasion directe et priv\u00e9e de discuter des pr\u00e9occupations. Les essais contr\u00f4l\u00e9s randomis\u00e9s seront mis en \u0153uvre dans quatre pays anglophones et francophones d&#8217;Afrique subsaharienne &#8211; la C\u00f4te d&#8217;Ivoire, le Malawi, le S\u00e9n\u00e9gal et le Zimbabwe.<\/p>\n\n\n\n<p class=\"o-generic-links\">La premi\u00e8re partie du projet consistera en des activit\u00e9s de recherche qualitative, y compris des groupes de discussion et des entretiens avec les autorit\u00e9s et les dirigeants communautaires pour identifier les probl\u00e8mes susceptibles de limiter la vaccination l\u00e0 o\u00f9 elle reste faible. Une fois la recherche qualitative men\u00e9e, un essai contr\u00f4l\u00e9 randomis\u00e9 (ECR) sera mis en \u0153uvre pour tester une strat\u00e9gie de sensibilisation des ambassadeurs de la sant\u00e9 reproductible et \u00e9volutive. L&#8217;ECR \u00e9valuera les effets des conversations priv\u00e9es avec des ambassadeurs de vaccins form\u00e9s et comment cette strat\u00e9gie pourrait diff\u00e9rer de la sensibilisation du public par les m\u00e9dias de masse pour lutter contre la d\u00e9sinformation et promouvoir l&#8217;adoption.<\/p>\n\n\n\n<p class=\"o-generic-links\">Pour en savoir plus sur l&#8217;initiative, visitez: <a href=\"https:\/\/www.ssrc.org\/programs\/the-mercury-project\/\">https:\/\/www.ssrc.org\/programs\/the-mercury-project\/<\/a><\/p>\n\n\n\n<hr class=\"wp-block-separator has-css-opacity\"\/>\n\n\n\n<figure class=\"wp-block-image size-large is-resized\"><img loading=\"lazy\" decoding=\"async\" src=\"https:\/\/egap.org\/wp-content\/uploads\/2022\/07\/1_resources-photo-template-24.jpg\" alt=\"\" class=\"wp-image-16999\" width=\"739\" height=\"297\" srcset=\"https:\/\/egap.org\/wp-content\/uploads\/2022\/07\/1_resources-photo-template-24.jpg 776w, https:\/\/egap.org\/wp-content\/uploads\/2022\/07\/1_resources-photo-template-24-480x193.jpg 480w, https:\/\/egap.org\/wp-content\/uploads\/2022\/07\/1_resources-photo-template-24-768x309.jpg 768w\" sizes=\"auto, (max-width: 739px) 100vw, 739px\" \/><figcaption class=\"wp-element-caption\">Consortium Partners<\/figcaption><\/figure>\n\n\n\n<p class=\"o-generic-links\">Le&nbsp;<a href=\"https:\/\/egap.org\/member\/partnership-for-african-social-and-governance-research-pasgr\/\">Partnership for African Social and Governance Research<\/a> (PASGR) est une organisation panafricaine \u00e0 but non lucratif ind\u00e9pendante et non partisane cr\u00e9\u00e9e en 2011 et situ\u00e9e \u00e0 Nairobi, au Kenya. Actuellement engag\u00e9 dans plus de 26 pays africains, le PASGR s&#8217;efforce d&#8217;am\u00e9liorer l&#8217;excellence de la recherche en mati\u00e8re de gouvernance et de politiques publiques qui contribue au bien-\u00eatre g\u00e9n\u00e9ral des femmes et des hommes en Afrique. En partenariat avec des universitaires et des chercheurs individuels, des \u00e9tablissements d&#8217;enseignement sup\u00e9rieur, des groupes de r\u00e9flexion sur la recherche, des organisations de la soci\u00e9t\u00e9 civile, des entreprises et des communaut\u00e9s politiques \u00e0 la fois dans la r\u00e9gion et \u00e0 l&#8217;\u00e9tranger, le PASGR soutient la production et la diffusion de recherches pertinentes sur les politiques ; con\u00e7oit et dispense des suites de cours de perfectionnement professionnel de courte dur\u00e9e pour les chercheurs et les acteurs politiques ; et facilite le d\u00e9veloppement de programmes d&#8217;enseignement sup\u00e9rieur collaboratifs.<\/p>\n\n\n\n<p class=\"o-generic-links\">Le <a href=\"https:\/\/egap.org\/member\/centre-de-recherche-et-daction-pour-la-paix-cerap\/\">Centre de Recherche et d\u2019Action pour la Paix<\/a> (CERAP), est une haute institution acad\u00e9mique et un centre de recherche bas\u00e9 \u00e0 l\u2019universit\u00e9 j\u00e9suite \u00e0 Abidjan, C\u00f4te d\u2019Ivoire. \u00c9tabli en 1962, la mission du CERAP est de contribuer \u00e0 la construction de la paix et \u00e0 la justice au travers de l&#8217;\u00e9ducation et de la sensibilisation communautaire. Le CERAP a impl\u00e9ment\u00e9 des projets portant sur la r\u00e9conciliation et l\u2019att\u00e9nuation de la violence depuis la crise politique ivoirienne. Le CERAP offre des programmes de licence mais aussi de master, et est \u00e9galement une maison de publication au travers des <em>Editions du CERAP <\/em>contribuant ainsi \u00e0 la promotion des \u00e9crivains africains.<\/p>\n\n\n\n<p class=\"o-generic-links\">L\u2019<a href=\"http:\/\/www.egap.org\">Evidence in Governance and Politics<\/a> (EGAP), bas\u00e9 \u00e0 University of California, Berkeley est un r\u00e9seau mondial de recherche, d&#8217;\u00e9valuation et d&#8217;apprentissage en gouvernance et politique avec plus de 240 chercheurs et praticiens dans 33 pays. EGAP fait la promotion de la connaissance, de l&#8217;innovation,de la politique fond\u00e9e sur des donn\u00e9es probantes dans divers domaines de la gouvernances au travers de collaborations chercheurs-praticiens. L&#8217;EGAP offre une formation aux chercheurs et aux praticiens, avec un accent r\u00e9gional sur l&#8217;Afrique subsaharienne et l&#8217;Am\u00e9rique latine.<\/p>\n\n\n\n<hr class=\"wp-block-separator has-css-opacity\"\/>\n<\/div>\n\n\n<\/section>\n\n\n<section class=\"c-section__columns\">\n  \n\n<div class=\"wp-block-column is-layout-flow wp-block-column-is-layout-flow\"><div class=\"o-anchor\" aria-hidden=\"true\">\n  <div class=\"o-anchor__link\" id=\"objectifs\"><\/div>\n<\/div>\n\n<h4 class=\"wp-block-heading\" ><strong>Objectifs et r\u00e9sultats<\/strong><\/h4>\n<\/div>\n\n\n\n<div class=\"wp-block-column is-layout-flow wp-block-column-is-layout-flow\">\n<p class=\"o-generic-links\">L&#8217;objectif du projet collaboratif sera de g\u00e9n\u00e9rer des informations reproductibles et \u00e9volutives sur l&#8217;utilisation d&#8217;une strat\u00e9gie d&#8217;ambassadeurs de la sant\u00e9 pour accro\u00eetre la fluidit\u00e9 et la confiance du public dans les informations scientifiques sur la sant\u00e9 et l&#8217;adoption du vaccin COVID-19. Un objectif secondaire sera d&#8217;offrir un mod\u00e8le de collaboration de recherche internationale et interdisciplinaire fonctionnant selon les normes de rigueur les plus \u00e9lev\u00e9es. S&#8217;appuyant sur les exemples pass\u00e9s de <a href=\"https:\/\/egap.org\/our-work-0\/the-metaketa-initiative\/\">l&#8217;initiative Metaketa<\/a> de l&#8217;EGAP, tous les aspects de la recherche seront produits sur la base d&#8217;une collaboration ouverte et transparente et la recherche sera men\u00e9e en partenariat avec les autorit\u00e9s locales et la soci\u00e9t\u00e9 civile concern\u00e9es. Un troisi\u00e8me objectif sera de cr\u00e9er des institutions ancr\u00e9es localement, des capacit\u00e9s de chercheurs individuels et des r\u00e9seaux d&#8217;experts en Afrique subsaharienne pour faciliter les futurs travaux collaboratifs.<\/p>\n\n\n\n<hr class=\"wp-block-separator has-css-opacity\"\/>\n<\/div>\n\n\n<\/section>\n\n\n<section class=\"c-section__columns\">\n  \n\n<div class=\"wp-block-column is-layout-flow wp-block-column-is-layout-flow\"><div class=\"o-anchor\" aria-hidden=\"true\">\n  <div class=\"o-anchor__link\" id=\"selection\"><\/div>\n<\/div>\n\n<h4 class=\"wp-block-heading\" ><strong>S\u00e9lection de cas\/pays<\/strong><\/h4>\n\n\n\n<div style=\"height:543px\" aria-hidden=\"true\" class=\"wp-block-spacer\"><\/div>\n<\/div>\n\n\n\n<div class=\"wp-block-column is-layout-flow wp-block-column-is-layout-flow\">\n<p class=\"o-generic-links\">Les comparaisons intra-r\u00e9gionales et interr\u00e9gionales des pays fourniront des informations pr\u00e9cieuses sur les syst\u00e8mes de sant\u00e9 publique ainsi que sur les facteurs contextuels de la r\u00e9ticence \u00e0 la vaccination. Les quatre pays s\u00e9lectionn\u00e9s ont un degr\u00e9 \u00e9lev\u00e9 de comparabilit\u00e9 et d&#8217;urgence en termes de cas confirm\u00e9s, de taux de mortalit\u00e9, d&#8217;\u00e9chelle par rapport \u00e0 la population et de faibles taux de vaccination, par rapport aux autres pays du continent. Ces pays contiennent des sites dans lesquels les membres de l&#8217;EGAP, du PASGR et du CERAP ont collectivement de vastes r\u00e9seaux \u00e9tablis de recherche, de soci\u00e9t\u00e9 civile et de politique.<\/p>\n\n\n\n<div style=\"height:20px\" aria-hidden=\"true\" class=\"wp-block-spacer\"><\/div>\n\n\n\n<figure class=\"wp-block-image size-large is-resized\"><img loading=\"lazy\" decoding=\"async\" src=\"https:\/\/egap.org\/wp-content\/uploads\/2022\/07\/1_resources-photo-template-12.jpg\" alt=\"\" class=\"wp-image-16815\" width=\"781\" height=\"314\" srcset=\"https:\/\/egap.org\/wp-content\/uploads\/2022\/07\/1_resources-photo-template-12.jpg 776w, https:\/\/egap.org\/wp-content\/uploads\/2022\/07\/1_resources-photo-template-12-480x193.jpg 480w, https:\/\/egap.org\/wp-content\/uploads\/2022\/07\/1_resources-photo-template-12-768x309.jpg 768w\" sizes=\"auto, (max-width: 781px) 100vw, 781px\" \/><figcaption class=\"wp-element-caption\">Orange: C\u00f4te d&#8217;Ivoire and Senegal, West Africa (Francophone) <br>Red: Malawi and Zimbabwe, East\/Southern Africa (Anglophone)<\/figcaption><\/figure>\n\n\n\n<hr class=\"wp-block-separator has-css-opacity\"\/>\n<\/div>\n\n\n<\/section>\n\n\n<section class=\"c-section__columns\">\n  \n\n<div class=\"wp-block-column is-layout-flow wp-block-column-is-layout-flow\"><div class=\"o-anchor\" aria-hidden=\"true\">\n  <div class=\"o-anchor__link\" id=\"recherche\"><\/div>\n<\/div>\n\n<h4 class=\"wp-block-heading\" ><strong>\u00c9quipe de recherche<\/strong><\/h4>\n<\/div>\n\n\n\n<div class=\"wp-block-column is-layout-flow wp-block-column-is-layout-flow\">\n<div style=\"height:20px\" aria-hidden=\"true\" class=\"wp-block-spacer\"><\/div>\n\n\n\n<div style=\"height:20px\" aria-hidden=\"true\" class=\"wp-block-spacer\"><\/div>\n<\/div>\n\n\n<\/section>\n\n\n<section class=\"c-section__columns\">\n  \n\n<div class=\"wp-block-column is-layout-flow wp-block-column-is-layout-flow\"><\/div>\n\n\n\n<div class=\"wp-block-column is-layout-flow wp-block-column-is-layout-flow\">\n<div class=\"wp-block-columns is-layout-flex wp-container-core-columns-is-layout-9d6595d7 wp-block-columns-is-layout-flex\">\n<div class=\"wp-block-column is-layout-flow wp-block-column-is-layout-flow\" style=\"flex-basis:33.33%\">\n<figure class=\"wp-block-image size-full is-resized\"><img loading=\"lazy\" decoding=\"async\" src=\"https:\/\/egap.org\/wp-content\/uploads\/2023\/08\/2_resourcememberphototemplate-48.png\" alt=\"\" class=\"wp-image-20574\" width=\"200\" height=\"200\" srcset=\"https:\/\/egap.org\/wp-content\/uploads\/2023\/08\/2_resourcememberphototemplate-48.png 250w, https:\/\/egap.org\/wp-content\/uploads\/2023\/08\/2_resourcememberphototemplate-48-150x150.png 150w, https:\/\/egap.org\/wp-content\/uploads\/2023\/08\/2_resourcememberphototemplate-48-142x142.png 142w, https:\/\/egap.org\/wp-content\/uploads\/2023\/08\/2_resourcememberphototemplate-48-40x40.png 40w, https:\/\/egap.org\/wp-content\/uploads\/2023\/08\/2_resourcememberphototemplate-48-80x80.png 80w\" sizes=\"auto, (max-width: 200px) 100vw, 200px\" \/><\/figure>\n<\/div>\n\n\n\n<div class=\"wp-block-column is-layout-flow wp-block-column-is-layout-flow\" style=\"flex-basis:66.66%\">\n<p class=\"o-generic-links\"><a rel=\"noreferrer noopener\" href=\"https:\/\/ng.linkedin.com\/in\/emmanuel-remi-aiyede-8b3b8322\" target=\"_blank\">Emmanuel Remi Aiyede<\/a>\u00a0est professeur d\u2019institutions politiques, de gouvernance et de politiques publiques au D\u00e9partement de sciences politiques de l\u2019Universit\u00e9 d\u2019Ibadan. Il est membre du Conseil panafricain de la recherche scientifique (PASRC) et chef du D\u00e9partement de science politique (du 01<sup>er<\/sup>\u00a0\u00a0ao\u00fbt 2020-31 juillet 2022). Il a \u00e9t\u00e9 impliqu\u00e9 avec PASGR dans la promotion de la p\u00e9dagogie innovante en Afrique, le d\u00e9veloppement du programme de ma\u00eetrise en recherche et politique publique et le programme de doctorat dans les universit\u00e9s de politique publique \u00e0 travers l\u2019Afrique en 2020.\u00a0\u00a0<\/p>\n\n\n<\/div>\n<\/div>\n\n\n\n<div class=\"wp-block-columns is-layout-flex wp-container-core-columns-is-layout-9d6595d7 wp-block-columns-is-layout-flex\">\n<div class=\"wp-block-column is-layout-flow wp-block-column-is-layout-flow\" style=\"flex-basis:33.33%\">\n<figure class=\"wp-block-image size-large is-resized\"><img loading=\"lazy\" decoding=\"async\" src=\"https:\/\/egap.org\/wp-content\/uploads\/2022\/07\/2_resourcememberphototemplate-19.jpg\" alt=\"\" class=\"wp-image-17036\" width=\"200\" height=\"200\" srcset=\"https:\/\/egap.org\/wp-content\/uploads\/2022\/07\/2_resourcememberphototemplate-19.jpg 350w, https:\/\/egap.org\/wp-content\/uploads\/2022\/07\/2_resourcememberphototemplate-19-150x150.jpg 150w, https:\/\/egap.org\/wp-content\/uploads\/2022\/07\/2_resourcememberphototemplate-19-142x142.jpg 142w, https:\/\/egap.org\/wp-content\/uploads\/2022\/07\/2_resourcememberphototemplate-19-284x284.jpg 284w, https:\/\/egap.org\/wp-content\/uploads\/2022\/07\/2_resourcememberphototemplate-19-40x40.jpg 40w, https:\/\/egap.org\/wp-content\/uploads\/2022\/07\/2_resourcememberphototemplate-19-80x80.jpg 80w\" sizes=\"auto, (max-width: 200px) 100vw, 200px\" \/><\/figure>\n\n\n<\/div>\n\n\n\n<div class=\"wp-block-column is-layout-flow wp-block-column-is-layout-flow\" style=\"flex-basis:66.66%\">\n<p class=\"o-generic-links\"><a rel=\"noreferrer noopener\" href=\"https:\/\/bricebado.org\/\" target=\"_blank\">Arsene Brice Bado<\/a> est professeur de science politique et directeur de recherche au CERAP, \u00e0 l&#8217;Universit\u00e9 j\u00e9suite d&#8217;Abidjan, en C\u00f4te d&#8217;Ivoire. Il est le responsable du hub r\u00e9gional de l&#8217;EGAP pour l&#8217;Afrique de l&#8217;Ouest sur les activit\u00e9s li\u00e9es \u00e0 la d\u00e9mocratie et aux conflits en Afrique de l&#8217;Ouest ainsi que sur la formation aux m\u00e9thodes pour les chercheurs francophones d&#8217;Afrique de l&#8217;Ouest. Ses recherches portent sur la d\u00e9mocratie, le pluralisme ethnique, les processus \u00e9lectoraux dans les soci\u00e9t\u00e9s d\u00e9chir\u00e9es par les conflits et l&#8217;aide \u00e9trang\u00e8re en Afrique.<\/p>\n<\/div>\n<\/div>\n\n\n\n<div class=\"wp-block-columns is-layout-flex wp-container-core-columns-is-layout-9d6595d7 wp-block-columns-is-layout-flex\">\n<div class=\"wp-block-column is-layout-flow wp-block-column-is-layout-flow\" style=\"flex-basis:33.33%\">\n<figure class=\"wp-block-image size-full is-resized\"><img loading=\"lazy\" decoding=\"async\" src=\"https:\/\/egap.org\/wp-content\/uploads\/2022\/09\/felixboa-1.jpg\" alt=\"\" class=\"wp-image-18022\" width=\"200\" height=\"200\" srcset=\"https:\/\/egap.org\/wp-content\/uploads\/2022\/09\/felixboa-1.jpg 350w, https:\/\/egap.org\/wp-content\/uploads\/2022\/09\/felixboa-1-150x150.jpg 150w, https:\/\/egap.org\/wp-content\/uploads\/2022\/09\/felixboa-1-142x142.jpg 142w, https:\/\/egap.org\/wp-content\/uploads\/2022\/09\/felixboa-1-284x284.jpg 284w, https:\/\/egap.org\/wp-content\/uploads\/2022\/09\/felixboa-1-40x40.jpg 40w, https:\/\/egap.org\/wp-content\/uploads\/2022\/09\/felixboa-1-80x80.jpg 80w\" sizes=\"auto, (max-width: 200px) 100vw, 200px\" \/><\/figure>\n\n\n<\/div>\n\n\n\n<div class=\"wp-block-column is-layout-flow wp-block-column-is-layout-flow\" style=\"flex-basis:66.66%\">\n<p class=\"o-generic-links\"><a rel=\"noreferrer noopener\" href=\"https:\/\/ci.linkedin.com\/in\/yapo-felix-boa-30016a36\" target=\"_blank\">Yapo F\u00e9lix Boa<\/a>\u00a0est professeur \u00e9m\u00e9rite de m\u00e9decine sp\u00e9cialis\u00e9 en neurologie \u00e0 l\u2019Universit\u00e9 F\u00e9lix Houphou\u00ebt Boigny. Auparavant, il a \u00e9t\u00e9 directeur g\u00e9n\u00e9ral du Centre hospitalier universitaire (CHU) de Bouak\u00e9, en C\u00f4te d\u2019Ivoire, et directeur g\u00e9n\u00e9ral du minist\u00e8re de la Sant\u00e9. Plus t\u00f4t dans sa carri\u00e8re, il a dirig\u00e9 un projet de recherche sur la maladie du sommeil \u00e0 Daloa, en C\u00f4te d\u2019Ivoire. Boa occupe \u00e9galement le poste de Pr\u00e9sident du Comit\u00e9 national d\u2019experts pour l\u2019\u00e9radication de la poliomy\u00e9lite depuis 2002.<\/p>\n\n\n<\/div>\n<\/div>\n\n\n\n<div class=\"wp-block-columns is-layout-flex wp-container-core-columns-is-layout-9d6595d7 wp-block-columns-is-layout-flex\">\n<div class=\"wp-block-column is-layout-flow wp-block-column-is-layout-flow\" style=\"flex-basis:33.33%\">\n<figure class=\"wp-block-image size-full is-resized\"><img loading=\"lazy\" decoding=\"async\" src=\"https:\/\/egap.org\/wp-content\/uploads\/2023\/03\/horacegninafon.png\" alt=\"\" class=\"wp-image-20214\" width=\"200\" height=\"200\" srcset=\"https:\/\/egap.org\/wp-content\/uploads\/2023\/03\/horacegninafon.png 250w, https:\/\/egap.org\/wp-content\/uploads\/2023\/03\/horacegninafon-150x150.png 150w, https:\/\/egap.org\/wp-content\/uploads\/2023\/03\/horacegninafon-142x142.png 142w, https:\/\/egap.org\/wp-content\/uploads\/2023\/03\/horacegninafon-40x40.png 40w, https:\/\/egap.org\/wp-content\/uploads\/2023\/03\/horacegninafon-80x80.png 80w\" sizes=\"auto, (max-width: 200px) 100vw, 200px\" \/><\/figure>\n\n\n<\/div>\n\n\n\n<div class=\"wp-block-column is-layout-flow wp-block-column-is-layout-flow\" style=\"flex-basis:66.66%\">\n<p class=\"o-generic-links\"><a rel=\"noreferrer noopener\" href=\"https:\/\/www.fss.ulaval.ca\/economique\/recherche\/doctorants-stagiaires-postdoctoraux\/horace-mahugnon-akim-gninafon\" target=\"_blank\">Horace Mahugnon Akim Gninafon<\/a> est \u00e9tudiant au doctorat en \u00e9conomie \u00e0 l&#8217;Universit\u00e9 Laval. Horace est titulaire d&#8217;une ma\u00eetrise en math\u00e9matiques, \u00e9conomie et statistiques de l&#8217;African School of Economics. Ses int\u00e9r\u00eats de recherche comprennent l&#8217;\u00e9conomie du d\u00e9veloppement, l&#8217;\u00e9conomie de l&#8217;\u00e9ducation et de la sant\u00e9 et l&#8217;\u00e9valuation des politiques publiques. Horace est le boursier pr\u00e9doctoral 2022-2023 \u00e0 l&#8217;EGAP.<\/p>\n<\/div>\n<\/div>\n\n\n\n<div class=\"wp-block-columns is-layout-flex wp-container-core-columns-is-layout-9d6595d7 wp-block-columns-is-layout-flex\">\n<div class=\"wp-block-column is-layout-flow wp-block-column-is-layout-flow\" style=\"flex-basis:33.33%\">\n<figure class=\"wp-block-image size-full is-resized\"><img loading=\"lazy\" decoding=\"async\" src=\"https:\/\/egap.org\/wp-content\/uploads\/2022\/10\/paul-kawale.png\" alt=\"\" class=\"wp-image-18181\" width=\"200\" height=\"200\" srcset=\"https:\/\/egap.org\/wp-content\/uploads\/2022\/10\/paul-kawale.png 589w, https:\/\/egap.org\/wp-content\/uploads\/2022\/10\/paul-kawale-480x480.png 480w, https:\/\/egap.org\/wp-content\/uploads\/2022\/10\/paul-kawale-150x150.png 150w, https:\/\/egap.org\/wp-content\/uploads\/2022\/10\/paul-kawale-142x142.png 142w, https:\/\/egap.org\/wp-content\/uploads\/2022\/10\/paul-kawale-284x284.png 284w, https:\/\/egap.org\/wp-content\/uploads\/2022\/10\/paul-kawale-40x40.png 40w, https:\/\/egap.org\/wp-content\/uploads\/2022\/10\/paul-kawale-80x80.png 80w\" sizes=\"auto, (max-width: 200px) 100vw, 200px\" \/><\/figure>\n<\/div>\n\n\n\n<div class=\"wp-block-column is-layout-flow wp-block-column-is-layout-flow\" style=\"flex-basis:66.66%\">\n<p class=\"o-generic-links\"><a rel=\"noreferrer noopener\" href=\"https:\/\/mw.linkedin.com\/in\/paul-kawale-06678730\" target=\"_blank\">Paul Kawale<\/a>\u00a0est charg\u00e9 de cours en sant\u00e9 publique au Coll\u00e8ge de m\u00e9decine de l\u2019Universit\u00e9 des sciences de la sant\u00e9 de Kamuzu. Il supervise et m\u00e8ne des recherches sur les politiques de sant\u00e9 mondiale, y compris des projets \u00e0 m\u00e9thodes mixtes explorant la vaccination contre le VPH chez les gar\u00e7ons et les adultes, la sant\u00e9 mentale chez les hommes professionnels et les paiements de sant\u00e9 num\u00e9riques pendant la campagne de vaccination contre la poliomy\u00e9lite de 2022. Il est titulaire d\u2019un doctorat en sant\u00e9 mondiale de l\u2019Universit\u00e9 d\u2019\u00c9dimbourg et d\u2019une ma\u00eetrise en sant\u00e9 publique de l\u2019Universit\u00e9 du Malawi.<\/p>\n\n\n<\/div>\n<\/div>\n\n\n\n<div class=\"wp-block-columns is-layout-flex wp-container-core-columns-is-layout-9d6595d7 wp-block-columns-is-layout-flex\">\n<div class=\"wp-block-column is-layout-flow wp-block-column-is-layout-flow\" style=\"flex-basis:33.33%\">\n<figure class=\"wp-block-image size-full is-resized\"><img loading=\"lazy\" decoding=\"async\" src=\"https:\/\/egap.org\/wp-content\/uploads\/2022\/09\/dr-fortunate-machingura-868x1024-1.png\" alt=\"\" class=\"wp-image-17887\" width=\"200\" height=\"200\" srcset=\"https:\/\/egap.org\/wp-content\/uploads\/2022\/09\/dr-fortunate-machingura-868x1024-1-150x150.png 150w, https:\/\/egap.org\/wp-content\/uploads\/2022\/09\/dr-fortunate-machingura-868x1024-1-142x142.png 142w, https:\/\/egap.org\/wp-content\/uploads\/2022\/09\/dr-fortunate-machingura-868x1024-1-284x284.png 284w, https:\/\/egap.org\/wp-content\/uploads\/2022\/09\/dr-fortunate-machingura-868x1024-1-40x40.png 40w, https:\/\/egap.org\/wp-content\/uploads\/2022\/09\/dr-fortunate-machingura-868x1024-1-80x80.png 80w\" sizes=\"auto, (max-width: 200px) 100vw, 200px\" \/><\/figure>\n<\/div>\n\n\n\n<div class=\"wp-block-column is-layout-flow wp-block-column-is-layout-flow\" style=\"flex-basis:66.66%\">\n<p class=\"o-generic-links\"><a rel=\"noreferrer noopener\" href=\"http:\/\/ceshhar.org\/dt_team\/dr-fortunate-machingura\/\" target=\"_blank\">Fortunate Machingura<\/a>\u00a0est chef de la recherche sur les populations cl\u00e9s au Centre de recherche sur la sant\u00e9 sexuelle et le VIH\/sida (CeSHHAR Zimbabwe) et membre du groupe de travail technique de l\u2019OMS 2022 sur la surveillance syst\u00e9matique du VIH. En outre, elle est charg\u00e9e de recherche \u00e0 la Liverpool School of Tropical Medicine du D\u00e9partement de sant\u00e9 publique internationale et conf\u00e9renci\u00e8re invit\u00e9e \u00e0 l\u2019Universit\u00e9 du Zimbabwe et \u00e0 la Great Zimbabwe University. Machingura est titulaire d\u2019un doctorat en politique et gestion du d\u00e9veloppement de l\u2019Universit\u00e9 de Manchester.<\/p>\n\n\n<\/div>\n<\/div>\n\n\n\n<div class=\"wp-block-columns is-layout-flex wp-container-core-columns-is-layout-9d6595d7 wp-block-columns-is-layout-flex\">\n<div class=\"wp-block-column is-layout-flow wp-block-column-is-layout-flow\" style=\"flex-basis:33.33%\">\n<figure class=\"wp-block-image size-large is-resized\"><img loading=\"lazy\" decoding=\"async\" src=\"https:\/\/egap.org\/wp-content\/uploads\/2022\/07\/2_resourcememberphototemplate-25.jpg\" alt=\"\" class=\"wp-image-17065\" width=\"200\" height=\"200\" srcset=\"https:\/\/egap.org\/wp-content\/uploads\/2022\/07\/2_resourcememberphototemplate-25.jpg 350w, https:\/\/egap.org\/wp-content\/uploads\/2022\/07\/2_resourcememberphototemplate-25-150x150.jpg 150w, https:\/\/egap.org\/wp-content\/uploads\/2022\/07\/2_resourcememberphototemplate-25-142x142.jpg 142w, https:\/\/egap.org\/wp-content\/uploads\/2022\/07\/2_resourcememberphototemplate-25-284x284.jpg 284w, https:\/\/egap.org\/wp-content\/uploads\/2022\/07\/2_resourcememberphototemplate-25-40x40.jpg 40w, https:\/\/egap.org\/wp-content\/uploads\/2022\/07\/2_resourcememberphototemplate-25-80x80.jpg 80w\" sizes=\"auto, (max-width: 200px) 100vw, 200px\" \/><\/figure>\n\n\n<\/div>\n\n\n\n<div class=\"wp-block-column is-layout-flow wp-block-column-is-layout-flow\" style=\"flex-basis:66.66%\">\n<p class=\"o-generic-links\"><a href=\"https:\/\/egap.org\/member\/cyrus-samii\/\" target=\"_blank\" rel=\"noreferrer noopener\">Cyrus Samii<\/a> est professeur associ\u00e9 au Wilf Family Department of Politics de l&#8217;Universit\u00e9 de New York et directeur ex\u00e9cutif de l&#8217;EGAP. Il \u00e9crit et enseigne la m\u00e9thodologie quantitative des sciences sociales, en mettant l&#8217;accent sur l&#8217;inf\u00e9rence causale. Il est un expert reconnu dans la conception de recherches quantitatives sur le terrain et d&#8217;exp\u00e9riences sur le terrain. Il m\u00e8ne \u00e9galement des recherches appliqu\u00e9es sur la gouvernance dans des contextes o\u00f9 les institutions formelles sont faibles, l&#8217;\u00e9conomie politique du d\u00e9veloppement et les causes sociales, \u00e9conomiques et psychologiques des conflits violents.<\/p>\n<\/div>\n<\/div>\n\n\n\n<div class=\"wp-block-columns is-layout-flex wp-container-core-columns-is-layout-9d6595d7 wp-block-columns-is-layout-flex\">\n<div class=\"wp-block-column is-layout-flow wp-block-column-is-layout-flow\" style=\"flex-basis:33.33%\">\n<figure class=\"wp-block-image size-full is-resized\"><img loading=\"lazy\" decoding=\"async\" src=\"https:\/\/egap.org\/wp-content\/uploads\/2022\/10\/2_resourcememberphototemplate-39.png\" alt=\"\" class=\"wp-image-18309\" width=\"200\" height=\"200\" srcset=\"https:\/\/egap.org\/wp-content\/uploads\/2022\/10\/2_resourcememberphototemplate-39.png 250w, https:\/\/egap.org\/wp-content\/uploads\/2022\/10\/2_resourcememberphototemplate-39-150x150.png 150w, https:\/\/egap.org\/wp-content\/uploads\/2022\/10\/2_resourcememberphototemplate-39-142x142.png 142w, https:\/\/egap.org\/wp-content\/uploads\/2022\/10\/2_resourcememberphototemplate-39-40x40.png 40w, https:\/\/egap.org\/wp-content\/uploads\/2022\/10\/2_resourcememberphototemplate-39-80x80.png 80w\" sizes=\"auto, (max-width: 200px) 100vw, 200px\" \/><\/figure>\n\n\n<\/div>\n\n\n\n<div class=\"wp-block-column is-layout-flow wp-block-column-is-layout-flow\" style=\"flex-basis:66.66%\">\n<p class=\"o-generic-links\"><a href=\"http:\/\/linkedin.com\/in\/samba-cor-sarr-19284b96\" target=\"_blank\" rel=\"noreferrer noopener\">Samba Cor Sarr<\/a> est chef de la Division de la recherche \u00e0 la Direction de la\u00a0planification, de la recherche et des statistiques du minist\u00e8re de la Sant\u00e9 et de l\u2019Action sociale (MSAS) du S\u00e9n\u00e9gal. Il est \u00e9galement secr\u00e9taire permanent du Comit\u00e9 national d\u2019\u00e9thique de la recherche en sant\u00e9 (CNERS) du S\u00e9n\u00e9gal et membre du Comit\u00e9 national de gestion des \u00e9pid\u00e9mies (CNGE).\u00a0<\/p>\n<\/div>\n<\/div>\n\n\n\n<div class=\"wp-block-columns is-layout-flex wp-container-core-columns-is-layout-9d6595d7 wp-block-columns-is-layout-flex\">\n<div class=\"wp-block-column is-layout-flow wp-block-column-is-layout-flow\" style=\"flex-basis:33.33%\">\n<figure class=\"wp-block-image size-full is-resized\"><img loading=\"lazy\" decoding=\"async\" src=\"https:\/\/egap.org\/wp-content\/uploads\/2022\/07\/2_resourcememberphototemplate-27.jpg\" alt=\"\" class=\"wp-image-17079\" width=\"200\" height=\"200\" srcset=\"https:\/\/egap.org\/wp-content\/uploads\/2022\/07\/2_resourcememberphototemplate-27.jpg 350w, https:\/\/egap.org\/wp-content\/uploads\/2022\/07\/2_resourcememberphototemplate-27-150x150.jpg 150w, https:\/\/egap.org\/wp-content\/uploads\/2022\/07\/2_resourcememberphototemplate-27-142x142.jpg 142w, https:\/\/egap.org\/wp-content\/uploads\/2022\/07\/2_resourcememberphototemplate-27-284x284.jpg 284w, https:\/\/egap.org\/wp-content\/uploads\/2022\/07\/2_resourcememberphototemplate-27-40x40.jpg 40w, https:\/\/egap.org\/wp-content\/uploads\/2022\/07\/2_resourcememberphototemplate-27-80x80.jpg 80w\" sizes=\"auto, (max-width: 200px) 100vw, 200px\" \/><\/figure>\n\n\n\n\n<\/div>\n\n\n\n<div class=\"wp-block-column is-layout-flow wp-block-column-is-layout-flow\" style=\"flex-basis:66.66%\">\n<p class=\"o-generic-links\"><a href=\"https:\/\/sn.linkedin.com\/in\/mame-mor-anta-syll-60190b103\" target=\"_blank\" rel=\"noreferrer noopener\">Mame Mor Anta Syll<\/a>&nbsp;est ma\u00eetre de conf\u00e9rences assistant en \u00e9conomie comportementale \u00e0 l\u2019Universit\u00e9 Gaston Berger de Saint-Louis au S\u00e9n\u00e9gal. Plus r\u00e9cemment, il a \u00e9t\u00e9 coordinateur de l\u2019\u00e9valuation de l\u2019impact dans diff\u00e9rentes initiatives de recherche, notamment le projet \u00ab Am\u00e9liorer l\u2019employabilit\u00e9 des jeunes gr\u00e2ce \u00e0 l\u2019apprentissage informel \u00bb, mis en \u0153uvre par le minist\u00e8re de l\u2019Emploi, de l\u2019Apprentissage et de la Formation professionnelle du S\u00e9n\u00e9gal avec le soutien de la Banque mondiale. Mame Mor est titulaire d\u2019un doctorat en \u00e9conomie de l\u2019Universit\u00e9 Gaston Berger de Saint-Louis et de l\u2019Universit\u00e9 d\u2019Orl\u00e9ans en France. Syll a \u00e9t\u00e9 chercheur invit\u00e9 \u00e0 EGAP au printemps 2022.<\/p>\n<\/div>\n<\/div>\n\n\n\n<div class=\"wp-block-columns is-layout-flex wp-container-core-columns-is-layout-9d6595d7 wp-block-columns-is-layout-flex\">\n<div class=\"wp-block-column is-layout-flow wp-block-column-is-layout-flow\" style=\"flex-basis:33.33%\">\n<figure class=\"wp-block-image size-full is-resized\"><img loading=\"lazy\" decoding=\"async\" src=\"https:\/\/egap.org\/wp-content\/uploads\/2023\/08\/2_resourcememberphototemplate-48-1.png\" alt=\"\" class=\"wp-image-20579\" width=\"200\" height=\"200\" srcset=\"https:\/\/egap.org\/wp-content\/uploads\/2023\/08\/2_resourcememberphototemplate-48-1.png 250w, https:\/\/egap.org\/wp-content\/uploads\/2023\/08\/2_resourcememberphototemplate-48-1-150x150.png 150w, https:\/\/egap.org\/wp-content\/uploads\/2023\/08\/2_resourcememberphototemplate-48-1-142x142.png 142w, https:\/\/egap.org\/wp-content\/uploads\/2023\/08\/2_resourcememberphototemplate-48-1-40x40.png 40w, https:\/\/egap.org\/wp-content\/uploads\/2023\/08\/2_resourcememberphototemplate-48-1-80x80.png 80w\" sizes=\"auto, (max-width: 200px) 100vw, 200px\" \/><\/figure>\n\n\n<\/div>\n\n\n\n<div class=\"wp-block-column is-layout-flow wp-block-column-is-layout-flow\" style=\"flex-basis:66.66%\">\n<p class=\"o-generic-links\"><a href=\"http:\/\/linkedin.com\/in\/mavuto-thomas-1b734b34\/\" target=\"_blank\" rel=\"noreferrer noopener\">Mavuto Thomas<\/a> est responsable de\u00a0l\u2019\u00e9ducation sanitaire et responsable de la promotion de la sant\u00e9 et de la communication au minist\u00e8re de la Sant\u00e9 du Malawi. Il est un agent d\u2019hygi\u00e8ne du milieu exp\u00e9riment\u00e9 et un sp\u00e9cialiste de la sant\u00e9 publique avec une exp\u00e9rience d\u00e9montr\u00e9e de travail dans l\u2019industrie des h\u00f4pitaux et des soins de sant\u00e9. Il est comp\u00e9tent en \u00e9pid\u00e9miologie, en maladies infectieuses, en politiques publiques, en promotion de la sant\u00e9 et en \u00e9conomie de la sant\u00e9.\u00a0<\/p>\n<\/div>\n<\/div>\n\n\n\n<div class=\"wp-block-columns is-layout-flex wp-container-core-columns-is-layout-9d6595d7 wp-block-columns-is-layout-flex\">\n<div class=\"wp-block-column is-layout-flow wp-block-column-is-layout-flow\" style=\"flex-basis:33.33%\">\n<figure class=\"wp-block-image size-large is-resized\"><img loading=\"lazy\" decoding=\"async\" src=\"https:\/\/egap.org\/wp-content\/uploads\/2022\/07\/2_resourcememberphototemplate-26.jpg\" alt=\"\" class=\"wp-image-17071\" width=\"200\" height=\"200\" srcset=\"https:\/\/egap.org\/wp-content\/uploads\/2022\/07\/2_resourcememberphototemplate-26.jpg 350w, https:\/\/egap.org\/wp-content\/uploads\/2022\/07\/2_resourcememberphototemplate-26-150x150.jpg 150w, https:\/\/egap.org\/wp-content\/uploads\/2022\/07\/2_resourcememberphototemplate-26-142x142.jpg 142w, https:\/\/egap.org\/wp-content\/uploads\/2022\/07\/2_resourcememberphototemplate-26-284x284.jpg 284w, https:\/\/egap.org\/wp-content\/uploads\/2022\/07\/2_resourcememberphototemplate-26-40x40.jpg 40w, https:\/\/egap.org\/wp-content\/uploads\/2022\/07\/2_resourcememberphototemplate-26-80x80.jpg 80w\" sizes=\"auto, (max-width: 200px) 100vw, 200px\" \/><\/figure>\n\n\n<\/div>\n\n\n\n<div class=\"wp-block-column is-layout-flow wp-block-column-is-layout-flow\" style=\"flex-basis:66.66%\">\n<p class=\"o-generic-links\"><a href=\"https:\/\/egap.org\/member\/maarten-voors\/\" target=\"_blank\" rel=\"noreferrer noopener\">Maarten Voors<\/a> est professeur associ\u00e9 au Development Economics Group, Universit\u00e9 de Wageningen, Pays-Bas. Ses recherches portent sur le r\u00f4le des incitations, des institutions et des comportements dans le processus de d\u00e9veloppement. Les projets r\u00e9cents incluent des exp\u00e9riences de terrain sur les institutions, la transformation structurelle, l&#8217;\u00e9lectrification rurale et les cons\u00e9quences du COVID-19 en Sierra Leone. Il est co-auteur de l&#8217;article de Nature sur l&#8217;acceptation et l&#8217;h\u00e9sitation des vaccins dans plusieurs contextes de LMIC. Voors a \u00e9t\u00e9 le premier directeur des formations EGAP et a lanc\u00e9 les ateliers Learning Days de l&#8217;EGAP.<\/p>\n<\/div>\n<\/div>\n\n\n\n<hr class=\"wp-block-separator has-css-opacity\"\/>\n\n\n<\/div>\n\n\n<\/section>\n\n\n<section class=\"c-section__columns\">\n  \n\n<div class=\"wp-block-column is-layout-flow wp-block-column-is-layout-flow\"><div class=\"o-anchor\" aria-hidden=\"true\">\n  <div class=\"o-anchor__link\" id=\"ressources\"><\/div>\n<\/div>\n\n<h4 class=\"wp-block-heading\" >Ressources<\/h4>\n<\/div>\n\n\n\n<div class=\"wp-block-column is-layout-flow wp-block-column-is-layout-flow\"><section class=\"c-resource-tiles\">\n  <div class=\"c-resource-tiles__items c-research-tiles\">\n    \n<a class=\"c-research-tile u-no-last-margin\" href=\"https:\/\/egap.org\/resource\/mercury-project-spotlight-dr-samba-cor-sarr\/\" title=\"\" target=\"\" rel=\"\">\n  <hr class=\"c-research-tile__bar\">\n  <div class=\"c-research-tile__type u-fw-700 u-c-heading\">Blog, Mercury Project<\/div>\n  <h4 class=\"c-research-tile__title o-h5 u-fw-400\">Mercury Project Spotlight: Dr. Samba Cor Sarr<\/h4>\n  <\/a>\n\n\n\n<a class=\"c-research-tile u-no-last-margin\" href=\"https:\/\/egap.org\/resource\/mercury-project-spotlight-dr-yapo-felix-boa\/\" title=\"\" target=\"\" rel=\"\">\n  <hr class=\"c-research-tile__bar\">\n  <div class=\"c-research-tile__type u-fw-700 u-c-heading\">Blog, Mercury Project<\/div>\n  <h4 class=\"c-research-tile__title o-h5 u-fw-400\">Mercury Project Spotlight: Dr. Yapo F\u00e9lix Boa<\/h4>\n  <\/a>\n\n\n\n<a class=\"c-research-tile u-no-last-margin\" href=\"https:\/\/egap.org\/resource\/mercury-project-spotlight-paul-kawale\/\" title=\"\" target=\"\" rel=\"\">\n  <hr class=\"c-research-tile__bar\">\n  <div class=\"c-research-tile__type u-fw-700 u-c-heading\">Blog, Mercury Project<\/div>\n  <h4 class=\"c-research-tile__title o-h5 u-fw-400\">Mercury Project Spotlight: Paul Kawale<\/h4>\n  <\/a>\n\n\n\n<a class=\"c-research-tile u-no-last-margin\" href=\"https:\/\/egap.org\/resource\/mercury-project-spotlight-fortunate-machingura\/\" title=\"\" target=\"\" rel=\"\">\n  <hr class=\"c-research-tile__bar\">\n  <div class=\"c-research-tile__type u-fw-700 u-c-heading\">Blog, Mercury Project<\/div>\n  <h4 class=\"c-research-tile__title o-h5 u-fw-400\">Mercury Project Spotlight: Fortunate Machingura<\/h4>\n  <\/a>\n\n\n\n<a class=\"c-research-tile u-no-last-margin\" href=\"https:\/\/egap.org\/resource\/mercury-project-spotlight-jeremy-bowles-kevin-croke-horacio-larreguy-shelley-liu-john-marshall-and-africa-check\/\" title=\"\" target=\"\" rel=\"\">\n  <hr class=\"c-research-tile__bar\">\n  <div class=\"c-research-tile__type u-fw-700 u-c-heading\">Blog, Mercury Project, Priority Theme<\/div>\n  <h4 class=\"c-research-tile__title o-h5 u-fw-400\">Mercury Project Spotlight: Jeremy Bowles, Kevin Croke, Horacio Larreguy, Shelley Liu, John Marshall, and Africa Check<\/h4>\n  <\/a>\n\n\n\n  <\/div>\n<\/section>\n<\/div>\n\n\n<\/section>\n\n\n<\/section>\n","protected":false},"excerpt":{"rendered":"","protected":false},"author":7,"featured_media":0,"parent":0,"menu_order":0,"comment_status":"closed","ping_status":"closed","template":"","meta":{"_acf_changed":false,"footnotes":""},"class_list":["post-17479","page","type-page","status-publish","hentry"],"acf":[],"_links":{"self":[{"href":"https:\/\/egap.org\/fr\/wp-json\/wp\/v2\/pages\/17479","targetHints":{"allow":["GET"]}}],"collection":[{"href":"https:\/\/egap.org\/fr\/wp-json\/wp\/v2\/pages"}],"about":[{"href":"https:\/\/egap.org\/fr\/wp-json\/wp\/v2\/types\/page"}],"author":[{"embeddable":true,"href":"https:\/\/egap.org\/fr\/wp-json\/wp\/v2\/users\/7"}],"replies":[{"embeddable":true,"href":"https:\/\/egap.org\/fr\/wp-json\/wp\/v2\/comments?post=17479"}],"version-history":[{"count":37,"href":"https:\/\/egap.org\/fr\/wp-json\/wp\/v2\/pages\/17479\/revisions"}],"predecessor-version":[{"id":20594,"href":"https:\/\/egap.org\/fr\/wp-json\/wp\/v2\/pages\/17479\/revisions\/20594"}],"wp:attachment":[{"href":"https:\/\/egap.org\/fr\/wp-json\/wp\/v2\/media?parent=17479"}],"curies":[{"name":"wp","href":"https:\/\/api.w.org\/{rel}","templated":true}]}}