{"id":19760,"date":"2023-02-21T13:47:31","date_gmt":"2023-02-21T21:47:31","guid":{"rendered":"https:\/\/egap.org\/?post_type=resource&#038;p=19760"},"modified":"2023-02-21T13:47:32","modified_gmt":"2023-02-21T21:47:32","slug":"small-grants-spotlight-abby-cordova-natan-skigin","status":"publish","type":"resource","link":"https:\/\/egap.org\/es\/resource\/small-grants-spotlight-abby-cordova-natan-skigin\/","title":{"rendered":"Small Grants Spotlight: Abby C\u00f3rdova &#038; Nat\u00e1n Skigin"},"content":{"rendered":"<section class=\"c-section o-wrapper-padding\">\n  \n<section class=\"c-section__column\">\n  \n<nav class=\"c-breadcrumbs u-fsz-smallest u-c-gray-dark\">\n      <span class=\"c-breadcrumbs__item\"><a href=\"https:\/\/egap.org\/resources\/\">Featured Resources<\/a><\/span>\n  <\/nav>\n\n\n\n\n\n<\/section>\n\n\n<section class=\"c-section__columns is-resource-row is-header-row\">\n  \n\n<div class=\"wp-block-column is-vertically-aligned-bottom is-layout-flow wp-block-column-is-layout-flow\"><h1 class=\"c-page-title is-style-smaller o-h2\">\n  Small Grants Spotlight: Abby C\u00f3rdova &amp; Nat\u00e1n Skigin\n<\/h1>\n<\/div>\n\n\n\n<div class=\"wp-block-column is-vertically-aligned-bottom is-layout-flow wp-block-column-is-layout-flow\"><\/div>\n\n\n<\/section>\n\n\n<section class=\"c-section__columns\">\n  \n\n<div class=\"wp-block-column is-layout-flow wp-block-column-is-layout-flow\">\n<figure class=\"wp-block-image size-large is-resized\"><img loading=\"lazy\" decoding=\"async\" src=\"https:\/\/egap.org\/wp-content\/uploads\/2023\/02\/2_resourcememberphototemplate-43-2.png\" alt=\"\" class=\"wp-image-19661\" width=\"274\" height=\"274\" srcset=\"https:\/\/egap.org\/wp-content\/uploads\/2023\/02\/2_resourcememberphototemplate-43-2.png 250w, https:\/\/egap.org\/wp-content\/uploads\/2023\/02\/2_resourcememberphototemplate-43-2-150x150.png 150w, https:\/\/egap.org\/wp-content\/uploads\/2023\/02\/2_resourcememberphototemplate-43-2-142x142.png 142w, https:\/\/egap.org\/wp-content\/uploads\/2023\/02\/2_resourcememberphototemplate-43-2-40x40.png 40w, https:\/\/egap.org\/wp-content\/uploads\/2023\/02\/2_resourcememberphototemplate-43-2-80x80.png 80w\" sizes=\"auto, (max-width: 274px) 100vw, 274px\" \/><figcaption>Abby C\u00f3rdova<\/figcaption><\/figure>\n\n\n\n<figure class=\"wp-block-image size-large is-resized\"><img loading=\"lazy\" decoding=\"async\" src=\"https:\/\/egap.org\/wp-content\/uploads\/2023\/02\/nathan.png\" alt=\"\" class=\"wp-image-19666\" width=\"274\" height=\"274\" srcset=\"https:\/\/egap.org\/wp-content\/uploads\/2023\/02\/nathan.png 250w, https:\/\/egap.org\/wp-content\/uploads\/2023\/02\/nathan-150x150.png 150w, https:\/\/egap.org\/wp-content\/uploads\/2023\/02\/nathan-142x142.png 142w, https:\/\/egap.org\/wp-content\/uploads\/2023\/02\/nathan-40x40.png 40w, https:\/\/egap.org\/wp-content\/uploads\/2023\/02\/nathan-80x80.png 80w\" sizes=\"auto, (max-width: 274px) 100vw, 274px\" \/><figcaption>Nat\u00e1n Skigin<\/figcaption><\/figure>\n\n\n<\/div>\n\n\n\n<div class=\"wp-block-column is-layout-flow wp-block-column-is-layout-flow\"><time class=\"c-page-date u-fw-700 u-c-heading u-uppercase\">\n  febrero 21, 2023\n<\/time>\n\n\n\n<p class=\"o-generic-links\">Author: <a href=\"https:\/\/egap.org\/member\/monica-aldana\/\">Monica Aldana<\/a> &amp; <a href=\"https:\/\/egap.org\/member\/ayuko-picot\/\">Ayuko Picot<\/a><\/p>\n\n\n\n<p class=\"o-generic-links\">Tema: Desplazamiento, Migraci\u00f3n e Integraci\u00f3n&nbsp;<\/p>\n\n\n\n<p class=\"o-generic-links\">En el Research Grant Spotlight de hoy presentamos a Abby C\u00f3rdova y Nat\u00e1n Skigin, beneficiarios del <a href=\"https:\/\/egap.org\/our-work\/research-grants\/egap-latam-regional-hub-small-grants-fund\/\" target=\"_blank\" rel=\"noreferrer noopener\">Fondo de apoyo a la investigaci\u00f3n del EGAP LatAm Hub Regional.<\/a> Abby C\u00f3rdova es parte de la facultad de la Escuela Keough de Asuntos Globales en la Universidad de Notre Dame. C\u00f3rdova tiene un doctorado en Ciencias Pol\u00edticas de la Universidad de Vanderbilt. Nat\u00e1n Skigin es candidato a doctor en el Departamento de Ciencias Pol\u00edticas de la Universidad de Notre Dame y PhD Fellow en el Instituto Kellogg de Estudios Internacionales.<\/p>\n\n\n\n<p class=\"o-generic-links\">Hablamos con C\u00f3rdova y Skigin sobre su art\u00edculo <em>\u201cReducci\u00f3n del apoyo ciudadano a la violencia estatal contra inmigrantes indocumentados a trav\u00e9s de testimonios de v\u00edctimas y&nbsp; campa\u00f1as de informaci\u00f3n\u201d,<\/em> que forma parte de un proyecto m\u00e1s amplio titulado <a href=\"https:\/\/egap.org\/project\/overcoming-prejudice-and-discrimination-against-central-american-immigrants-in-mexico\/\" target=\"_blank\" rel=\"noreferrer noopener\">\u201cReducci\u00f3n del sentimiento anti-inmigrante y promoci\u00f3n del comportamiento pro-inmigrante en Pa\u00edses anfitriones de Am\u00e9rica Latina\u201d<\/a>. Su art\u00edculo examina los efectos de las campa\u00f1as de informaci\u00f3n y de las narrativas personales (testimonios)sobre las actitudes de los ciudadanos hacia inmigrantes indocumentados. En particular, en el art\u00edculo eval\u00faan efectos sobre el apoyo ciudadano al uso de la violencia estatal contra inmigrantes y su disposici\u00f3n a demandar rendici\u00f3n de cuentas. En su estudio encontraron&nbsp; que las personas participantes expuestas tanto a la informaci\u00f3n sobre el estado de derecho como a testimonios de inmigrantes expresaron m\u00e1s&nbsp; compasi\u00f3n hacia los inmigrantes, m\u00e1s enojo&nbsp; hacia las fuerzas estatales, y mas dispuestos a exigir al sistema judicial que procese&nbsp; a los responsables. Les preguntamos a C\u00f3rdova y Skigin sobre su experimento y los hallazgos del estudio.<\/p>\n\n\n\n<hr class=\"wp-block-separator\"\/>\n\n\n\n<figure class=\"wp-block-image size-large is-resized\"><img loading=\"lazy\" decoding=\"async\" src=\"https:\/\/egap.org\/wp-content\/uploads\/2023\/02\/fqo47zkxmaufuvf.jpg\" alt=\"\" class=\"wp-image-19689\" width=\"760\" height=\"351\" srcset=\"https:\/\/egap.org\/wp-content\/uploads\/2023\/02\/fqo47zkxmaufuvf.jpg 1599w, https:\/\/egap.org\/wp-content\/uploads\/2023\/02\/fqo47zkxmaufuvf-480x222.jpg 480w, https:\/\/egap.org\/wp-content\/uploads\/2023\/02\/fqo47zkxmaufuvf-1024x473.jpg 1024w, https:\/\/egap.org\/wp-content\/uploads\/2023\/02\/fqo47zkxmaufuvf-768x354.jpg 768w, https:\/\/egap.org\/wp-content\/uploads\/2023\/02\/fqo47zkxmaufuvf-1536x709.jpg 1536w, https:\/\/egap.org\/wp-content\/uploads\/2023\/02\/fqo47zkxmaufuvf-1366x630.jpg 1366w\" sizes=\"auto, (max-width: 760px) 100vw, 760px\" \/><figcaption>Abby C\u00f3rdova y Nat\u00e1n Skigin en una reuni\u00f3n con Fernanda Acevedo, coordinadora del refugio de inmigrantes \u00abHospitalidad y Solidaridad\u00bb en Tapachula, Chiapas, M\u00e9xico.<\/figcaption><\/figure>\n\n\n\n<p class=\"o-generic-links\"><strong>Ustedes realizaron su investigaci\u00f3n en M\u00e9xico, un pa\u00eds de tr\u00e1nsito para muchos migrantes centroamericanos que se dirigen hacia Estados Unidos. \u00bfPuede describir brevemente las actitudes de la poblaci\u00f3n local hacia los inmigrantes? \u00bfQu\u00e9 tan frecuente es el uso de la fuerza contra inmigrantes indocumentados en M\u00e9xico?<\/strong><\/p>\n\n\n\n<p class=\"o-generic-links\">Nuestro trabajo de campo en Ciudad de M\u00e9xico y en la ciudad de Tapachula, Chiapas, ubicada en la frontera sur de M\u00e9xico, fue importante para identificar creencias comunes sobre los inmigrantes y los tipos de intervenciones que podr\u00edan ser efectivas para reducir la discriminaci\u00f3n. Nos dimos cuenta de la realidad que enfrentan los inmigrantes en M\u00e9xico justo despu\u00e9s de aterrizar en la ciudad de Tapachula. El taxista que nos llev\u00f3 del aeropuerto al lugar donde nos hospedamos empez\u00f3 a contarnos c\u00f3mo algunos inmigrantes pueden ser peligrosos, sobre todo si son centroamericanos, indicando que en los mercados locales la gente a veces persigue a inmigrantes sospechosos de delitos y toman este asunto por mano propia. Adem\u00e1s de retratar a los inmigrantes como delincuentes, muchos de nuestros entrevistados se refirieron a la creencia com\u00fan de que los altos flujos de inmigraci\u00f3n hacia un pa\u00eds pobre como M\u00e9xico podr\u00edan agotar los recursos que ya de por s\u00ed resultan limitados.<\/p>\n\n\n\n<p class=\"o-generic-links\">A partir de nuestras entrevistas cualitativas y de los datos de nuestra encuesta realizada con un panel de tres olas queda claro que en M\u00e9xico las creencias de que los inmigrantes representan una amenaza a la seguridad y una carga econ\u00f3mica para el pa\u00eds son muy comunes entre la poblaci\u00f3n. Nuestros hallazgos se asemejan a los de una encuesta realizada en 2020 por el <a href=\"https:\/\/www.latinobarometro.org\/lat.jsp?Idioma=0\" target=\"_blank\" rel=\"noreferrer noopener\">Latinobar\u00f3metro<\/a>, la cual indica que m\u00e1s del 65% de los mexicanos cree que los inmigrantes aumentan los \u00edndices de criminalidad en el pa\u00eds, y que m\u00e1s del 60% considera que los inmigrantes representan una carga econ\u00f3mica para el Estado. Estos n\u00fameros son similares a los que encuentra esta misma encuesta en otros pa\u00edses de la regi\u00f3n que han experimentado flujos recientes de inmigrantes, como Chile y Colombia.<\/p>\n\n\n\n<p class=\"o-generic-links\">El uso de la violencia contra los inmigrantes por parte de las fuerzas armadas estatales refuerza el estereotipo negativo de que los inmigrantes representan una amenaza para la seguridad, a pesar de la abundante evidencia que demuestra que no es as\u00ed. En efecto, el gobierno mexicano ha implementado estrategias altamente represivas para contener la inmigraci\u00f3n en su territorio, desplegando <a href=\"https:\/\/es-us.noticias.yahoo.com\/sedena-leaks-gobierno-destina-7-120052014.html?guccounter=1&amp;guce_referrer=aHR0cHM6Ly93d3cuZ29vZ2xlLmNvbS8&amp;guce_referrer_sig=AQAAAC8k2OIXUKDt3Bnq7cd_h8bDTmGLwYhqsOuGBJG0DumGl1Zza2-IW-oR0bYwT-gRXNSIOE8NpdVhLXvi7LxIZ8C03Q0D71rUUVuNslUV9QZ9mhwT1d_NENQ_vo3-_o4be5nuYEQfLEAJLlanSP14B2d04x21E0fU8mFCwHmQG1vC\" target=\"_blank\" rel=\"noreferrer noopener\">siete veces m\u00e1s personal militar para frenar la inmigraci\u00f3n<\/a> que para cuestiones de seguridad, como el tr\u00e1fico de drogas y gasolina. Hasta enero de 2022, M\u00e9xico hab\u00eda desplegado <a href=\"https:\/\/bajolabota.com.mx\/\" target=\"_blank\" rel=\"noreferrer noopener\">28.397 agentes de seguridad del estado<\/a> en sus fronteras norte y sur. El uso generalizado de la fuerza estatal contra los inmigrantes viola las leyes internacionales. Por su parte, las organizaciones de la sociedad civil que defienden los derechos humanos de los inmigrantes han <a href=\"https:\/\/bajolabota.com.mx\/\" target=\"_blank\" rel=\"noreferrer noopener\">documentado<\/a> ampliamente estos abusos.<\/p>\n\n\n\n<p class=\"o-generic-links\"><strong>Ustedes implementan dos estrategias para reducir el apoyo ciudadano a la violencia estatal contra los inmigrantes indocumentados en el experimento de su estudio. \u00bfPueden dar m\u00e1s detalles sobre estas intervenciones y comentar por qu\u00e9 eligieron centrarse en proporcionar informaci\u00f3n sobre la ley y los testimonios de los inmigrantes?<\/strong><\/p>\n\n\n\n<p class=\"o-generic-links\">Una idea com\u00fan es que las actitudes de las personas son el resultado del&nbsp; conocimiento o informaci\u00f3n previa con la que se cuenta. Por lo tanto, pensamos&nbsp; que proporcionar a las personas informaci\u00f3n sobre el estado de derecho y, espec\u00edficamente, sobre la ilegalidad del uso de la fuerza por parte del Estado en contra de inmigrantes para frenar su paso, podr\u00eda reducir el apoyo ciudadano a la represi\u00f3n. Sin embargo, seg\u00fan los resultados de investigaciones previas el ofrecer informaci\u00f3n precisa pudiera s\u00f3lo resultar en la actualizaci\u00f3n del conocimiento, y ser poco efectivo para alterar las actitudes de los ciudadanos. Esto nos llev\u00f3 a plantearnos la pregunta sobre&nbsp; qu\u00e9 tipo de informaci\u00f3n podr\u00eda cambiar las actitudes de los ciudadanos, pero tambi\u00e9n si otras intervenciones podr\u00edan ser m\u00e1s efectivas.<\/p>\n\n\n\n<p class=\"o-generic-links\">De hecho, las teor\u00edas desde la psicolog\u00eda afirman que los testimonios o las narrativas personales transportan directamente a las personas a las historias y, por lo tanto, tienden a ser m\u00e1s persuasivas y reducen la tendencia humana a contraargumentar para defender las posiciones originales que se tiene. Las narrativas tambi\u00e9n pueden generar&nbsp; reacciones emocionales entre las audiencias. Por ejemplo, algunas investigaciones recientes muestran que escuchar experiencias personales reduce los prejuicios hacia otros grupos, incluso en situaciones de conflicto. Para nosotros, estos hallazgos previos resonaban con las experiencias que tuvimos durante el trabajo de campo, ya que el escuchar de primera mano acerca de los desaf\u00edos que afrontan los inmigrantes fue profundamente conmovedor. Es as\u00ed que decidimos incluir en nuestro experimento mensajes que conten\u00edan informaci\u00f3n sobre el estado de derecho (es decir, c\u00f3mo las fuerzas estatales deben tratar a los inmigrantes seg\u00fan la ley) y testimonios originales que recopilamos durante nuestras entrevistas en M\u00e9xico. En particular,&nbsp; el testimonio de un inmigrante centroamericano que fue herido por Fuerzas de seguridad mexicanas, a quien obligaron a tirarse de un puente, terminando con m\u00faltiples heridas y una pierna fracturada.<\/p>\n\n\n\n<p class=\"o-generic-links\"><strong>El proyecto fue el resultado de una colaboraci\u00f3n entre el equipo de investigaci\u00f3n y una organizaci\u00f3n humanitaria internacional. \u00bfC\u00f3mo y por qu\u00e9 establecieron esta asociaci\u00f3n?<\/strong><\/p>\n\n\n\n<p class=\"o-generic-links\">En el oto\u00f1o de 2021, Nat\u00e1n estaba realizando entrevistas para su tesis de doctorado, la cual analiza c\u00f3mo generar solidaridad hacia las v\u00edctimas de graves abusos contra los derechos humanos en Am\u00e9rica Latina. Una de esas entrevistas fue con la jefa del equipo de comunicaciones de una organizaci\u00f3n humanitaria mundial. El objetivo era entender c\u00f3mo elaboraban sus campa\u00f1as en los medios para fomentar la empat\u00eda. A medida que avanzaba la conversaci\u00f3n, qued\u00f3 claro que Nat\u00e1n pod\u00eda colaborar con esta organizaci\u00f3n para evaluar si sus campa\u00f1as eran efectivas o no. En alg\u00fan momento, sin embargo, su entrevistada sugiri\u00f3 probar tambi\u00e9n sus campa\u00f1as sobre inmigraci\u00f3n. Dado que ambos est\u00e1bamos interesados en el tema de las actitudes hacia los inmigrantes, esta fue una gran oportunidad para trabajar junto con la organizaci\u00f3n humanitaria para evaluar los efectos de las campa\u00f1as enfocadas en promover actitudes a favor de los inmigrantes.<\/p>\n\n\n\n<p class=\"o-generic-links\">Posteriormente, dicha organizaci\u00f3n humanitaria nos envi\u00f3 una amplia gama de videos que hab\u00edan utilizado durante sus campa\u00f1as y que planeaban difundir en las redes sociales por primera vez. Despu\u00e9s de revisarlos, seleccionamos aquellos que coincid\u00edan con nuestros conocimientos te\u00f3ricos extra\u00eddos de la literatura y de nuestro trabajo de campo, incluido el video informativo que incluimos en el estudio, adem\u00e1s de otros que usamos en otros estudios que tambi\u00e9n forman parte del proyecto. Por ejemplo, un video que desmitifica la idea de que los inmigrantes son delincuentes, sino que m\u00e1s bien huyen de la violencia.<\/p>\n\n\n\n<p class=\"o-generic-links\"><strong>\u00bfDe qu\u00e9 manera la combinaci\u00f3n de mensajes informativos y testimonios de inmigrantes, en lugar de mensajes meramente informativos o el s\u00f3lo uso de testimonios, redujo el apoyo a la violencia estatal y aument\u00f3 las demandas por mayor rendici\u00f3n de cuentas?<\/strong><\/p>\n\n\n\n<p class=\"o-generic-links\">Brindar informaci\u00f3n sobre la naturaleza il\u00edcita del uso de la fuerza contra inmigrantes conllevo a los encuestados a exigir&nbsp; que el sistema judicial investigue y procese&nbsp; a agentes de la Guardia Nacional que usan la fuerza para impedir la entrada de inmigrantes indocumentados a M\u00e9xico. Aprender sobre los derechos de los inmigrantes y las restricciones impuestas por la ley a los agentes de seguridad tambi\u00e9n provoc\u00f3 enojo hacia los perpetradores estatales. Sin embargo, no provoc\u00f3 compasi\u00f3n hacia los inmigrantes, ni redujo el apoyo a la violencia estatal de manera significativa.<\/p>\n\n\n\n<p class=\"o-generic-links\">En contraste, el testimonio del inmigrante (nuestra intervenci\u00f3n basada en \u201cperspective-getting\u201d, tal como se conoce en la literatura) redujo el apoyo a la violencia estatal contra las caravanas y protestas de inmigrantes, al mismo tiempo que indujo compasi\u00f3n por los inmigrantes y provoc\u00f3 enojo hacia los funcionarios estatales que reprimen a los inmigrantes. Sin embargo, debido a que el testimonio no transmiti\u00f3 ninguna informaci\u00f3n acerca de si el comportamiento de las fuerzas de seguridad era legal o no, no cambi\u00f3 la disposici\u00f3n de los participantes de demandar justicia, es decir hacerlos rendir cuentas.<\/p>\n\n\n\n<p class=\"o-generic-links\">Solamente cuando los encuestados leyeron de primera mano sobre las experiencias de los inmigrantes con relaci\u00f3n a la victimizaci\u00f3n estatal y supieron que el uso de la fuerza contra los inmigrantes para contener la inmigraci\u00f3n indocumentada es ilegal, expresaron un menor apoyo a la violencia estatal, as\u00ed como un mayor apoyo al procesamiento judicial de agentes de la Guardia Nacional, adem\u00e1s de mayor compasi\u00f3n por los inmigrantes e ira hacia los perpetradores. La Figura 1 resume estos resultados.<\/p>\n\n\n\n<p class=\"o-generic-links\"><strong><strong>Figura 1. Efectos Promedio del Tratamiento sobre las Variables Dependientes<\/strong>pendent Variables<\/strong><\/p>\n\n\n\n<figure class=\"wp-block-image size-large is-resized\"><img loading=\"lazy\" decoding=\"async\" src=\"https:\/\/egap.org\/wp-content\/uploads\/2023\/02\/picture1.png\" alt=\"\" class=\"wp-image-19697\" width=\"619\" height=\"319\" srcset=\"https:\/\/egap.org\/wp-content\/uploads\/2023\/02\/picture1.png 977w, https:\/\/egap.org\/wp-content\/uploads\/2023\/02\/picture1-480x248.png 480w, https:\/\/egap.org\/wp-content\/uploads\/2023\/02\/picture1-768x396.png 768w\" sizes=\"auto, (max-width: 619px) 100vw, 619px\" \/><figcaption>Fuente: C\u00f3rdova, Abby, y Nat\u00e1n Skigin. 2022. \u201cReducci\u00f3n del apoyo ciudadano a la violencia estatal contra inmigrantes indocumentados a trav\u00e9s de testimonios de v\u00edctimas y campa\u00f1as de informaci\u00f3n\u201d. Documento de Trabajo.<\/figcaption><\/figure>\n\n\n\n<p class=\"o-generic-links\">En resumen, nuestros resultados sugieren que educar al p\u00fablico sobre la ley y los derechos de los inmigrantes no es suficiente para reducir el apoyo a la violencia estatal y generar actitudes favorables hacia los inmigrantes indocumentados. Un enfoque hol\u00edstico para reducir el apoyo ciudadano a la violencia estatal, que adem\u00e1s genere un mayor demanda de rendici\u00f3n de cuentas, requiere difundir informaci\u00f3n sobre la ley y escuchar a las propias v\u00edctimas sobre sus experiencias con abuso estatal.&nbsp;<\/p>\n\n\n\n<p class=\"o-generic-links\"><strong>\u00bfCu\u00e1les son las implicaciones de estos hallazgos para las organizaciones humanitarias que abogan por el apoyo ciudadano a los derechos de los inmigrantes indocumentados?<\/strong><\/p>\n\n\n\n<p class=\"o-generic-links\">Nuestro proyecto m\u00e1s amplio implic\u00f3 tambi\u00e9n probar los efectos de estrategias basadas en \u201cperspective-getting\u201d adoptadas por campa\u00f1as en los medios, las cuales inclu\u00edan diversos testimonios de inmigrantes. A trav\u00e9s de experimentos, encontramos que las narrativas personales, incluidas aquellas destinadas a desmantelar los estereotipos de que los inmigrantes aumentan el crimen y que son una carga econ\u00f3mica, dan como resultado actitudes y comportamientos m\u00e1s inclusivos. Por ejemplo, nuestros experimentos que contienen narrativas personales que contrarrestan la creencia de que los inmigrantes son delincuentes dieron como resultado un mayor apoyo para otorgar acceso a los servicios b\u00e1sicos a los inmigrantes, como salud y educaci\u00f3n, y una mayor intenci\u00f3n de votar por un candidato pol\u00edtico que apoya la integraci\u00f3n de los inmigrantes. En resumen, nuestros estudios demuestran&nbsp; que las narrativas personales son poderosas para generar apoyo a favor de&nbsp; inmigrantes indocumentados. En este art\u00edculo en particular buscamos reducir el apoyo a la violencia estatal y aumentar las demandas de justicia, para lo cual combinamos narrativas personales con un tratamiento de informaci\u00f3n, descubriendo que estas intervenciones se complementan entre s\u00ed. En su conjunto, los resultados de nuestros estudios indican que las campa\u00f1as&nbsp; de las organizaciones humanitarias en las redes sociales tienen un gran potencial para fomentar un cambio duradero de actitudes y comportamientos favorables hacia la poblaci\u00f3n inmigrante, particularmente si sus mensajes combinan narrativas personales e informaci\u00f3n fidedigna que corrijan percepciones infundadas.<\/p>\n<\/div>\n\n\n<\/section>\n\n\n<\/section>\n","protected":false},"featured_media":19676,"comment_status":"closed","ping_status":"closed","template":"","thematic-area":[191],"research-region":[99],"resource-type":[176,226],"country":[40],"class_list":["post-19760","resource","type-resource","status-publish","has-post-thumbnail","hentry","thematic-area-displacement-migration-integration","research-region-latin-america-and-the-caribbean","resource-type-blog","resource-type-small-grants","country-mexico"],"acf":[],"_links":{"self":[{"href":"https:\/\/egap.org\/es\/wp-json\/wp\/v2\/resource\/19760","targetHints":{"allow":["GET"]}}],"collection":[{"href":"https:\/\/egap.org\/es\/wp-json\/wp\/v2\/resource"}],"about":[{"href":"https:\/\/egap.org\/es\/wp-json\/wp\/v2\/types\/resource"}],"replies":[{"embeddable":true,"href":"https:\/\/egap.org\/es\/wp-json\/wp\/v2\/comments?post=19760"}],"version-history":[{"count":9,"href":"https:\/\/egap.org\/es\/wp-json\/wp\/v2\/resource\/19760\/revisions"}],"predecessor-version":[{"id":19778,"href":"https:\/\/egap.org\/es\/wp-json\/wp\/v2\/resource\/19760\/revisions\/19778"}],"wp:featuredmedia":[{"embeddable":true,"href":"https:\/\/egap.org\/es\/wp-json\/wp\/v2\/media\/19676"}],"wp:attachment":[{"href":"https:\/\/egap.org\/es\/wp-json\/wp\/v2\/media?parent=19760"}],"wp:term":[{"taxonomy":"thematic-area","embeddable":true,"href":"https:\/\/egap.org\/es\/wp-json\/wp\/v2\/thematic-area?post=19760"},{"taxonomy":"research-region","embeddable":true,"href":"https:\/\/egap.org\/es\/wp-json\/wp\/v2\/research-region?post=19760"},{"taxonomy":"resource-type","embeddable":true,"href":"https:\/\/egap.org\/es\/wp-json\/wp\/v2\/resource-type?post=19760"},{"taxonomy":"country","embeddable":true,"href":"https:\/\/egap.org\/es\/wp-json\/wp\/v2\/country?post=19760"}],"curies":[{"name":"wp","href":"https:\/\/api.w.org\/{rel}","templated":true}]}}