{"id":16385,"date":"2022-05-30T10:34:56","date_gmt":"2022-05-30T17:34:56","guid":{"rendered":"https:\/\/egap.org\/?post_type=resource&#038;p=16385"},"modified":"2022-06-16T09:35:33","modified_gmt":"2022-06-16T16:35:33","slug":"serie-de-seminarios-sobre-temas-prioritarios-covid-19-y-salud-mental-materna-de-desplazados-internos-en-colombia","status":"publish","type":"resource","link":"https:\/\/egap.org\/es\/resource\/serie-de-seminarios-sobre-temas-prioritarios-covid-19-y-salud-mental-materna-de-desplazados-internos-en-colombia\/","title":{"rendered":"Serie de seminarios sobre temas prioritarios: COVID-19 y Salud Mental Materna de desplazados internos en Colombia\u00a0"},"content":{"rendered":"<section class=\"c-section o-wrapper-padding\">\n  \n<section class=\"c-section__column\">\n  \n<nav class=\"c-breadcrumbs u-fsz-smallest u-c-gray-dark\">\n      <span class=\"c-breadcrumbs__item\"><a href=\"https:\/\/egap.org\/resources\/\">Featured Resources<\/a><\/span>\n  <\/nav>\n\n\n\n<\/section>\n\n\n<section class=\"c-section__columns is-resource-row is-header-row\">\n  \n\n<div class=\"wp-block-column is-vertically-aligned-bottom is-layout-flow wp-block-column-is-layout-flow\"><h1 class=\"c-page-title is-style-smaller o-h2\">\n  <strong>COVID-19 y Salud Mental Materna de desplazados internos en Colombia\u00a0<\/strong>\n<\/h1>\n<\/div>\n\n\n\n<div class=\"wp-block-column is-vertically-aligned-bottom is-layout-flow wp-block-column-is-layout-flow\"><\/div>\n\n\n<\/section>\n\n\n<section class=\"c-section__columns\">\n  \n\n<div class=\"wp-block-column is-layout-flow wp-block-column-is-layout-flow\">\n<figure class=\"wp-block-image size-large\"><img loading=\"lazy\" decoding=\"async\" width=\"1024\" height=\"683\" src=\"https:\/\/egap.org\/wp-content\/uploads\/2022\/05\/44883916285_e3d387e727_b.jpeg\" alt=\"\" class=\"wp-image-16339\" srcset=\"https:\/\/egap.org\/wp-content\/uploads\/2022\/05\/44883916285_e3d387e727_b.jpeg 1024w, https:\/\/egap.org\/wp-content\/uploads\/2022\/05\/44883916285_e3d387e727_b-480x320.jpeg 480w, https:\/\/egap.org\/wp-content\/uploads\/2022\/05\/44883916285_e3d387e727_b-768x512.jpeg 768w\" sizes=\"auto, (max-width: 1024px) 100vw, 1024px\" \/><\/figure>\n<\/div>\n\n\n\n<div class=\"wp-block-column is-layout-flow wp-block-column-is-layout-flow\">\n<p class=\"o-generic-links\"><span style=\"text-decoration: underline;\">Ciclo de Seminarios sobre Desplazamiento, Migraci\u00f3n e Integraci\u00f3n:<br><\/span><strong><strong>COVID-19 y Salud Mental Materna de desplazados internos en Colombia&nbsp;<\/strong><\/strong><br>Martes 14 de junio&nbsp;| 9&nbsp;A.M. PT \/ 12&nbsp;P.M. ET<\/p>\n\n\n\n<p class=\"o-generic-links\"><strong><a href=\"https:\/\/egap.org\/resource\/priority-theme-seminar-series-covid-19-and-maternal-mental-health-among-internally-displaced-persons-in-colombia\/\" target=\"_blank\" rel=\"noreferrer noopener\">Invitaci\u00f3n en Ingl\u00e9s<\/a><\/strong><\/p>\n\n\n\n<p class=\"o-generic-links\">El COVID-19 y sus efectos en la salud mental materna han sido poco estudiados en poblaciones vulnerables, especialmente aquellas expuestas a entornos fr\u00e1giles, afectadas por diferentes conflictos. En este evento de la serie de seminarios EGAP sobre <a href=\"https:\/\/nam10.safelinks.protection.outlook.com\/?url=https%3A%2F%2Fegap.org%2Four-work%2Fpriority-themes%2Fdisplacement-migration-integration%2F%3Futm_source%3DEGAP%2BCommunity%26utm_campaign%3D1a62d375d2-EMAIL_CAMPAIGN_2020_10_15_10_51_COPY_01%26utm_medium%3Demail%26utm_term%3D0_847cab4af0-1a62d375d2-&amp;data=05%7C01%7Cegap_latam%40uniandes.edu.co%7C4f3436955f464c461f2b08da3f65afa3%7Cfabd047cff48492a8bbb8f98b9fb9cca%7C0%7C0%7C637892003246297337%7CUnknown%7CTWFpbGZsb3d8eyJWIjoiMC4wLjAwMDAiLCJQIjoiV2luMzIiLCJBTiI6Ik1haWwiLCJXVCI6Mn0%3D%7C3000%7C%7C%7C&amp;sdata=%2FU3KGsnz%2BCLvAMixUSS2l%2BCr3aZ9LNIMHGjtikhC%2Fq0%3D&amp;reserved=0\" target=\"_blank\" rel=\"noreferrer noopener\">Desplazamiento, Migraci\u00f3n e Integraci\u00f3n<\/a> del 14 de junio, compartiremos los resultados de un Ensayo Controlado Aleatorio realizado en Tumaco, Colombia, un territorio que presenta altos \u00edndices de desigualdad, pobreza, as\u00ed como conflicto armado asociado entre otras cosas al narcotr\u00e1fico. Este estudio analiz\u00f3 c\u00f3mo la pandemia afect\u00f3 la salud mental y el estr\u00e9s parental entre los cuidadores (muchos de los cuales son desplazados internos) a trav\u00e9s de un programa psicosocial que busca restaurar la salud mental materna y mejorar el desarrollo de la primera infancia entre las familias expuestas a la violencia.<br><br><a href=\"https:\/\/nam10.safelinks.protection.outlook.com\/?url=https%3A%2F%2Fegap.org%2Fmember%2Fandres-moya%2F%3Futm_source%3DEGAP%2BCommunity%26utm_campaign%3D1a62d375d2-EMAIL_CAMPAIGN_2020_10_15_10_51_COPY_01%26utm_medium%3Demail%26utm_term%3D0_847cab4af0-1a62d375d2-&amp;data=05%7C01%7Cegap_latam%40uniandes.edu.co%7C4f3436955f464c461f2b08da3f65afa3%7Cfabd047cff48492a8bbb8f98b9fb9cca%7C0%7C0%7C637892003246297337%7CUnknown%7CTWFpbGZsb3d8eyJWIjoiMC4wLjAwMDAiLCJQIjoiV2luMzIiLCJBTiI6Ik1haWwiLCJXVCI6Mn0%3D%7C3000%7C%7C%7C&amp;sdata=mIeakXDwN9xMkr8uGmgiYKJo9sGnSVbRV06ulbkVI9c%3D&amp;reserved=0\" target=\"_blank\" rel=\"noreferrer noopener\">Andr\u00e9s Moya<\/a>, investigador, (UniAndes), junto con representantes de las organizaciones que implementaron el programa: <a href=\"https:\/\/nam10.safelinks.protection.outlook.com\/?url=https%3A%2F%2Fafecolombia.org%2Ffundacion%2Funited-way-colombia%2F%3Futm_source%3DEGAP%2BCommunity%26utm_campaign%3D1a62d375d2-EMAIL_CAMPAIGN_2020_10_15_10_51_COPY_01%26utm_medium%3Demail%26utm_term%3D0_847cab4af0-1a62d375d2-&amp;data=05%7C01%7Cegap_latam%40uniandes.edu.co%7C4f3436955f464c461f2b08da3f65afa3%7Cfabd047cff48492a8bbb8f98b9fb9cca%7C0%7C0%7C637892003246297337%7CUnknown%7CTWFpbGZsb3d8eyJWIjoiMC4wLjAwMDAiLCJQIjoiV2luMzIiLCJBTiI6Ik1haWwiLCJXVCI6Mn0%3D%7C3000%7C%7C%7C&amp;sdata=bBR%2BQyRzBupejna4KnlsSjVVKxVzdmBn5H%2BMC06%2FQwk%3D&amp;reserved=0\" target=\"_blank\" rel=\"noreferrer noopener\">Cristina Guti\u00e9rrez de Pi\u00f1eres<\/a> (United Way) y <a href=\"https:\/\/nam10.safelinks.protection.outlook.com\/?url=https%3A%2F%2Fwww.fundacionexito.org%2Fequipo-de-trabajo%2Farea-de-inversion-social-y%2Fdiana-pineda%3Futm_source%3DEGAP%2BCommunity%26utm_campaign%3D1a62d375d2-EMAIL_CAMPAIGN_2020_10_15_10_51_COPY_01%26utm_medium%3Demail%26utm_term%3D0_847cab4af0-1a62d375d2-&amp;data=05%7C01%7Cegap_latam%40uniandes.edu.co%7C4f3436955f464c461f2b08da3f65afa3%7Cfabd047cff48492a8bbb8f98b9fb9cca%7C0%7C0%7C637892003246297337%7CUnknown%7CTWFpbGZsb3d8eyJWIjoiMC4wLjAwMDAiLCJQIjoiV2luMzIiLCJBTiI6Ik1haWwiLCJXVCI6Mn0%3D%7C3000%7C%7C%7C&amp;sdata=7YFBtUsv9dv7BdtD5ebaR9AWcDC39jJLoQTBKR8rOPI%3D&amp;reserved=0\" target=\"_blank\" rel=\"noreferrer noopener\">Diana Mar\u00eda Pineda Ruiz<\/a> (Fundaci\u00f3n \u00c9xito) discutir\u00e1n los conocimientos que surgen de su investigaci\u00f3n y sus implicaciones para la formulaci\u00f3n de pol\u00edticas nacionales sobre la salud mental de los desplazados internos y otras poblaciones vulnerables. <a href=\"https:\/\/nam10.safelinks.protection.outlook.com\/?url=https%3A%2F%2Fegap.org%2Fmember%2Frosario-aguilar%2F%3Futm_source%3DEGAP%2BCommunity%26utm_campaign%3D1a62d375d2-EMAIL_CAMPAIGN_2020_10_15_10_51_COPY_01%26utm_medium%3Demail%26utm_term%3D0_847cab4af0-1a62d375d2-&amp;data=05%7C01%7Cegap_latam%40uniandes.edu.co%7C4f3436955f464c461f2b08da3f65afa3%7Cfabd047cff48492a8bbb8f98b9fb9cca%7C0%7C0%7C637892003246453578%7CUnknown%7CTWFpbGZsb3d8eyJWIjoiMC4wLjAwMDAiLCJQIjoiV2luMzIiLCJBTiI6Ik1haWwiLCJXVCI6Mn0%3D%7C3000%7C%7C%7C&amp;sdata=VrmvjdYJ4pWLjxldRHTpp%2Fg3J4qnadTvxIJrUfUHbw8%3D&amp;reserved=0\" target=\"_blank\" rel=\"noreferrer noopener\">Rosario Aguilar<\/a>, miembro de EGAP, moderar\u00e1 el evento.<\/p>\n\n\n\n<p class=\"o-generic-links\">Este evento se llevar\u00e1 a cabo en espa\u00f1ol, con traducci\u00f3n simult\u00e1nea a ingl\u00e9s, y contar\u00e1 con una introducci\u00f3n del tema prioritario de EGAP sobre Desplazamiento, Migraci\u00f3n e Integraci\u00f3n, seguido de un panel de discusi\u00f3n y una sesi\u00f3n de preguntas y respuestas por parte de la audiencia.<br><br>Panel:&nbsp;<a href=\"https:\/\/nam10.safelinks.protection.outlook.com\/?url=https%3A%2F%2Fegap.org%2Fmember%2Fandres-moya%2F%3Futm_source%3DEGAP%2BCommunity%26utm_campaign%3D1a62d375d2-EMAIL_CAMPAIGN_2020_10_15_10_51_COPY_01%26utm_medium%3Demail%26utm_term%3D0_847cab4af0-1a62d375d2-&amp;data=05%7C01%7Cegap_latam%40uniandes.edu.co%7C4f3436955f464c461f2b08da3f65afa3%7Cfabd047cff48492a8bbb8f98b9fb9cca%7C0%7C0%7C637892003246453578%7CUnknown%7CTWFpbGZsb3d8eyJWIjoiMC4wLjAwMDAiLCJQIjoiV2luMzIiLCJBTiI6Ik1haWwiLCJXVCI6Mn0%3D%7C3000%7C%7C%7C&amp;sdata=%2FmBMQ66Yj0AIMtv5NxWcFM2Xp71a5BAVwmiUXBUEigk%3D&amp;reserved=0\" target=\"_blank\" rel=\"noreferrer noopener\">Andr\u00e9s Moya<\/a>&nbsp;(UniAndes),&nbsp;<a href=\"https:\/\/nam10.safelinks.protection.outlook.com\/?url=https%3A%2F%2Fafecolombia.org%2Ffundacion%2Funited-way-colombia%2F%3Futm_source%3DEGAP%2BCommunity%26utm_campaign%3D1a62d375d2-EMAIL_CAMPAIGN_2020_10_15_10_51_COPY_01%26utm_medium%3Demail%26utm_term%3D0_847cab4af0-1a62d375d2-&amp;data=05%7C01%7Cegap_latam%40uniandes.edu.co%7C4f3436955f464c461f2b08da3f65afa3%7Cfabd047cff48492a8bbb8f98b9fb9cca%7C0%7C0%7C637892003246453578%7CUnknown%7CTWFpbGZsb3d8eyJWIjoiMC4wLjAwMDAiLCJQIjoiV2luMzIiLCJBTiI6Ik1haWwiLCJXVCI6Mn0%3D%7C3000%7C%7C%7C&amp;sdata=ylqCGMhZLNammYEvoXhC9%2BC61Og9BXWVWyWlyTqL0TU%3D&amp;reserved=0\" target=\"_blank\" rel=\"noreferrer noopener\">Cristina Gutierrez de Pi\u00f1eres<\/a>&nbsp;(United Way), y&nbsp;<a href=\"https:\/\/nam10.safelinks.protection.outlook.com\/?url=https%3A%2F%2Fwww.fundacionexito.org%2Fequipo-de-trabajo%2Farea-de-inversion-social-y%2Fdiana-pineda%3Futm_source%3DEGAP%2BCommunity%26utm_campaign%3D1a62d375d2-EMAIL_CAMPAIGN_2020_10_15_10_51_COPY_01%26utm_medium%3Demail%26utm_term%3D0_847cab4af0-1a62d375d2-&amp;data=05%7C01%7Cegap_latam%40uniandes.edu.co%7C4f3436955f464c461f2b08da3f65afa3%7Cfabd047cff48492a8bbb8f98b9fb9cca%7C0%7C0%7C637892003246453578%7CUnknown%7CTWFpbGZsb3d8eyJWIjoiMC4wLjAwMDAiLCJQIjoiV2luMzIiLCJBTiI6Ik1haWwiLCJXVCI6Mn0%3D%7C3000%7C%7C%7C&amp;sdata=EOW%2BS46I%2Br8g12A2UFcZJjU6eFvjockbkgqcJaIlYhM%3D&amp;reserved=0\" target=\"_blank\" rel=\"noreferrer noopener\">Diana Mar\u00eda Pineda Ruiz<\/a>&nbsp;(Fundaci\u00f3n \u00c9xito)<\/p>\n\n\n\n<p class=\"o-generic-links\">Anfitriona y Moderadora:&nbsp;<a rel=\"noreferrer noopener\" href=\"https:\/\/nam10.safelinks.protection.outlook.com\/?url=https%3A%2F%2Fegap.org%2Fmember%2Frosario-aguilar%2F%3Futm_source%3DEGAP%2BCommunity%26utm_campaign%3D1a62d375d2-EMAIL_CAMPAIGN_2020_10_15_10_51_COPY_01%26utm_medium%3Demail%26utm_term%3D0_847cab4af0-1a62d375d2-&amp;data=05%7C01%7Cegap_latam%40uniandes.edu.co%7C4f3436955f464c461f2b08da3f65afa3%7Cfabd047cff48492a8bbb8f98b9fb9cca%7C0%7C0%7C637892003246453578%7CUnknown%7CTWFpbGZsb3d8eyJWIjoiMC4wLjAwMDAiLCJQIjoiV2luMzIiLCJBTiI6Ik1haWwiLCJXVCI6Mn0%3D%7C3000%7C%7C%7C&amp;sdata=VrmvjdYJ4pWLjxldRHTpp%2Fg3J4qnadTvxIJrUfUHbw8%3D&amp;reserved=0\" target=\"_blank\">Rosario Aguilar<\/a>&nbsp;(Newcastle University)<\/p>\n\n\n\n<p class=\"o-generic-links\"><strong>Puede ver la presentaci\u00f3n completa a continuaci\u00f3n. Despu\u00e9s de verla, publique un comentario o pregunta en la parte inferior de la p\u00e1gina para participar en la discusi\u00f3n en curso sobre este tema.<\/strong><\/p>\n\n\n\n<figure class=\"wp-block-embed-youtube wp-block-embed is-type-video is-provider-youtube wp-embed-aspect-16-9 wp-has-aspect-ratio\"><div class=\"wp-block-embed__wrapper\">\n<div class=\"c-embed c-embed--video\"><iframe loading=\"lazy\" title=\"EGAP Ciclo de Seminarios: COVID-19 y Salud Mental Materna de desplazados internos en Colombia\" width=\"500\" height=\"281\" src=\"https:\/\/www.youtube.com\/embed\/0LZgpLe8fBE?feature=oembed\" frameborder=\"0\" allow=\"accelerometer; autoplay; clipboard-write; encrypted-media; gyroscope; picture-in-picture; web-share\" referrerpolicy=\"strict-origin-when-cross-origin\" allowfullscreen><\/iframe><\/div>\n<\/div><\/figure>\n\n\n\n\n\n<p class=\"o-generic-links\"><strong>Panelists<\/strong><\/p>\n\n\n\n<div class=\"wp-block-columns is-layout-flex wp-container-core-columns-is-layout-9d6595d7 wp-block-columns-is-layout-flex\">\n<div class=\"wp-block-column is-layout-flow wp-block-column-is-layout-flow\" style=\"flex-basis:33.33%\">\n<figure class=\"wp-block-image size-large\"><img loading=\"lazy\" decoding=\"async\" width=\"260\" height=\"260\" src=\"https:\/\/egap.org\/wp-content\/uploads\/2022\/05\/0_andres.png\" alt=\"\" class=\"wp-image-16240\" srcset=\"https:\/\/egap.org\/wp-content\/uploads\/2022\/05\/0_andres.png 260w, https:\/\/egap.org\/wp-content\/uploads\/2022\/05\/0_andres-150x150.png 150w, https:\/\/egap.org\/wp-content\/uploads\/2022\/05\/0_andres-142x142.png 142w, https:\/\/egap.org\/wp-content\/uploads\/2022\/05\/0_andres-40x40.png 40w, https:\/\/egap.org\/wp-content\/uploads\/2022\/05\/0_andres-80x80.png 80w\" sizes=\"auto, (max-width: 260px) 100vw, 260px\" \/><\/figure>\n<\/div>\n\n\n\n<div class=\"wp-block-column is-layout-flow wp-block-column-is-layout-flow\" style=\"flex-basis:66.66%\">\n<p class=\"o-generic-links\"><a rel=\"noreferrer noopener\" href=\"https:\/\/egap.org\/member\/andres-moya\/\" target=\"_blank\">Andr\u00e9s Moya<\/a> es Profesor Asociado del Departamento de Econom\u00eda de la Universidad de Los Andes en Bogot\u00e1, Colombia. Su investigaci\u00f3n se enmarca en los campos de Desarrollo, Comportamiento y Econom\u00eda Experimental. Gran parte del trabajo de Moya se ha centrado en las consecuencias econ\u00f3micas, psicol\u00f3gicas y conductuales de la violencia y el desplazamiento forzado en Colombia. Su trabajo actual se centra en analizar las consecuencias conductuales de la violencia en la primera infancia.<\/p>\n<\/div>\n<\/div>\n\n\n\n<div class=\"wp-block-columns is-layout-flex wp-container-core-columns-is-layout-9d6595d7 wp-block-columns-is-layout-flex\">\n<div class=\"wp-block-column is-layout-flow wp-block-column-is-layout-flow\" style=\"flex-basis:33.33%\"><\/div>\n\n\n\n<div class=\"wp-block-column is-layout-flow wp-block-column-is-layout-flow\" style=\"flex-basis:66.66%\"><\/div>\n<\/div>\n\n\n\n<div class=\"wp-block-columns is-layout-flex wp-container-core-columns-is-layout-9d6595d7 wp-block-columns-is-layout-flex\">\n<div class=\"wp-block-column is-layout-flow wp-block-column-is-layout-flow\" style=\"flex-basis:33.33%\">\n<figure class=\"wp-block-image size-large\"><img loading=\"lazy\" decoding=\"async\" width=\"260\" height=\"260\" src=\"https:\/\/egap.org\/wp-content\/uploads\/2022\/05\/cristina1.png\" alt=\"\" class=\"wp-image-16301\" srcset=\"https:\/\/egap.org\/wp-content\/uploads\/2022\/05\/cristina1.png 260w, https:\/\/egap.org\/wp-content\/uploads\/2022\/05\/cristina1-150x150.png 150w, https:\/\/egap.org\/wp-content\/uploads\/2022\/05\/cristina1-142x142.png 142w, https:\/\/egap.org\/wp-content\/uploads\/2022\/05\/cristina1-40x40.png 40w, https:\/\/egap.org\/wp-content\/uploads\/2022\/05\/cristina1-80x80.png 80w\" sizes=\"auto, (max-width: 260px) 100vw, 260px\" \/><\/figure>\n<\/div>\n\n\n\n<div class=\"wp-block-column is-layout-flow wp-block-column-is-layout-flow\" style=\"flex-basis:66.66%\">\n<p class=\"o-generic-links\"><a rel=\"noreferrer noopener\" href=\"https:\/\/afecolombia.org\/fundacion\/united-way-colombia\/\" target=\"_blank\">Cristina Gutierrez de Pi\u00f1eres<\/a>&nbsp;es la Directora Ejecutiva de United Way Colombia, la cual es una fundaci\u00f3n con una red de personas, empresas y organizaciones p\u00fablicas y privadas que busca crear una sociedad m\u00e1s inclusiva mediante el desarrollo y la mejora de soluciones educativas innovadoras que apuntan a mejorar la calidad de la educaci\u00f3n en Colombia.<\/p>\n<\/div>\n<\/div>\n\n\n\n<div class=\"wp-block-columns is-layout-flex wp-container-core-columns-is-layout-9d6595d7 wp-block-columns-is-layout-flex\">\n<div class=\"wp-block-column is-layout-flow wp-block-column-is-layout-flow\" style=\"flex-basis:33.33%\">\n<figure class=\"wp-block-image size-large\"><img loading=\"lazy\" decoding=\"async\" width=\"260\" height=\"260\" src=\"https:\/\/egap.org\/wp-content\/uploads\/2022\/05\/0_diana.png\" alt=\"\" class=\"wp-image-16250\" srcset=\"https:\/\/egap.org\/wp-content\/uploads\/2022\/05\/0_diana.png 260w, https:\/\/egap.org\/wp-content\/uploads\/2022\/05\/0_diana-150x150.png 150w, https:\/\/egap.org\/wp-content\/uploads\/2022\/05\/0_diana-142x142.png 142w, https:\/\/egap.org\/wp-content\/uploads\/2022\/05\/0_diana-40x40.png 40w, https:\/\/egap.org\/wp-content\/uploads\/2022\/05\/0_diana-80x80.png 80w\" sizes=\"auto, (max-width: 260px) 100vw, 260px\" \/><\/figure>\n<\/div>\n\n\n\n<div class=\"wp-block-column is-layout-flow wp-block-column-is-layout-flow\" style=\"flex-basis:66.66%\">\n<p class=\"o-generic-links\"><a rel=\"noreferrer noopener\" href=\"https:\/\/www.fundacionexito.org\/equipo-de-trabajo\/area-de-inversion-social-y\/diana-pineda\" target=\"_blank\">Diana Mar\u00eda Pineda Ruiz<\/a>&nbsp;es L\u00edder de Inversi\u00f3n Social y Gesti\u00f3n del Conocimiento de la Fundaci\u00f3n \u00c9xito, la cual es una instituci\u00f3n sin fines de lucro que enfoca sus esfuerzos en la nutrici\u00f3n infantil. Diana Mar\u00eda es Nutricionista-Dietista, cuenta con m\u00e1s de 14 a\u00f1os de experiencia profesional en gesti\u00f3n de proyectos de nutrici\u00f3n materno infantil y en incidencia en pol\u00edticas p\u00fablicas en salud y desarrollo infantil temprano.<\/p>\n<\/div>\n<\/div>\n\n\n\n<p class=\"o-generic-links\"><strong>Moderator<\/strong><\/p>\n\n\n\n<div class=\"wp-block-columns is-layout-flex wp-container-core-columns-is-layout-9d6595d7 wp-block-columns-is-layout-flex\">\n<div class=\"wp-block-column is-layout-flow wp-block-column-is-layout-flow\" style=\"flex-basis:33.33%\">\n<figure class=\"wp-block-image size-large\"><img loading=\"lazy\" decoding=\"async\" width=\"260\" height=\"260\" src=\"https:\/\/egap.org\/wp-content\/uploads\/2022\/05\/0_rosario.png\" alt=\"\" class=\"wp-image-16255\" srcset=\"https:\/\/egap.org\/wp-content\/uploads\/2022\/05\/0_rosario.png 260w, https:\/\/egap.org\/wp-content\/uploads\/2022\/05\/0_rosario-150x150.png 150w, https:\/\/egap.org\/wp-content\/uploads\/2022\/05\/0_rosario-142x142.png 142w, https:\/\/egap.org\/wp-content\/uploads\/2022\/05\/0_rosario-40x40.png 40w, https:\/\/egap.org\/wp-content\/uploads\/2022\/05\/0_rosario-80x80.png 80w\" sizes=\"auto, (max-width: 260px) 100vw, 260px\" \/><\/figure>\n<\/div>\n\n\n\n<div class=\"wp-block-column is-layout-flow wp-block-column-is-layout-flow\" style=\"flex-basis:66.66%\">\n<p class=\"o-generic-links\"><a rel=\"noreferrer noopener\" href=\"https:\/\/egap.org\/member\/rosario-aguilar\/\" target=\"_blank\">Rosario Aguilar<\/a> es Profesora Asociada de Ciencias Pol\u00edticas en la Universidad de Newcastle. Sus intereses investigativos se centran en pol\u00edticas de identidad, por ejemplo: el efecto que tienen diferentes contextos en el comportamiento pol\u00edtico y las actitudes de las personas en relaci\u00f3n con perspectivas de raza y g\u00e9nero, as\u00ed como las predisposiciones psicol\u00f3gicas de los votantes para apoyar discursos populistas en democracias j\u00f3venes. Aguilar tambi\u00e9n est\u00e1 interesada en mejorar las medidas de las encuestas en actitudes pol\u00edticas, como la identificaci\u00f3n partidaria, en democracias j\u00f3venes.<\/p>\n<\/div>\n<\/div>\n\n\n\n<div class=\"wp-block-columns is-layout-flex wp-container-core-columns-is-layout-9d6595d7 wp-block-columns-is-layout-flex\">\n<div class=\"wp-block-column is-layout-flow wp-block-column-is-layout-flow\" style=\"flex-basis:33.33%\"><\/div>\n\n\n\n<div class=\"wp-block-column is-layout-flow wp-block-column-is-layout-flow\" style=\"flex-basis:66.66%\"><\/div>\n<\/div>\n\n\n<section class=\"c-section o-wrapper-padding\">\n  \n<section class=\"c-section__columns\">\n  \n\n<div class=\"wp-block-column is-layout-flow wp-block-column-is-layout-flow\"><\/div>\n\n\n\n<div class=\"wp-block-column is-layout-flow wp-block-column-is-layout-flow\"><\/div>\n\n\n<\/section>\n\n\n<\/section>\n<\/div>\n\n\n<\/section>\n\n\n<section class=\"c-section__column\">\n  \n\n\n<\/section>\n\n\n<\/section>\n\n\n","protected":false},"featured_media":16339,"comment_status":"open","ping_status":"closed","template":"","thematic-area":[191],"research-region":[99],"resource-type":[190,212],"country":[78],"class_list":["post-16385","resource","type-resource","status-publish","has-post-thumbnail","hentry","thematic-area-displacement-migration-integration","research-region-latin-america-and-the-caribbean","resource-type-priority-theme","resource-type-seminar-series","country-colombia"],"acf":[],"_links":{"self":[{"href":"https:\/\/egap.org\/es\/wp-json\/wp\/v2\/resource\/16385","targetHints":{"allow":["GET"]}}],"collection":[{"href":"https:\/\/egap.org\/es\/wp-json\/wp\/v2\/resource"}],"about":[{"href":"https:\/\/egap.org\/es\/wp-json\/wp\/v2\/types\/resource"}],"replies":[{"embeddable":true,"href":"https:\/\/egap.org\/es\/wp-json\/wp\/v2\/comments?post=16385"}],"version-history":[{"count":9,"href":"https:\/\/egap.org\/es\/wp-json\/wp\/v2\/resource\/16385\/revisions"}],"predecessor-version":[{"id":16511,"href":"https:\/\/egap.org\/es\/wp-json\/wp\/v2\/resource\/16385\/revisions\/16511"}],"wp:featuredmedia":[{"embeddable":true,"href":"https:\/\/egap.org\/es\/wp-json\/wp\/v2\/media\/16339"}],"wp:attachment":[{"href":"https:\/\/egap.org\/es\/wp-json\/wp\/v2\/media?parent=16385"}],"wp:term":[{"taxonomy":"thematic-area","embeddable":true,"href":"https:\/\/egap.org\/es\/wp-json\/wp\/v2\/thematic-area?post=16385"},{"taxonomy":"research-region","embeddable":true,"href":"https:\/\/egap.org\/es\/wp-json\/wp\/v2\/research-region?post=16385"},{"taxonomy":"resource-type","embeddable":true,"href":"https:\/\/egap.org\/es\/wp-json\/wp\/v2\/resource-type?post=16385"},{"taxonomy":"country","embeddable":true,"href":"https:\/\/egap.org\/es\/wp-json\/wp\/v2\/country?post=16385"}],"curies":[{"name":"wp","href":"https:\/\/api.w.org\/{rel}","templated":true}]}}