{"id":20802,"date":"2023-08-28T13:06:36","date_gmt":"2023-08-28T20:06:36","guid":{"rendered":"https:\/\/egap.org\/?post_type=project&#038;p=20802"},"modified":"2023-09-27T10:40:02","modified_gmt":"2023-09-27T17:40:02","slug":"reunion-del-hub-regional-de-egap-latinoamerica-ciudad-de-mexico-octubre-de-2023","status":"publish","type":"project","link":"https:\/\/egap.org\/es\/project\/reunion-del-hub-regional-de-egap-latinoamerica-ciudad-de-mexico-octubre-de-2023\/","title":{"rendered":"Reuni\u00f3n del Hub Regional de EGAP Latinoam\u00e9rica: Ciudad de M\u00e9xico, octubre 2023"},"content":{"rendered":"<section class=\"c-section o-wrapper-padding\">\n  \n<section class=\"c-section__column\">\n  \n<nav class=\"c-breadcrumbs u-fsz-smallest u-c-gray-dark\">\n  <\/nav>\n\n\n\n<\/section>\n\n\n<section class=\"c-section__columns is-resource-row is-header-row\">\n  \n\n<div class=\"wp-block-column is-vertically-aligned-bottom is-layout-flow wp-block-column-is-layout-flow\"><h1 class=\"c-page-title is-style-smaller o-h2\">\n  Reuni\u00f3n del Hub Regional de EGAP Latinoam\u00e9rica: Ciudad de M\u00e9xico, octubre 2023\n<\/h1>\n\n\n<\/div>\n\n\n\n<div class=\"wp-block-column is-vertically-aligned-bottom is-layout-flow wp-block-column-is-layout-flow\"><\/div>\n\n\n<\/section>\n\n\n<section class=\"c-section__columns\">\n  \n\n<div class=\"wp-block-column is-layout-flow wp-block-column-is-layout-flow\"><div class=\"c-buttons\">\n  \n<a class=\"c-buttons__item o-btn is-style-outline\" href=\"https:\/\/egap.org\/egap-meetings\/#past-meetings-&#038;-policy-events\" target=\"\" rel=\"\">\n  Ver todas las reuniones y eventos de pol\u00edticas de EGAP\n<\/a>\n\n\n<\/div>\n<\/div>\n\n\n\n<div class=\"wp-block-column is-layout-flow wp-block-column-is-layout-flow\">\n<p class=\"o-generic-links\"><strong>Fecha:<\/strong> Octobre 5 y 6 de 2023<br><strong>Host:<\/strong> <a href=\"https:\/\/egap.org\/member\/horacio-larreguy\/\" data-type=\"member\" data-id=\"522\">Horacio Larreguy<\/a> &amp; <a href=\"https:\/\/egap.org\/member\/mauricio-romero\/\" data-type=\"member\" data-id=\"4325\">Mauricio Romero<\/a>, ITAM<br><strong>Ubicaci\u00f3n<\/strong>: Ciudad de M\u00e9xico, M\u00e9xico <br><strong>Tema<\/strong>: Erosi\u00f3n democr\u00e1tica en Am\u00e9rica Latina  <\/p>\n\n\n\n<div style=\"height:20px\" aria-hidden=\"true\" class=\"wp-block-spacer\"><\/div>\n\n\n\n<figure class=\"wp-block-image size-full\"><img loading=\"lazy\" decoding=\"async\" width=\"776\" height=\"312\" src=\"https:\/\/egap.org\/wp-content\/uploads\/2023\/08\/1_resources-tile-photo-template-13.png\" alt=\"\" class=\"wp-image-20606\" srcset=\"https:\/\/egap.org\/wp-content\/uploads\/2023\/08\/1_resources-tile-photo-template-13.png 776w, https:\/\/egap.org\/wp-content\/uploads\/2023\/08\/1_resources-tile-photo-template-13-480x193.png 480w, https:\/\/egap.org\/wp-content\/uploads\/2023\/08\/1_resources-tile-photo-template-13-768x309.png 768w\" sizes=\"auto, (max-width: 776px) 100vw, 776px\" \/><\/figure>\n\n\n\n<div style=\"height:20px\" aria-hidden=\"true\" class=\"wp-block-spacer\"><\/div>\n\n\n\n<p class=\"o-generic-links\">EGAP en colaboraci\u00f3n con el Instituto Tecnol\u00f3gico Aut\u00f3nomo de M\u00e9xico (ITAM) organizar\u00e1 una reuni\u00f3n en ITAM los d\u00edas 6 y 7 de octubre de 2023. El equipo compuesto por los miembros de EGAP y codirectores del Hub Regional de Am\u00e9rica Latina, <a href=\"https:\/\/egap.org\/project\/egap-latin-america-regional-hub-meeting-mexico-city-october-2023\/#\">Leopoldo Fergusson<\/a> y <a href=\"https:\/\/egap.org\/project\/egap-latin-america-regional-hub-meeting-mexico-city-october-2023\/#\">Andr\u00e9s Moya<\/a>,&nbsp;junto con <a href=\"https:\/\/egap.org\/project\/egap-latin-america-regional-hub-meeting-mexico-city-october-2023\/#\">Horacio Larreguy<\/a>, profesor asociado de Econom\u00eda en ITAM y Ciencia Pol\u00edtica del ITAM, y <a href=\"https:\/\/egap.org\/project\/egap-latin-america-regional-hub-meeting-mexico-city-october-2023\/#\">Mauricio Romero<\/a>, profesor asistente de Econom\u00eda en ITAM, encabezar\u00e1 la organizaci\u00f3n del evento, que tendr\u00e1 como tema central la erosi\u00f3n democr\u00e1tica en Am\u00e9rica Latina.<\/p>\n\n\n\n\n\n<p class=\"o-generic-links\"><strong>Agenda<\/strong><\/p>\n\n\n\n<div style=\"height:20px\" aria-hidden=\"true\" class=\"wp-block-spacer\"><\/div>\n\n\n<div class=\"c-buttons\">\n  \n<a class=\"c-buttons__item o-btn\" href=\"docs.google.com\/document\/d\/1A2IA-crOjRGOGJAd2weIZAsxiEiQylyC\/edit\" target=\"\" rel=\"\">\n  Regional Meeting Agenda\n<\/a>\n\n\n<\/div>\n\n\n\n<div style=\"height:20px\" aria-hidden=\"true\" class=\"wp-block-spacer\"><\/div>\n\n\n\n<p class=\"o-generic-links\"><strong>Art\u00edculos y dise\u00f1os de investigaci\u00f3n<\/strong><\/p>\n\n\n\n<p class=\"o-generic-links\">Por favor, encuentre los documentos y dise\u00f1os de investigaci\u00f3n que se discutir\u00e1n durante la reuni\u00f3n <a href=\"https:\/\/egap.org\/papers-research-designs-2\/\">en este enlace<\/a> (los documentos est\u00e1n protegidos por contrase\u00f1a. Por favor, p\u00f3ngase en contacto con EGAP si usted es un participante de la reuni\u00f3n y no ha recibido la contrase\u00f1a).<\/p>\n\n\n\n<p class=\"o-generic-links\"><strong>Participantes<\/strong><\/p>\n\n\n\n<p class=\"o-generic-links\"><a href=\"https:\/\/egap.org\/member\/aru-foundation\/\">Alvaro Chirino<\/a> (Fundaci\u00f3n ARU)<br><a href=\"https:\/\/egap.org\/member\/u-s-department-of-state-bureau-of-democracy-human-rights-and-labor\/\">Alejandra Garc\u00eda D\u00edaz Villamil<\/a> (US State Department, Bureau of Democracy, Human Rights and Labor)<br><a href=\"https:\/\/iiresodh.org\/equipo\/\">Alexandra Esquivel<\/a> (Instituto Internacional de Responsabilidad Social y Derechos Humanos \u2013&nbsp;IIRESODH)<br><a href=\"https:\/\/www.albertosimpser.com\/\">Alberto Simpser<\/a> (Instituto Tecnol\u00f3gico Aut\u00f3nomo de M\u00e9xico)<br><a rel=\"noreferrer noopener\" href=\"https:\/\/psc.ua.edu\/people\/dr-amanda-edgell\/\" target=\"_blank\">Amanda Edgell<\/a> (Varieties of Democracy (V\u2013Dem) Institute)<br><a href=\"https:\/\/egap.org\/member\/ana-de-la-o\/\">Ana De La O<\/a> (Yale University)<br><a href=\"https:\/\/www.fundacionjusticia.org\/quienes-somos\/equipo\/\">Ana Lorena Delgadillo<\/a> (Fundaci\u00f3n para la Justicia y el Estado Democr\u00e1tico de Derecho)<br><a href=\"https:\/\/egap.org\/member\/andres-moya\/\">Andr\u00e9s Moya<\/a> (Universidad de Los Andes)<br><a href=\"https:\/\/www.opensocietyfoundations.org\/what-we-do\/regions\/america-latina-y-el-caribe\/es\">Andrea Carolina Guardo-Mart\u00ednez<\/a> (Open Society Foundations)<br><a href=\"https:\/\/www.elclip.org\/mucho-ruido-y-pocas-nueces-o-el-caso-odebrecht-en-colombia\/\">\u00c1ngela Cantador<\/a> (Centro Latinoamericano de Investigaci\u00f3n Period\u00edstica -CLIP)<br><a rel=\"noreferrer noopener\" href=\"https:\/\/annalicasanueva.com\/en\/\" target=\"_blank\">Annali Casanueva<\/a> (INRIA-Paris Research Center)<br><a href=\"https:\/\/facultad.itam.mx\/en\/facultad\/191162-antonellabandiera\">Antonella Bandiera<\/a> (Instituto Tecnol\u00f3gico Aut\u00f3nomo de M\u00e9xico)<br><a href=\"https:\/\/amparomarroquin.academia.edu\/\">Amparo Marroqu\u00edn<\/a> (Universidad Centroamericana Jos\u00e9 Sime\u00f3n Ca\u00f1as)<br><a href=\"https:\/\/egap.org\/member\/international-republican-institute\/\">Bret Barrowman<\/a> (International Republican Institute)<br><a href=\"https:\/\/egap.org\/member\/inter-american-development-bank\/\">Carlos Scartascini<\/a> (Inter-American Development Bank)<br><a href=\"https:\/\/www.wola.org\/people\/carolina-jimenez-sandoval\/\">Carolina Jim\u00e9nez-Sandoval<\/a> (Washington Office on Latin America, WOLA)<br><a href=\"https:\/\/iiresodh.org\/equipo\/\">Cesar Maslub<\/a> (Instituto Internacional de Responsabilidad Social y Derechos Humanos \u2013&nbsp;IIRESODH)<br><a href=\"https:\/\/www.vwi.unibe.ch\/ueber_uns\/personen\/coccia_carla\/index_ger.html\">Carla Coccia<\/a> (Universit\u00e4t Bern)<br><a href=\"https:\/\/egap.org\/member\/cesi-cruz\/\">Cesi Cruz<\/a> (University of California, Los Angeles)<br><a href=\"https:\/\/www.oecd.org\/\" data-type=\"link\" data-id=\"https:\/\/www.oecd.org\/\">Claire Mc Voy<\/a> (Organisation for Economic Co-operation and Development -OECD-)<br><a href=\"https:\/\/www.redescordiais.org.br\/\">Clara Becker<\/a> (Redes Cordiais)<br><a href=\"https:\/\/egap.org\/project\/egap-priority-theme-meeting-mexico-city-october-2023\/#\">Christopher Grady<\/a>&nbsp;(USAID, Center for Democracy, Human Rights, and Governance)&nbsp;<br><a href=\"https:\/\/egap.org\/member\/cyrus-samii\/\">Cyrus Samii<\/a> (New York University)<br><a href=\"https:\/\/www.plazapublica.com.gt\/users\/daniel-haering\">Daniel Hearing<\/a> (Di\u00e1logos)<br><a href=\"https:\/\/egap.org\/member\/daniel-rubenson\/\">Daniel Rubenson<\/a> (Toronto Metropolitan University)<br><a href=\"https:\/\/newmedia.ufm.edu\/autor\/edipcia-dubon\/\">Edipcia Dub\u00f3n<\/a> (Puentes para el Desarrollo)<br><a rel=\"noreferrer noopener\" href=\"https:\/\/mx.linkedin.com\/in\/georgina-rangel-coronel-b74b74211\/en\" target=\"_blank\">Georgina Rangel<\/a> (USAID, Mexico)<br><a href=\"https:\/\/redlad.org\/organos-de-gobierno\/\">Gina Romero<\/a> (La Red Latinoamericana y del Caribe para la Democracia)<br><a href=\"https:\/\/egap.org\/member\/horacio-larreguy\/\">Horacio Larreguy<\/a> (Instituto Tecnol\u00f3gico Aut\u00f3nomo de M\u00e9xico)<br><a href=\"https:\/\/egap.org\/member\/jessica-gottlieb\/\">Jessica Gottlieb<\/a> (University of Houston)<br><a href=\"https:\/\/egap.org\/member\/jake-bowers\/\">Jake Bowers<\/a> (University of Illinois at Urbana-Champaign)<br><a href=\"https:\/\/egap.org\/member\/jorge-gallego\/\">Jorge Gallego<\/a> (Universidad del Rosario)<br><a href=\"https:\/\/www.elclip.org\/quienes-somos\/\">Jos\u00e9 Luis Pe\u00f1arredonda<\/a> (Centro Latinoamericano de Investigaci\u00f3n Period\u00edstica -CLIP)<br><a href=\"https:\/\/scholar.harvard.edu\/enriquez\">Jos\u00e9 Ram\u00f3n Enr\u00edquez<\/a> (Harvard University)<br><a href=\"https:\/\/www.linkedin.com\/in\/jos%C3%A9-luis-sanz-52a32a38\">Jos\u00e9 Sanz<\/a> (El Faro)<br><a href=\"https:\/\/www.civicus.org\/index.php\/who-we-are\/staff\">Julieta Zurbrigg<\/a> (CIVICUS Monitor)<br><a rel=\"noreferrer noopener\" href=\"https:\/\/itsrio.org\/en\/en-home\/\" target=\"_blank\">Karina Santos<\/a> (The Institute for Technology &amp; Society of Rio)<br><a href=\"https:\/\/egap.org\/member\/leopoldo-fergusson\/\">Leopoldo Fergusson<\/a> (Universidad de Los Andes)<br><a rel=\"noreferrer noopener\" href=\"https:\/\/my.vanderbilt.edu\/zechmeister\/\" target=\"_blank\">Liz Zechmeister <\/a>(Vanderbilt University)<br><a href=\"https:\/\/egap.org\/member\/luis-maldonado\/\">Luis Maldonado<\/a> (Pontificia Universidad Catolica of Chile)<br><a href=\"https:\/\/premioggm.org\/persona\/luz-mely-reyes\/\">Luz Mely Reyes<\/a> (Efecto Cocuyo)<br><a rel=\"noreferrer noopener\" href=\"https:\/\/mark-williamson.github.io\/\" target=\"_blank\">Mark Williamson<\/a> (New York University)<br><a href=\"https:\/\/egap.org\/member\/mathias-poertner\/\">Mathias Poertner<\/a> (London School of Economics and Political Science)<br><a href=\"https:\/\/worldjusticeproject.org\/world-justice-forum-2022\/marianna-belalba-barreto\">Marianna Belalba<\/a> (CIVICUS Monitor)<br><a href=\"https:\/\/egap.org\/member\/mauricio-romero\/\">Mauricio Romero<\/a> (Instituto Tecnol\u00f3gico Aut\u00f3nomo de M\u00e9xico)<br><a rel=\"noreferrer noopener\" href=\"https:\/\/politicalscience.yale.edu\/people\/milan-svolik\" target=\"_blank\">Milan Svolik<\/a> (Yale University)<br><a href=\"https:\/\/egap.org\/member\/miriam-golden\/\">Miriam Golden<\/a> (European University Institute)<br><a href=\"https:\/\/egap.org\/member\/nara-de-carvalho-pavao\/\">Nara de Carvalho Pav\u00e3o<\/a> (Federal University of Pernambuco)<br><a href=\"https:\/\/egap.org\/member\/natalia-bueno\/\">Natalia Bueno<\/a>&nbsp;(Emory University)<br><a href=\"https:\/\/www.nataliagarbirasdiaz.com\/\">Natalia Garbiras-D\u00edaz<\/a> (Harvard Business School)<br><a href=\"https:\/\/egap.org\/member\/pablo-querubin\/\">Pablo Querub\u00edn<\/a> (New York University)<br><a href=\"https:\/\/provea.org\/tag\/rafael-uzcategui-en\/\">Rafael Uzc\u00e1tegui<\/a> (Venezuelan Program for Education and Action on Human Rights, Provea)<br><a href=\"https:\/\/egap.org\/member\/rebecca-wolfe\/\">Rebecca Wolfe<\/a> (University of Chicago) &nbsp;<br><a rel=\"noreferrer noopener\" href=\"https:\/\/fas-polisci.rutgers.edu\/kaufman\/\" target=\"_blank\">Robert Kaufman<\/a> (Rutgers, the State University of New Jersey)<br><a href=\"https:\/\/www.linkedin.com\/in\/rosa-in%C3%A9s-floriano-carrera-51a023134\/?originalSubdomain=co\">Rosa Floriano<\/a> (Instituto Interamericano por la Paz y la Reconciliaci\u00f3n INSPyRE)<br><a rel=\"noreferrer noopener\" href=\"https:\/\/sandraley.net\/\" target=\"_blank\">Sandra Ley<\/a> (M\u00e9xico Eval\u00faa)<\/p>\n\n\n\n<figure class=\"wp-block-image size-full\"><img loading=\"lazy\" decoding=\"async\" width=\"776\" height=\"312\" src=\"https:\/\/egap.org\/wp-content\/uploads\/2023\/08\/1_resources-tile-photo-template-16-2.png\" alt=\"\" class=\"wp-image-20688\" srcset=\"https:\/\/egap.org\/wp-content\/uploads\/2023\/08\/1_resources-tile-photo-template-16-2.png 776w, https:\/\/egap.org\/wp-content\/uploads\/2023\/08\/1_resources-tile-photo-template-16-2-480x193.png 480w, https:\/\/egap.org\/wp-content\/uploads\/2023\/08\/1_resources-tile-photo-template-16-2-768x309.png 768w\" sizes=\"auto, (max-width: 776px) 100vw, 776px\" \/><\/figure>\n<\/div>\n\n\n<\/section>\n\n\n<\/section>\n\n\n","protected":false},"featured_media":20617,"comment_status":"closed","ping_status":"closed","template":"","country":[40],"class_list":["post-20802","project","type-project","status-publish","has-post-thumbnail","hentry","country-mexico"],"acf":[],"_links":{"self":[{"href":"https:\/\/egap.org\/es\/wp-json\/wp\/v2\/project\/20802","targetHints":{"allow":["GET"]}}],"collection":[{"href":"https:\/\/egap.org\/es\/wp-json\/wp\/v2\/project"}],"about":[{"href":"https:\/\/egap.org\/es\/wp-json\/wp\/v2\/types\/project"}],"replies":[{"embeddable":true,"href":"https:\/\/egap.org\/es\/wp-json\/wp\/v2\/comments?post=20802"}],"version-history":[{"count":13,"href":"https:\/\/egap.org\/es\/wp-json\/wp\/v2\/project\/20802\/revisions"}],"predecessor-version":[{"id":21051,"href":"https:\/\/egap.org\/es\/wp-json\/wp\/v2\/project\/20802\/revisions\/21051"}],"wp:featuredmedia":[{"embeddable":true,"href":"https:\/\/egap.org\/es\/wp-json\/wp\/v2\/media\/20617"}],"wp:attachment":[{"href":"https:\/\/egap.org\/es\/wp-json\/wp\/v2\/media?parent=20802"}],"wp:term":[{"taxonomy":"country","embeddable":true,"href":"https:\/\/egap.org\/es\/wp-json\/wp\/v2\/country?post=20802"}],"curies":[{"name":"wp","href":"https:\/\/api.w.org\/{rel}","templated":true}]}}