{"id":17208,"date":"2022-08-05T09:46:18","date_gmt":"2022-08-05T16:46:18","guid":{"rendered":"https:\/\/egap.org\/?post_type=project&#038;p=17208"},"modified":"2022-08-05T11:13:13","modified_gmt":"2022-08-05T18:13:13","slug":"learning-days-11-taller-hub-regional-latinoamerica","status":"publish","type":"project","link":"https:\/\/egap.org\/es\/project\/learning-days-11-taller-hub-regional-latinoamerica\/","title":{"rendered":"Learning Days 11: Taller del Hub Regional en Latinoam\u00e9rica"},"content":{"rendered":"<section class=\"c-section o-wrapper-padding\">\n  \n<section class=\"c-section__column\">\n  \n<nav class=\"c-breadcrumbs u-fsz-smallest u-c-gray-dark\">\n  <\/nav>\n\n\n\n<\/section>\n\n\n<section class=\"c-section__columns is-resource-row is-header-row\">\n  \n\n<div class=\"wp-block-column is-vertically-aligned-bottom is-layout-flow wp-block-column-is-layout-flow\"><h1 class=\"c-page-title is-style-smaller o-h2\">\n  Learning Days 11: Taller del Hub Regional en Latinoam\u00e9rica\n<\/h1>\n\n\n\n<p class=\"o-generic-links\"><a href=\"https:\/\/egap.org\/project\/learning-days-11-latam-hub-rosario\/\">In English<\/a><\/p>\n<\/div>\n\n\n\n<div class=\"wp-block-column is-vertically-aligned-bottom is-layout-flow wp-block-column-is-layout-flow\"><\/div>\n\n\n<\/section>\n\n\n<section class=\"c-section__columns\">\n  \n\n<div class=\"wp-block-column is-layout-flow wp-block-column-is-layout-flow\"><div class=\"c-buttons\">\n  \n<a class=\"c-buttons__item o-btn is-style-outline\" href=\"https:\/\/egap.org\/learning-days\/\" target=\"\" rel=\"\">\n  Ver todos los talleres de Learning Days\n<\/a>\n\n\n<\/div>\n<\/div>\n\n\n\n<div class=\"wp-block-column is-layout-flow wp-block-column-is-layout-flow\">\n<p class=\"has-text-align-center o-generic-links\">Organizado por Universidad de los Andes, sede del Hub Regional en Latinoam\u00e9rica de la red Evidencia en Gobernanza y Pol\u00edtica (EGAP), junto con la Universidad del Rosario, como instituci\u00f3n anfitriona<\/p>\n\n\n\n<p class=\"has-text-align-center o-generic-links\">Nov. 28 \u2013 Dic. 02, 2022<\/p>\n\n\n\n<p class=\"has-text-align-center o-generic-links\">Bogot\u00e1, Colombia<\/p>\n\n\n\n<figure class=\"wp-block-image size-large\"><img loading=\"lazy\" decoding=\"async\" width=\"2560\" height=\"1707\" src=\"https:\/\/egap.org\/wp-content\/uploads\/2022\/08\/group_picture2-scaled.jpg\" alt=\"\" class=\"wp-image-17179\" srcset=\"https:\/\/egap.org\/wp-content\/uploads\/2022\/08\/group_picture2-scaled.jpg 2560w, https:\/\/egap.org\/wp-content\/uploads\/2022\/08\/group_picture2-480x320.jpg 480w, https:\/\/egap.org\/wp-content\/uploads\/2022\/08\/group_picture2-1024x683.jpg 1024w, https:\/\/egap.org\/wp-content\/uploads\/2022\/08\/group_picture2-768x512.jpg 768w, https:\/\/egap.org\/wp-content\/uploads\/2022\/08\/group_picture2-1536x1024.jpg 1536w, https:\/\/egap.org\/wp-content\/uploads\/2022\/08\/group_picture2-2048x1365.jpg 2048w, https:\/\/egap.org\/wp-content\/uploads\/2022\/08\/group_picture2-1366x911.jpg 1366w, https:\/\/egap.org\/wp-content\/uploads\/2022\/08\/group_picture2-1920x1280.jpg 1920w\" sizes=\"auto, (max-width: 2560px) 100vw, 2560px\" \/><figcaption>Taller Learning Days 2019, Universidad de los Andes, Bogot\u00e1, Colombia<\/figcaption><\/figure>\n\n\n\n<p class=\"o-generic-links\">El Hub Regional de EGAP en Latinoam\u00e9rica, con sede en la Universidad de los Andes, realizar\u00e1 un taller de D\u00edas de Aprendizaje en Bogot\u00e1, en alianza con la Universidad del Rosario como instituci\u00f3n anfitriona, del lunes 28 de noviembre al viernes 2 de diciembre de 2022. Este taller intensivo de 5 d\u00edas tiene como objetivo desarrollar la familiaridad de los participantes con la inferencia causal en el marco de evaluaciones de impacto desde un enfoque cuantitativo.&nbsp;<\/p>\n\n\n\n<p class=\"o-generic-links\">Este taller est\u00e1 dirigido a acad\u00e9micos, investigadores y profesionales en Am\u00e9rica Latina que trabajan en organizaciones acad\u00e9micas, gubernamentales y no gubernamentales que analizan temas relacionados con gobernanza, pol\u00edtica y desarrollo.&nbsp;<\/p>\n\n\n\n<p class=\"o-generic-links\">El taller ser\u00e1 el espa\u00f1ol.<\/p>\n\n\n\n<p class=\"o-generic-links\">En este <a href=\"https:\/\/egap.org\/wp-content\/uploads\/2020\/05\/egap_learningdays_colombia_agenda.pdf\">enlace<\/a> se encuentra un ejemplo de agenda del Taller<\/p>\n\n\n\n<p class=\"o-generic-links\"><a href=\"https:\/\/egap.org\/learning-days\/\">Aqu\u00ed <\/a>m\u00e1s informaci\u00f3n sobre los Talleres D\u00edas de Aprendizaje previos.&nbsp;<\/p>\n\n\n\n<p class=\"o-generic-links\">EGAP cubrir\u00e1 los costos (de una persona por proyecto\/propuesta) de transporte hacia y desde el lugar del taller, as\u00ed como tambi\u00e9n el alojamiento con desayuno incluido de los participantes de fuera de Bogot\u00e1, almuerzos\/refrigerios durante taller y una cena con todo el equipo. En caso de ser seleccionado, cada participante debe llegar antes de la ma\u00f1ana del lunes 28 de noviembre de 2022 y asistir a todas las sesiones hasta la noche del viernes 2 de diciembre de 2022.<\/p>\n\n\n\n<p class=\"o-generic-links\">Para ser elegible, los interesados deben que cumplir los siguientes requisitos:<\/p>\n\n\n\n<ul class=\"wp-block-list o-generic-links\"><li>Estar radicado en alg\u00fan pa\u00eds de Am\u00e9rica Latina actualmente y estar vinculado formalmente a una universidad, entidad gubernamental u organizaci\u00f3n de la sociedad civil.<\/li><li>Tener una idea de investigaci\u00f3n de evaluaci\u00f3n o estar en las primeras etapas de un proyecto que tenga como objetivo examinar el impacto de un problema social en Am\u00e9rica Latina.<\/li><li>Tener formaci\u00f3n previa en ciencias sociales (como: ciencias pol\u00edticas, econom\u00eda, administraci\u00f3n p\u00fablica, y dem\u00e1s disciplinas afines). Invitamos especialmente a personas que utilicen principalmente m\u00e9todos cualitativos, que est\u00e9n interesados y\/o familiarizados con investigaci\u00f3n cuantitativa a que env\u00eden su aplicaci\u00f3n.<\/li><li>Tener conocimientos b\u00e1sicos de estad\u00edstica (estad\u00edstica descriptiva). Adicionalmente, contar con algo de familiaridad previa con software estad\u00edstico es una ventaja, idealmente R, aunque no es necesariamente un requisito.<\/li><li>Tener disponibilidad para participar completamente en todas las actividades del taller de manera presencial, durante toda la semana (todo el d\u00eda).<\/li><li>Estar completamente vacunado contra el COVID-19 seg\u00fan lo establece la Pol\u00edtica de Vacunaci\u00f3n para Eventos Presenciales de EGAP (disponible en: https:\/\/egap.org\/covid-19-vaccination-policy\/) y todas las pol\u00edticas nacionales, locales y de la instituci\u00f3n anfitriona que se encuentren activas en el momento del taller.<\/li><\/ul>\n\n\n\n<p class=\"o-generic-links\">El taller ser\u00e1 en espa\u00f1ol. Cubrir\u00e1 conceptos y herramientas para evaluaciones de impacto a trav\u00e9s de intervenciones aleatorizadas, ejercicios estad\u00edsticos en R, asesor\u00edas individuales para que los participantes fortalezcan sus propios dise\u00f1os de investigaci\u00f3n. Los temas clave incluyen: inferencia causal, aleatorizaci\u00f3n, estimaci\u00f3n y prueba de hip\u00f3tesis, entre otros. Se espera que los solicitantes aceptados desarrollen un ejercicio preparatorio antes de llegar al taller. El equipo de instructores incluye destacados expertos en investigaci\u00f3n experimental como: <a href=\"http:\/\/www.jakebowers.org\/\">Jake Bowers<\/a>,<a href=\"https:\/\/www.juliaseither.org\/\"> Julia Seither,<\/a><a href=\"https:\/\/sites.google.com\/site\/juanfvargas\/\">Juan Vargas, <\/a><a href=\"https:\/\/www.nataliagarbirasdiaz.com\/\">Natalia Garbiras<\/a>, <a href=\"https:\/\/www.laajaj.com\/\">Rachid Lajaaj<\/a>, y <a href=\"https:\/\/ucu.edu.uy\/es\/rafael-pineiro#.VA27CfldW2o\">Rafael Pi\u00f1eiro.<\/a><\/p>\n\n\n\n<p class=\"o-generic-links\">Para aplicar como participante del taller, por favor diligencie este <a href=\"https:\/\/forms.gle\/n3bJ5SRE4NQTZmzU8\">formulario<\/a>.<\/p>\n\n\n\n<p class=\"o-generic-links\">Cierre de la convocatoria: <strong>31 de agosto de 2022<\/strong>. Para cualquier consulta, por favor comunicarse con: <a href=\"mailto:egap_latam@uniandes.edu.co\">egap_latam@uniandes.edu.co<\/a><\/p>\n\n\n\n<h5 class=\"wp-block-heading\"><strong>\u00bfC\u00f3mo aplicar?<\/strong><\/h5>\n\n\n\n<p class=\"o-generic-links\">Las aplicaciones est\u00e1n actualmente abiertas. Para aplicar, por favor <a href=\"https:\/\/forms.gle\/AB674nCcMf6MRGup6\">visite esta p\u00e1gina<\/a> y diligencie el formulario de aplicaci\u00f3n, recuerde incluir su CV. Tenga en cuenta que las solicitudes no se considerar\u00e1n completas si no se adjunta un CV. <strong>Cierre de la convocatoria: mi\u00e9rcoles 31 de agosto de 2022.<\/strong> Para cualquier pregunta, por favor comun\u00edquese con: egap_latam@uniandes.edu.co<\/p>\n\n\n\n<h5 class=\"wp-block-heading\"><strong>Pol\u00edtica de vacunaci\u00f3n<\/strong><\/h5>\n\n\n\n<p class=\"o-generic-links\">Todos los participantes e instructores deben cumplir con los requisitos de la pol\u00edtica de vacunaci\u00f3n COVID de EGAP para eventos presenciales. <a href=\"https:\/\/egap.org\/covid-19-vaccination-policy\/\">Haga click aqu\u00ed para conocer la Pol\u00edtica de Vacunaci\u00f3n<\/a>.<\/p>\n<\/div>\n\n\n<\/section>\n\n\n<\/section>\n","protected":false},"featured_media":0,"comment_status":"closed","ping_status":"closed","template":"","country":[],"class_list":["post-17208","project","type-project","status-publish","hentry"],"acf":[],"_links":{"self":[{"href":"https:\/\/egap.org\/es\/wp-json\/wp\/v2\/project\/17208","targetHints":{"allow":["GET"]}}],"collection":[{"href":"https:\/\/egap.org\/es\/wp-json\/wp\/v2\/project"}],"about":[{"href":"https:\/\/egap.org\/es\/wp-json\/wp\/v2\/types\/project"}],"replies":[{"embeddable":true,"href":"https:\/\/egap.org\/es\/wp-json\/wp\/v2\/comments?post=17208"}],"version-history":[{"count":4,"href":"https:\/\/egap.org\/es\/wp-json\/wp\/v2\/project\/17208\/revisions"}],"predecessor-version":[{"id":17215,"href":"https:\/\/egap.org\/es\/wp-json\/wp\/v2\/project\/17208\/revisions\/17215"}],"wp:attachment":[{"href":"https:\/\/egap.org\/es\/wp-json\/wp\/v2\/media?parent=17208"}],"wp:term":[{"taxonomy":"country","embeddable":true,"href":"https:\/\/egap.org\/es\/wp-json\/wp\/v2\/country?post=17208"}],"curies":[{"name":"wp","href":"https:\/\/api.w.org\/{rel}","templated":true}]}}